{"id":61935,"date":"2024-07-02T09:03:10","date_gmt":"2024-07-02T07:03:10","guid":{"rendered":"https:\/\/www.ceespv.org\/evento\/uned-cursos-de-verano-la-educacion-de-los-menores-de-edad-un-reto-de-pluralidad-y-colaboracion-interinstitucional-para-nuestra-sociedad\/"},"modified":"2024-07-02T11:54:50","modified_gmt":"2024-07-02T09:54:50","slug":"uned-cursos-de-verano-la-educacion-de-los-menores-de-edad-un-reto-de-pluralidad-y-colaboracion-interinstitucional-para-nuestra-sociedad","status":"publish","type":"tribe_events","link":"https:\/\/www.ceespv.org\/eu\/evento\/uned-cursos-de-verano-la-educacion-de-los-menores-de-edad-un-reto-de-pluralidad-y-colaboracion-interinstitucional-para-nuestra-sociedad\/","title":{"rendered":"UNEDeko Udako Ikastaroak: \u00abLa educaci\u00f3n de los menores de edad, un reto de pluralidad y colaboraci\u00f3n interinstitucional para nuestra sociedad\u00bb"},"content":{"rendered":"<p>El curso pretende ser un espacio de di\u00e1logo y aprendizaje sobre un tema de gran impacto en la sociedad contempor\u00e1nea: la infancia y su educaci\u00f3n en variedad de contextos: formales, informales y no formales.<\/p>\n<p>\u00bfQu\u00e9 entendemos por la acepci\u00f3n de &#8220;menor&#8221;? \u00bfA qui\u00e9n\/qui\u00e9nes nos imaginamos cuando escuchamos o leemos sobre &#8220;menores&#8221;? \u00bfCu\u00e1l es el rol de la comunidad educativa\/no educativa en la educaci\u00f3n de los menores? \u00bfQu\u00e9 experiencias de \u00e9xito se conocen sobre actuaciones educativas formales, informales y no formales con la educaci\u00f3n de infantes y adolescentes? C\u00f3mo beneficia\/contribuye\/perjudica la sociedad digital a la educaci\u00f3n de la infancia? \u00bf Qu\u00e9 conocemos sobre la acepci\u00f3n y la educaci\u00f3n del menor en otras latitudes m\u00e1s all\u00e1 de Espa\u00f1a o Europa? \u00bfCu\u00e1les son las dificultades y posibilidades de acci\u00f3n con las que se encuentran? \u00bfCu\u00e1les ser\u00edan las l\u00edneas de acci\u00f3n que se podr\u00edan establecer para la protecci\u00f3n y el acompa\u00f1amiento durante la infancia y adolescencia? \u00bfCu\u00e1l\/Cu\u00e1les ser\u00edan las estrategias de actuaci\u00f3n que se demandan a las instituciones para que respondan de forma integral a las necesidades que presenta este colectivo en la sociedad actual?<\/p>\n<p>Son interrogantes que nos hemos planteado para organizar un curso de verano con amplitud de miras en un horizonte desdibujado, en el que se observa variedad de miradas, mezcla e indefinici\u00f3n de actuaciones. Durante tres d\u00edas se lanza una invitaci\u00f3n a la ciudadan\u00eda para escuchar, reflexionar y actuar.<\/p>\n<div class=\"directores\">Direcci\u00f3n: <b><strong>Ana Mar\u00eda Mart\u00edn Cuadrado<\/strong><\/b><br \/>\nCoordinaci\u00f3n: <b><strong>Lourdes Menacho Vega<\/strong><\/b><\/div>\n<div id=\"proponen\">Propone: <strong>Departamento de Did\u00e1ctica, Organizaci\u00f3n Escolar y Did\u00e1cticas Especiales<\/strong><\/div>\n<div><\/div>\n<p><strong>Sede organizadora: <\/strong><strong><a href=\"https:\/\/extension.uned.es\/&amp;tiempo=0&amp;tipologia_curso=Cursos%20de%20Verano%20UNED&amp;idcentro=3\" target=\"_blank\" rel=\"noopener\">UNED Cantabria<\/a><\/strong><strong><br \/>\nSede de celebraci\u00f3n:<\/strong><strong><a href=\"https:\/\/extension.uned.es\/&amp;tiempo=0&amp;tipologia_curso=Cursos%20de%20Verano%20UNED&amp;celebracion=Torrelavega\">Torrelavega<\/a><\/strong><strong><br \/>\nDel 15 al 17 de julio de 2024<br \/>\nEspacios en los que se desarrolla:<\/strong> <strong>I.E.S. Zapat\u00f3n. Avenida de la Constituci\u00f3n, n\u00fam. 7. CP. 39300. Torrelavega (Cantabria)<\/strong><\/p>\n<p><strong>Puedes elegir la asistencia presencial o la asistencia online en directo o en diferido.<\/strong><\/p>\n<p><strong>Accede a toda la informaci\u00f3n <a href=\"https:\/\/extension.uned.es\/actividad\/36117&amp;codigo=39\" target=\"_blank\" rel=\"noopener\">aqu\u00ed<\/a><\/strong><\/p>\n","protected":false},"excerpt":{"rendered":"<p>El curso pretende ser un espacio de di\u00e1logo y aprendizaje sobre un tema de gran impacto en la sociedad contempor\u00e1nea: la infancia y su educaci\u00f3n en variedad de contextos: formales, informales y no formales.<\/p>\n","protected":false},"author":1,"featured_media":61924,"template":"","meta":{"_monsterinsights_skip_tracking":false,"_monsterinsights_sitenote_active":false,"_monsterinsights_sitenote_note":"","_monsterinsights_sitenote_category":0,"_tribe_events_status":"","_tribe_events_status_reason":"","footnotes":""},"tags":[],"tribe_events_cat":[245],"class_list":["post-61935","tribe_events","type-tribe_events","status-publish","has-post-thumbnail","hentry","tribe_events_cat-cursos-eu","cat_cursos-eu","description-off"],"yoast_head":"<!-- This site is optimized with the Yoast SEO plugin v27.5 - https:\/\/yoast.com\/product\/yoast-seo-wordpress\/ -->\n<title>UNEDeko Udako Ikastaroak: \u00abLa educaci\u00f3n de los menores de edad, un reto de pluralidad y colaboraci\u00f3n interinstitucional para nuestra sociedad\u00bb - CEESPV-GHEE<\/title>\n<meta name=\"robots\" content=\"index, follow, max-snippet:-1, max-image-preview:large, max-video-preview:-1\" \/>\n<link rel=\"canonical\" href=\"https:\/\/www.ceespv.org\/eu\/evento\/uned-cursos-de-verano-la-educacion-de-los-menores-de-edad-un-reto-de-pluralidad-y-colaboracion-interinstitucional-para-nuestra-sociedad\/\" \/>\n<meta property=\"og:locale\" content=\"eu_ES\" \/>\n<meta property=\"og:type\" content=\"article\" \/>\n<meta property=\"og:title\" content=\"UNEDeko Udako Ikastaroak: \u00abLa educaci\u00f3n de los menores de edad, un reto de pluralidad y colaboraci\u00f3n interinstitucional para nuestra sociedad\u00bb - CEESPV-GHEE\" \/>\n<meta property=\"og:description\" content=\"El curso pretende ser un espacio de di\u00e1logo y aprendizaje sobre un tema de gran impacto en la sociedad contempor\u00e1nea: la infancia y su educaci\u00f3n en variedad de contextos: formales, informales y no formales.\" \/>\n<meta property=\"og:url\" content=\"https:\/\/www.ceespv.org\/eu\/evento\/uned-cursos-de-verano-la-educacion-de-los-menores-de-edad-un-reto-de-pluralidad-y-colaboracion-interinstitucional-para-nuestra-sociedad\/\" \/>\n<meta property=\"og:site_name\" content=\"CEESPV-GHEE\" \/>\n<meta property=\"article:publisher\" content=\"https:\/\/www.facebook.com\/CEESPV\" \/>\n<meta property=\"article:modified_time\" content=\"2024-07-02T09:54:50+00:00\" \/>\n<meta property=\"og:image\" content=\"https:\/\/www.ceespv.org\/wp-content\/uploads\/2024\/07\/CURSO-VERANO-UNED.jpg\" \/>\n\t<meta property=\"og:image:width\" content=\"1200\" \/>\n\t<meta property=\"og:image:height\" content=\"1697\" \/>\n\t<meta property=\"og:image:type\" content=\"image\/jpeg\" \/>\n<meta name=\"twitter:card\" content=\"summary_large_image\" \/>\n<meta name=\"twitter:site\" content=\"@CEESPV\" \/>\n<meta name=\"twitter:label1\" content=\"Est. reading time\" \/>\n\t<meta name=\"twitter:data1\" content=\"2 minutes\" \/>\n<script type=\"application\/ld+json\" class=\"yoast-schema-graph\">{\"@context\":\"https:\\\/\\\/schema.org\",\"@graph\":[{\"@type\":\"WebPage\",\"@id\":\"https:\\\/\\\/www.ceespv.org\\\/eu\\\/evento\\\/uned-cursos-de-verano-la-educacion-de-los-menores-de-edad-un-reto-de-pluralidad-y-colaboracion-interinstitucional-para-nuestra-sociedad\\\/\",\"url\":\"https:\\\/\\\/www.ceespv.org\\\/eu\\\/evento\\\/uned-cursos-de-verano-la-educacion-de-los-menores-de-edad-un-reto-de-pluralidad-y-colaboracion-interinstitucional-para-nuestra-sociedad\\\/\",\"name\":\"UNEDeko Udako Ikastaroak: \u00abLa educaci\u00f3n de los menores de edad, un reto de pluralidad y colaboraci\u00f3n interinstitucional para nuestra sociedad\u00bb - CEESPV-GHEE\",\"isPartOf\":{\"@id\":\"https:\\\/\\\/www.ceespv.org\\\/eu\\\/#website\"},\"primaryImageOfPage\":{\"@id\":\"https:\\\/\\\/www.ceespv.org\\\/eu\\\/evento\\\/uned-cursos-de-verano-la-educacion-de-los-menores-de-edad-un-reto-de-pluralidad-y-colaboracion-interinstitucional-para-nuestra-sociedad\\\/#primaryimage\"},\"image\":{\"@id\":\"https:\\\/\\\/www.ceespv.org\\\/eu\\\/evento\\\/uned-cursos-de-verano-la-educacion-de-los-menores-de-edad-un-reto-de-pluralidad-y-colaboracion-interinstitucional-para-nuestra-sociedad\\\/#primaryimage\"},\"thumbnailUrl\":\"https:\\\/\\\/www.ceespv.org\\\/wp-content\\\/uploads\\\/2024\\\/07\\\/CURSO-VERANO-UNED.jpg\",\"datePublished\":\"2024-07-02T07:03:10+00:00\",\"dateModified\":\"2024-07-02T09:54:50+00:00\",\"breadcrumb\":{\"@id\":\"https:\\\/\\\/www.ceespv.org\\\/eu\\\/evento\\\/uned-cursos-de-verano-la-educacion-de-los-menores-de-edad-un-reto-de-pluralidad-y-colaboracion-interinstitucional-para-nuestra-sociedad\\\/#breadcrumb\"},\"inLanguage\":\"eu-ES\",\"potentialAction\":[{\"@type\":\"ReadAction\",\"target\":[\"https:\\\/\\\/www.ceespv.org\\\/eu\\\/evento\\\/uned-cursos-de-verano-la-educacion-de-los-menores-de-edad-un-reto-de-pluralidad-y-colaboracion-interinstitucional-para-nuestra-sociedad\\\/\"]}]},{\"@type\":\"ImageObject\",\"inLanguage\":\"eu-ES\",\"@id\":\"https:\\\/\\\/www.ceespv.org\\\/eu\\\/evento\\\/uned-cursos-de-verano-la-educacion-de-los-menores-de-edad-un-reto-de-pluralidad-y-colaboracion-interinstitucional-para-nuestra-sociedad\\\/#primaryimage\",\"url\":\"https:\\\/\\\/www.ceespv.org\\\/wp-content\\\/uploads\\\/2024\\\/07\\\/CURSO-VERANO-UNED.jpg\",\"contentUrl\":\"https:\\\/\\\/www.ceespv.org\\\/wp-content\\\/uploads\\\/2024\\\/07\\\/CURSO-VERANO-UNED.jpg\",\"width\":1200,\"height\":1697,\"caption\":\"CURSO-VERANO-UNED\"},{\"@type\":\"BreadcrumbList\",\"@id\":\"https:\\\/\\\/www.ceespv.org\\\/eu\\\/evento\\\/uned-cursos-de-verano-la-educacion-de-los-menores-de-edad-un-reto-de-pluralidad-y-colaboracion-interinstitucional-para-nuestra-sociedad\\\/#breadcrumb\",\"itemListElement\":[{\"@type\":\"ListItem\",\"position\":1,\"name\":\"Portada\",\"item\":\"https:\\\/\\\/www.ceespv.org\\\/eu\\\/portada\\\/\"},{\"@type\":\"ListItem\",\"position\":2,\"name\":\"Gertaerak\",\"item\":\"https:\\\/\\\/www.ceespv.org\\\/eu\\\/eventos\\\/\"},{\"@type\":\"ListItem\",\"position\":3,\"name\":\"UNEDeko Udako Ikastaroak: \u00abLa educaci\u00f3n de los menores de edad, un reto de pluralidad y colaboraci\u00f3n interinstitucional para nuestra sociedad\u00bb\"}]},{\"@type\":\"WebSite\",\"@id\":\"https:\\\/\\\/www.ceespv.org\\\/eu\\\/#website\",\"url\":\"https:\\\/\\\/www.ceespv.org\\\/eu\\\/\",\"name\":\"CEESPV-GHEE\",\"description\":\"Colegio de Educadoras y Educadores Sociales del Pa\u00eds Vasco\",\"publisher\":{\"@id\":\"https:\\\/\\\/www.ceespv.org\\\/eu\\\/#organization\"},\"potentialAction\":[{\"@type\":\"SearchAction\",\"target\":{\"@type\":\"EntryPoint\",\"urlTemplate\":\"https:\\\/\\\/www.ceespv.org\\\/eu\\\/?s={search_term_string}\"},\"query-input\":{\"@type\":\"PropertyValueSpecification\",\"valueRequired\":true,\"valueName\":\"search_term_string\"}}],\"inLanguage\":\"eu-ES\"},{\"@type\":\"Organization\",\"@id\":\"https:\\\/\\\/www.ceespv.org\\\/eu\\\/#organization\",\"name\":\"GHEE-CEESPV\",\"url\":\"https:\\\/\\\/www.ceespv.org\\\/eu\\\/\",\"logo\":{\"@type\":\"ImageObject\",\"inLanguage\":\"eu-ES\",\"@id\":\"https:\\\/\\\/www.ceespv.org\\\/eu\\\/#\\\/schema\\\/logo\\\/image\\\/\",\"url\":\"https:\\\/\\\/www.ceespv.org\\\/wp-content\\\/uploads\\\/2021\\\/04\\\/logo_ceespv-ghee.png\",\"contentUrl\":\"https:\\\/\\\/www.ceespv.org\\\/wp-content\\\/uploads\\\/2021\\\/04\\\/logo_ceespv-ghee.png\",\"width\":522,\"height\":160,\"caption\":\"GHEE-CEESPV\"},\"image\":{\"@id\":\"https:\\\/\\\/www.ceespv.org\\\/eu\\\/#\\\/schema\\\/logo\\\/image\\\/\"},\"sameAs\":[\"https:\\\/\\\/www.facebook.com\\\/CEESPV\",\"https:\\\/\\\/x.com\\\/CEESPV\",\"https:\\\/\\\/www.instagram.com\\\/ghee_ceespv\\\/\",\"https:\\\/\\\/www.youtube.com\\\/channel\\\/UCPdxK0kwNNyzQio_KmAygaA\"]}]}<\/script>\n<!-- \/ Yoast SEO plugin. -->","yoast_head_json":{"title":"UNEDeko Udako Ikastaroak: \u00abLa educaci\u00f3n de los menores de edad, un reto de pluralidad y colaboraci\u00f3n interinstitucional para nuestra sociedad\u00bb - CEESPV-GHEE","robots":{"index":"index","follow":"follow","max-snippet":"max-snippet:-1","max-image-preview":"max-image-preview:large","max-video-preview":"max-video-preview:-1"},"canonical":"https:\/\/www.ceespv.org\/eu\/evento\/uned-cursos-de-verano-la-educacion-de-los-menores-de-edad-un-reto-de-pluralidad-y-colaboracion-interinstitucional-para-nuestra-sociedad\/","og_locale":"eu_ES","og_type":"article","og_title":"UNEDeko Udako Ikastaroak: \u00abLa educaci\u00f3n de los menores de edad, un reto de pluralidad y colaboraci\u00f3n interinstitucional para nuestra sociedad\u00bb - CEESPV-GHEE","og_description":"El curso pretende ser un espacio de di\u00e1logo y aprendizaje sobre un tema de gran impacto en la sociedad contempor\u00e1nea: la infancia y su educaci\u00f3n en variedad de contextos: formales, informales y no formales.","og_url":"https:\/\/www.ceespv.org\/eu\/evento\/uned-cursos-de-verano-la-educacion-de-los-menores-de-edad-un-reto-de-pluralidad-y-colaboracion-interinstitucional-para-nuestra-sociedad\/","og_site_name":"CEESPV-GHEE","article_publisher":"https:\/\/www.facebook.com\/CEESPV","article_modified_time":"2024-07-02T09:54:50+00:00","og_image":[{"width":1200,"height":1697,"url":"https:\/\/www.ceespv.org\/wp-content\/uploads\/2024\/07\/CURSO-VERANO-UNED.jpg","type":"image\/jpeg"}],"twitter_card":"summary_large_image","twitter_site":"@CEESPV","twitter_misc":{"Est. reading time":"2 minutes"},"schema":{"@context":"https:\/\/schema.org","@graph":[{"@type":"WebPage","@id":"https:\/\/www.ceespv.org\/eu\/evento\/uned-cursos-de-verano-la-educacion-de-los-menores-de-edad-un-reto-de-pluralidad-y-colaboracion-interinstitucional-para-nuestra-sociedad\/","url":"https:\/\/www.ceespv.org\/eu\/evento\/uned-cursos-de-verano-la-educacion-de-los-menores-de-edad-un-reto-de-pluralidad-y-colaboracion-interinstitucional-para-nuestra-sociedad\/","name":"UNEDeko Udako Ikastaroak: \u00abLa educaci\u00f3n de los menores de edad, un reto de pluralidad y colaboraci\u00f3n interinstitucional para nuestra sociedad\u00bb - CEESPV-GHEE","isPartOf":{"@id":"https:\/\/www.ceespv.org\/eu\/#website"},"primaryImageOfPage":{"@id":"https:\/\/www.ceespv.org\/eu\/evento\/uned-cursos-de-verano-la-educacion-de-los-menores-de-edad-un-reto-de-pluralidad-y-colaboracion-interinstitucional-para-nuestra-sociedad\/#primaryimage"},"image":{"@id":"https:\/\/www.ceespv.org\/eu\/evento\/uned-cursos-de-verano-la-educacion-de-los-menores-de-edad-un-reto-de-pluralidad-y-colaboracion-interinstitucional-para-nuestra-sociedad\/#primaryimage"},"thumbnailUrl":"https:\/\/www.ceespv.org\/wp-content\/uploads\/2024\/07\/CURSO-VERANO-UNED.jpg","datePublished":"2024-07-02T07:03:10+00:00","dateModified":"2024-07-02T09:54:50+00:00","breadcrumb":{"@id":"https:\/\/www.ceespv.org\/eu\/evento\/uned-cursos-de-verano-la-educacion-de-los-menores-de-edad-un-reto-de-pluralidad-y-colaboracion-interinstitucional-para-nuestra-sociedad\/#breadcrumb"},"inLanguage":"eu-ES","potentialAction":[{"@type":"ReadAction","target":["https:\/\/www.ceespv.org\/eu\/evento\/uned-cursos-de-verano-la-educacion-de-los-menores-de-edad-un-reto-de-pluralidad-y-colaboracion-interinstitucional-para-nuestra-sociedad\/"]}]},{"@type":"ImageObject","inLanguage":"eu-ES","@id":"https:\/\/www.ceespv.org\/eu\/evento\/uned-cursos-de-verano-la-educacion-de-los-menores-de-edad-un-reto-de-pluralidad-y-colaboracion-interinstitucional-para-nuestra-sociedad\/#primaryimage","url":"https:\/\/www.ceespv.org\/wp-content\/uploads\/2024\/07\/CURSO-VERANO-UNED.jpg","contentUrl":"https:\/\/www.ceespv.org\/wp-content\/uploads\/2024\/07\/CURSO-VERANO-UNED.jpg","width":1200,"height":1697,"caption":"CURSO-VERANO-UNED"},{"@type":"BreadcrumbList","@id":"https:\/\/www.ceespv.org\/eu\/evento\/uned-cursos-de-verano-la-educacion-de-los-menores-de-edad-un-reto-de-pluralidad-y-colaboracion-interinstitucional-para-nuestra-sociedad\/#breadcrumb","itemListElement":[{"@type":"ListItem","position":1,"name":"Portada","item":"https:\/\/www.ceespv.org\/eu\/portada\/"},{"@type":"ListItem","position":2,"name":"Gertaerak","item":"https:\/\/www.ceespv.org\/eu\/eventos\/"},{"@type":"ListItem","position":3,"name":"UNEDeko Udako Ikastaroak: \u00abLa educaci\u00f3n de los menores de edad, un reto de pluralidad y colaboraci\u00f3n interinstitucional para nuestra sociedad\u00bb"}]},{"@type":"WebSite","@id":"https:\/\/www.ceespv.org\/eu\/#website","url":"https:\/\/www.ceespv.org\/eu\/","name":"CEESPV-GHEE","description":"Colegio de Educadoras y Educadores Sociales del Pa\u00eds Vasco","publisher":{"@id":"https:\/\/www.ceespv.org\/eu\/#organization"},"potentialAction":[{"@type":"SearchAction","target":{"@type":"EntryPoint","urlTemplate":"https:\/\/www.ceespv.org\/eu\/?s={search_term_string}"},"query-input":{"@type":"PropertyValueSpecification","valueRequired":true,"valueName":"search_term_string"}}],"inLanguage":"eu-ES"},{"@type":"Organization","@id":"https:\/\/www.ceespv.org\/eu\/#organization","name":"GHEE-CEESPV","url":"https:\/\/www.ceespv.org\/eu\/","logo":{"@type":"ImageObject","inLanguage":"eu-ES","@id":"https:\/\/www.ceespv.org\/eu\/#\/schema\/logo\/image\/","url":"https:\/\/www.ceespv.org\/wp-content\/uploads\/2021\/04\/logo_ceespv-ghee.png","contentUrl":"https:\/\/www.ceespv.org\/wp-content\/uploads\/2021\/04\/logo_ceespv-ghee.png","width":522,"height":160,"caption":"GHEE-CEESPV"},"image":{"@id":"https:\/\/www.ceespv.org\/eu\/#\/schema\/logo\/image\/"},"sameAs":["https:\/\/www.facebook.com\/CEESPV","https:\/\/x.com\/CEESPV","https:\/\/www.instagram.com\/ghee_ceespv\/","https:\/\/www.youtube.com\/channel\/UCPdxK0kwNNyzQio_KmAygaA"]}]}},"publishpress_future_workflow_manual_trigger":{"enabledWorkflows":[]},"post_mailing_queue_ids":[],"_links":{"self":[{"href":"https:\/\/www.ceespv.org\/eu\/wp-json\/wp\/v2\/tribe_events\/61935","targetHints":{"allow":["GET"]}}],"collection":[{"href":"https:\/\/www.ceespv.org\/eu\/wp-json\/wp\/v2\/tribe_events"}],"about":[{"href":"https:\/\/www.ceespv.org\/eu\/wp-json\/wp\/v2\/types\/tribe_events"}],"author":[{"embeddable":true,"href":"https:\/\/www.ceespv.org\/eu\/wp-json\/wp\/v2\/users\/1"}],"version-history":[{"count":1,"href":"https:\/\/www.ceespv.org\/eu\/wp-json\/wp\/v2\/tribe_events\/61935\/revisions"}],"predecessor-version":[{"id":61941,"href":"https:\/\/www.ceespv.org\/eu\/wp-json\/wp\/v2\/tribe_events\/61935\/revisions\/61941"}],"wp:featuredmedia":[{"embeddable":true,"href":"https:\/\/www.ceespv.org\/eu\/wp-json\/wp\/v2\/media\/61924"}],"wp:attachment":[{"href":"https:\/\/www.ceespv.org\/eu\/wp-json\/wp\/v2\/media?parent=61935"}],"wp:term":[{"taxonomy":"post_tag","embeddable":true,"href":"https:\/\/www.ceespv.org\/eu\/wp-json\/wp\/v2\/tags?post=61935"},{"taxonomy":"tribe_events_cat","embeddable":true,"href":"https:\/\/www.ceespv.org\/eu\/wp-json\/wp\/v2\/tribe_events_cat?post=61935"}],"curies":[{"name":"wp","href":"https:\/\/api.w.org\/{rel}","templated":true}]}}