{"id":58837,"date":"2021-10-22T16:39:55","date_gmt":"2021-10-22T14:39:55","guid":{"rendered":"https:\/\/www.ceespv.org\/zerbitzuak\/biblioteca-normativa\/"},"modified":"2024-10-22T11:26:42","modified_gmt":"2024-10-22T09:26:42","slug":"arau-liburutegia","status":"publish","type":"page","link":"https:\/\/www.ceespv.org\/eu\/zerbitzuak\/arau-liburutegia\/","title":{"rendered":"ARAU-LIBURUTEGIA"},"content":{"rendered":"<div class=\"wpb-content-wrapper\"><p>[vc_row][vc_column]<div id=\"ultimate-heading-579969f25b09f1b12\" class=\"uvc-heading ult-adjust-bottom-margin ultimate-heading-579969f25b09f1b12 uvc-9479 accent-title-color accent-border-color\" data-hspacer=\"line_only\"  data-halign=\"left\" style=\"text-align:left\"><div class=\"uvc-main-heading ult-responsive\"  data-ultimate-target='.uvc-heading.ultimate-heading-579969f25b09f1b12 h3'  data-responsive-json-new='{\"font-size\":\"desktop:34px;\",\"line-height\":\"desktop:34px;\"}' ><h3 style=\"--font-weight:theme;margin-bottom:20px;\">GIZARTE-HEZKUNTZAN INPLIKATUTAKO ARAUDIAK<\/h3><\/div><div class=\"uvc-heading-spacer line_only\" style=\"margin-bottom:50px;height:4px;\"><span class=\"uvc-headings-line\" style=\"border-style:solid;border-bottom-width:4px;border-color:#ccc;width:150px;\"><\/span><\/div><\/div>[vc_column_text]Gizarte-hezkuntzan inplikatutako arauei buruzko informazio guztia.[\/vc_column_text][vc_accordion active_tab=&#8221;0&#8243; collapsible=&#8221;yes&#8221; title_size=&#8221;h4&#8243; style=&#8221;3&#8243;][vc_accordion_tab title=&#8221;EUSKAL AUTONOMIA ERKIDEGOKO GIZARTE-ZERBITZUAK ETA LURRALDE HISTORIKOA&#8221;][vc_row_inner css=&#8221;.vc_custom_1634922905144{margin-top: 15px !important;margin-right: 20px !important;margin-bottom: 10px !important;margin-left: 20px !important;padding-top: 10px !important;padding-right: 20px !important;padding-bottom: 10px !important;padding-left: 20px !important;background-color: #f9f9f9 !important;border-radius: 10px !important;}&#8221;][vc_column_inner css=&#8221;.vc_custom_1634922668170{margin-top: 0px !important;padding-top: 10px !important;padding-bottom: 10px !important;}&#8221;]<div id=\"ultimate-heading-552569f25b09f1b99\" class=\"uvc-heading ult-adjust-bottom-margin ultimate-heading-552569f25b09f1b99 uvc-151 accent-title-color accent-border-color\" data-hspacer=\"no_spacer\"  data-halign=\"left\" style=\"text-align:left\"><div class=\"uvc-heading-spacer no_spacer\" style=\"top\"><\/div><div class=\"uvc-main-heading ult-responsive\"  data-ultimate-target='.uvc-heading.ultimate-heading-552569f25b09f1b99 h4'  data-responsive-json-new='{\"font-size\":\"desktop:18px;\",\"line-height\":\"desktop:22px;\"}' ><h4 style=\"--font-weight:theme;\">Ley del Tercer Sector<\/h4><\/div><\/div>[vc_column_text css=&#8221;.vc_custom_1634969323503{margin-top: 0px !important;margin-bottom: 0px !important;padding-top: 0px !important;padding-bottom: 0px !important;}&#8221;]LEY 6\/2016, de 12 de mayo, del Tercer Sector Social de Euskadi[\/vc_column_text]<style type=\"text\/css\" data-type=\"the7_shortcodes-inline-css\">#default-btn-459cd5cb48f0b99038b142e9027b8333 {\n  font-size: 16px;\n  line-height: 18px;\n  font-weight: bold;\n  padding: 6px 2px 6px 2px;\n}\n#default-btn-459cd5cb48f0b99038b142e9027b8333.ico-right-side > i {\n  margin-right: 0px;\n  margin-left: 8px;\n}\n#default-btn-459cd5cb48f0b99038b142e9027b8333:after {\n  height: 0px;\n}\n#default-btn-459cd5cb48f0b99038b142e9027b8333 > i {\n  margin-right: 8px;\n  font-size: 18px;\n}\n#default-btn-459cd5cb48f0b99038b142e9027b8333:not(.link-hover-off):hover {\n  color: #1e73be;\n  background: none;\n}\n#default-btn-459cd5cb48f0b99038b142e9027b8333:not(.link-hover-off):hover * {\n  color: #1e73be;\n  background: none;\n}\n#default-btn-459cd5cb48f0b99038b142e9027b8333.ico-right-side > i {\n  margin-right: 0px;\n  margin-left: 8px;\n}\n#default-btn-459cd5cb48f0b99038b142e9027b8333 > i {\n  margin-right: 8px;\n}<\/style><a href=\"https:\/\/www.euskadi.eus\/y22-bopv\/es\/bopv2\/datos\/2016\/05\/1602096a.pdf\" class=\"default-btn-shortcode dt-btn-link btn-inline-left  vc_custom_1634969380435\" target=\"_blank\" id=\"default-btn-459cd5cb48f0b99038b142e9027b8333\" rel=\"noopener\"><i class=\"far fa-file-pdf\"><\/i><span>Ver documento<\/span><\/a><style type=\"text\/css\" data-type=\"the7_shortcodes-inline-css\">#default-btn-2169973b5206a6e10c8cb4a4e64b3e54 {\n  font-size: 16px;\n  line-height: 18px;\n  font-weight: bold;\n  padding: 6px 2px 6px 2px;\n}\n#default-btn-2169973b5206a6e10c8cb4a4e64b3e54.ico-right-side > i {\n  margin-right: 0px;\n  margin-left: 8px;\n}\n#default-btn-2169973b5206a6e10c8cb4a4e64b3e54:after {\n  height: 0px;\n}\n#default-btn-2169973b5206a6e10c8cb4a4e64b3e54 > i {\n  margin-right: 8px;\n  font-size: 18px;\n}\n#default-btn-2169973b5206a6e10c8cb4a4e64b3e54:not(.link-hover-off):hover {\n  color: #1e73be;\n  background: none;\n}\n#default-btn-2169973b5206a6e10c8cb4a4e64b3e54:not(.link-hover-off):hover * {\n  color: #1e73be;\n  background: none;\n}\n#default-btn-2169973b5206a6e10c8cb4a4e64b3e54.ico-right-side > i {\n  margin-right: 0px;\n  margin-left: 8px;\n}\n#default-btn-2169973b5206a6e10c8cb4a4e64b3e54 > i {\n  margin-right: 8px;\n}<\/style><a href=\"https:\/\/www.euskadi.eus\/y22-bopv\/es\/bopv2\/datos\/2016\/05\/1602150a.pdf\" class=\"default-btn-shortcode dt-btn-link btn-inline-left  vc_custom_1634969388870\" target=\"_blank\" id=\"default-btn-2169973b5206a6e10c8cb4a4e64b3e54\" rel=\"noopener\"><i class=\"far fa-file-pdf\"><\/i><span>Ver correcci\u00f3n de errores<\/span><\/a>[\/vc_column_inner][\/vc_row_inner][vc_row_inner css=&#8221;.vc_custom_1634922905144{margin-top: 15px !important;margin-right: 20px !important;margin-bottom: 10px !important;margin-left: 20px !important;padding-top: 10px !important;padding-right: 20px !important;padding-bottom: 10px !important;padding-left: 20px !important;background-color: #f9f9f9 !important;border-radius: 10px !important;}&#8221;][vc_column_inner css=&#8221;.vc_custom_1634922668170{margin-top: 0px !important;padding-top: 10px !important;padding-bottom: 10px !important;}&#8221;]<div id=\"ultimate-heading-456169f25b09f1e51\" class=\"uvc-heading ult-adjust-bottom-margin ultimate-heading-456169f25b09f1e51 uvc-8431 accent-title-color accent-border-color\" data-hspacer=\"no_spacer\"  data-halign=\"left\" style=\"text-align:left\"><div class=\"uvc-heading-spacer no_spacer\" style=\"top\"><\/div><div class=\"uvc-main-heading ult-responsive\"  data-ultimate-target='.uvc-heading.ultimate-heading-456169f25b09f1e51 h4'  data-responsive-json-new='{\"font-size\":\"desktop:18px;\",\"line-height\":\"desktop:22px;\"}' ><h4 style=\"--font-weight:theme;\">Decreto de Cartera de Prestaciones y Servicios del Servicio Vasco de Servicios Sociales<\/h4><\/div><\/div>[vc_column_text css=&#8221;.vc_custom_1634969348154{margin-top: 0px !important;margin-bottom: 0px !important;padding-top: 0px !important;padding-bottom: 0px !important;}&#8221;]Decreto 185\/2015, de 6 de octubre, de cartera de prestaciones y servicios del Sistema Vasco de Servicios Sociales.[\/vc_column_text]<style type=\"text\/css\" data-type=\"the7_shortcodes-inline-css\">#default-btn-93ecc5f30459b5c1a4f20852b2b2c53b {\n  font-size: 16px;\n  line-height: 18px;\n  font-weight: bold;\n  padding: 6px 2px 6px 2px;\n}\n#default-btn-93ecc5f30459b5c1a4f20852b2b2c53b.ico-right-side > i {\n  margin-right: 0px;\n  margin-left: 8px;\n}\n#default-btn-93ecc5f30459b5c1a4f20852b2b2c53b:after {\n  height: 0px;\n}\n#default-btn-93ecc5f30459b5c1a4f20852b2b2c53b > i {\n  margin-right: 8px;\n  font-size: 18px;\n}\n#default-btn-93ecc5f30459b5c1a4f20852b2b2c53b:not(.link-hover-off):hover {\n  color: #1e73be;\n  background: none;\n}\n#default-btn-93ecc5f30459b5c1a4f20852b2b2c53b:not(.link-hover-off):hover * {\n  color: #1e73be;\n  background: none;\n}\n#default-btn-93ecc5f30459b5c1a4f20852b2b2c53b.ico-right-side > i {\n  margin-right: 0px;\n  margin-left: 8px;\n}\n#default-btn-93ecc5f30459b5c1a4f20852b2b2c53b > i {\n  margin-right: 8px;\n}<\/style><a href=\"http:\/\/www.jusap.ejgv.euskadi.eus\/r47-bopvapps\/eu\/p43aBOPVWebWar\/VerParalelo.do?R01HPortal=r47&amp;R01HPage=bopvapps&amp;R01HLang=eu&amp;ed2015004561\" class=\"default-btn-shortcode dt-btn-link btn-inline-left  vc_custom_1634969413452\" target=\"_blank\" id=\"default-btn-93ecc5f30459b5c1a4f20852b2b2c53b\" rel=\"noopener\"><i class=\"far fa-file-pdf\"><\/i><span>Ver documento<\/span><\/a>[\/vc_column_inner][\/vc_row_inner][vc_row_inner css=&#8221;.vc_custom_1634922905144{margin-top: 15px !important;margin-right: 20px !important;margin-bottom: 10px !important;margin-left: 20px !important;padding-top: 10px !important;padding-right: 20px !important;padding-bottom: 10px !important;padding-left: 20px !important;background-color: #f9f9f9 !important;border-radius: 10px !important;}&#8221;][vc_column_inner css=&#8221;.vc_custom_1634922668170{margin-top: 0px !important;padding-top: 10px !important;padding-bottom: 10px !important;}&#8221;]<div id=\"ultimate-heading-611869f25b09f1fb2\" class=\"uvc-heading ult-adjust-bottom-margin ultimate-heading-611869f25b09f1fb2 uvc-9069 accent-title-color accent-border-color\" data-hspacer=\"no_spacer\"  data-halign=\"left\" style=\"text-align:left\"><div class=\"uvc-heading-spacer no_spacer\" style=\"top\"><\/div><div class=\"uvc-main-heading ult-responsive\"  data-ultimate-target='.uvc-heading.ultimate-heading-611869f25b09f1fb2 h4'  data-responsive-json-new='{\"font-size\":\"desktop:18px;\",\"line-height\":\"desktop:22px;\"}' ><h4 style=\"--font-weight:theme;\">Ficha social e instrumento de diagn\u00f3stico social<\/h4><\/div><\/div>[vc_column_text css=&#8221;.vc_custom_1634969530193{margin-top: 0px !important;margin-bottom: 0px !important;padding-top: 0px !important;padding-bottom: 0px !important;}&#8221;]Ficha Social en el SVSS y del instrumento de diagn\u00f3stico social del SVSS, DECRETO 353\/2013, de 28 de mayo.[\/vc_column_text]<style type=\"text\/css\" data-type=\"the7_shortcodes-inline-css\">#default-btn-1361128f192899f8df27437187353e11 {\n  font-size: 16px;\n  line-height: 18px;\n  font-weight: bold;\n  padding: 6px 2px 6px 2px;\n}\n#default-btn-1361128f192899f8df27437187353e11.ico-right-side > i {\n  margin-right: 0px;\n  margin-left: 8px;\n}\n#default-btn-1361128f192899f8df27437187353e11:after {\n  height: 0px;\n}\n#default-btn-1361128f192899f8df27437187353e11 > i {\n  margin-right: 8px;\n  font-size: 18px;\n}\n#default-btn-1361128f192899f8df27437187353e11:not(.link-hover-off):hover {\n  color: #1e73be;\n  background: none;\n}\n#default-btn-1361128f192899f8df27437187353e11:not(.link-hover-off):hover * {\n  color: #1e73be;\n  background: none;\n}\n#default-btn-1361128f192899f8df27437187353e11.ico-right-side > i {\n  margin-right: 0px;\n  margin-left: 8px;\n}\n#default-btn-1361128f192899f8df27437187353e11 > i {\n  margin-right: 8px;\n}<\/style><a href=\"https:\/\/www.euskadi.net\/bopv2\/datos\/2013\/06\/1302907a.pdf\" class=\"default-btn-shortcode dt-btn-link btn-inline-left  vc_custom_1634969544852\" target=\"_blank\" id=\"default-btn-1361128f192899f8df27437187353e11\" rel=\"noopener\"><i class=\"far fa-file-pdf\"><\/i><span>Ver documento<\/span><\/a>[\/vc_column_inner][\/vc_row_inner][vc_row_inner css=&#8221;.vc_custom_1634922905144{margin-top: 15px !important;margin-right: 20px !important;margin-bottom: 10px !important;margin-left: 20px !important;padding-top: 10px !important;padding-right: 20px !important;padding-bottom: 10px !important;padding-left: 20px !important;background-color: #f9f9f9 !important;border-radius: 10px !important;}&#8221;][vc_column_inner css=&#8221;.vc_custom_1634922668170{margin-top: 0px !important;padding-top: 10px !important;padding-bottom: 10px !important;}&#8221;]<div id=\"ultimate-heading-356569f25b09f2102\" class=\"uvc-heading ult-adjust-bottom-margin ultimate-heading-356569f25b09f2102 uvc-2793 accent-title-color accent-border-color\" data-hspacer=\"no_spacer\"  data-halign=\"left\" style=\"text-align:left\"><div class=\"uvc-heading-spacer no_spacer\" style=\"top\"><\/div><div class=\"uvc-main-heading ult-responsive\"  data-ultimate-target='.uvc-heading.ultimate-heading-356569f25b09f2102 h4'  data-responsive-json-new='{\"font-size\":\"desktop:18px;\",\"line-height\":\"desktop:22px;\"}' ><h4 style=\"--font-weight:theme;\">Organo Interinstitucional de Servicios Sociales (2010)<\/h4><\/div><\/div>[vc_column_text css=&#8221;.vc_custom_1634969580033{margin-top: 0px !important;margin-bottom: 0px !important;padding-top: 0px !important;padding-bottom: 0px !important;}&#8221;]Decreto regular las funciones, la composici\u00f3n y las pautas b\u00e1sicas de funcionamiento del \u00d3rgano Interinstitucional de Servicios Sociale. Est\u00e1 integrado por las adminitraciones del Pais Vasco.[\/vc_column_text]<style type=\"text\/css\" data-type=\"the7_shortcodes-inline-css\">#default-btn-6e8bd89695a48fff3aa41431964657ef {\n  font-size: 16px;\n  line-height: 18px;\n  font-weight: bold;\n  padding: 6px 2px 6px 2px;\n}\n#default-btn-6e8bd89695a48fff3aa41431964657ef.ico-right-side > i {\n  margin-right: 0px;\n  margin-left: 8px;\n}\n#default-btn-6e8bd89695a48fff3aa41431964657ef:after {\n  height: 0px;\n}\n#default-btn-6e8bd89695a48fff3aa41431964657ef > i {\n  margin-right: 8px;\n  font-size: 18px;\n}\n#default-btn-6e8bd89695a48fff3aa41431964657ef:not(.link-hover-off):hover {\n  color: #1e73be;\n  background: none;\n}\n#default-btn-6e8bd89695a48fff3aa41431964657ef:not(.link-hover-off):hover * {\n  color: #1e73be;\n  background: none;\n}\n#default-btn-6e8bd89695a48fff3aa41431964657ef.ico-right-side > i {\n  margin-right: 0px;\n  margin-left: 8px;\n}\n#default-btn-6e8bd89695a48fff3aa41431964657ef > i {\n  margin-right: 8px;\n}<\/style><a href=\"http:\/\/www.euskadi.net\/cgi-bin_k54\/bopv_20?c&amp;f=20100419&amp;a=201002076\" class=\"default-btn-shortcode dt-btn-link btn-inline-left  vc_custom_1634969593984\" target=\"_blank\" id=\"default-btn-6e8bd89695a48fff3aa41431964657ef\" rel=\"noopener\"><i class=\"far fa-file-pdf\"><\/i><span>Ver documento<\/span><\/a>[\/vc_column_inner][\/vc_row_inner][vc_row_inner css=&#8221;.vc_custom_1634922905144{margin-top: 15px !important;margin-right: 20px !important;margin-bottom: 10px !important;margin-left: 20px !important;padding-top: 10px !important;padding-right: 20px !important;padding-bottom: 10px !important;padding-left: 20px !important;background-color: #f9f9f9 !important;border-radius: 10px !important;}&#8221;][vc_column_inner css=&#8221;.vc_custom_1634922668170{margin-top: 0px !important;padding-top: 10px !important;padding-bottom: 10px !important;}&#8221;]<div id=\"ultimate-heading-482569f25b09f2259\" class=\"uvc-heading ult-adjust-bottom-margin ultimate-heading-482569f25b09f2259 uvc-1652 accent-title-color accent-border-color\" data-hspacer=\"no_spacer\"  data-halign=\"left\" style=\"text-align:left\"><div class=\"uvc-heading-spacer no_spacer\" style=\"top\"><\/div><div class=\"uvc-main-heading ult-responsive\"  data-ultimate-target='.uvc-heading.ultimate-heading-482569f25b09f2259 h4'  data-responsive-json-new='{\"font-size\":\"desktop:18px;\",\"line-height\":\"desktop:22px;\"}' ><h4 style=\"--font-weight:theme;\">Ley de Servicios Sociales (2008)<\/h4><\/div><\/div>[vc_column_text css=&#8221;.vc_custom_1634969643290{margin-top: 0px !important;margin-bottom: 0px !important;padding-top: 0px !important;padding-bottom: 0px !important;}&#8221;]Ley 12\/2008 de Servicios Sociales aprobada por el Parlamento Vasco el 5 de diciembre de 2008.[\/vc_column_text]<style type=\"text\/css\" data-type=\"the7_shortcodes-inline-css\">#default-btn-5dde61034a5bfe2254d3ea4cffe11e5f {\n  font-size: 16px;\n  line-height: 18px;\n  font-weight: bold;\n  padding: 6px 2px 6px 2px;\n}\n#default-btn-5dde61034a5bfe2254d3ea4cffe11e5f.ico-right-side > i {\n  margin-right: 0px;\n  margin-left: 8px;\n}\n#default-btn-5dde61034a5bfe2254d3ea4cffe11e5f:after {\n  height: 0px;\n}\n#default-btn-5dde61034a5bfe2254d3ea4cffe11e5f > i {\n  margin-right: 8px;\n  font-size: 18px;\n}\n#default-btn-5dde61034a5bfe2254d3ea4cffe11e5f:not(.link-hover-off):hover {\n  color: #1e73be;\n  background: none;\n}\n#default-btn-5dde61034a5bfe2254d3ea4cffe11e5f:not(.link-hover-off):hover * {\n  color: #1e73be;\n  background: none;\n}\n#default-btn-5dde61034a5bfe2254d3ea4cffe11e5f.ico-right-side > i {\n  margin-right: 0px;\n  margin-left: 8px;\n}\n#default-btn-5dde61034a5bfe2254d3ea4cffe11e5f > i {\n  margin-right: 8px;\n}<\/style><a href=\"http:\/\/www.euskadi.net\/cgi-bin_k54\/bopv_20?c&amp;f=20081224&amp;a=200807143\" class=\"default-btn-shortcode dt-btn-link btn-inline-left  vc_custom_1634969656839\" target=\"_blank\" id=\"default-btn-5dde61034a5bfe2254d3ea4cffe11e5f\" rel=\"noopener\"><i class=\"far fa-file-pdf\"><\/i><span>Ver documento<\/span><\/a>[\/vc_column_inner][\/vc_row_inner][vc_row_inner css=&#8221;.vc_custom_1634922905144{margin-top: 15px !important;margin-right: 20px !important;margin-bottom: 10px !important;margin-left: 20px !important;padding-top: 10px !important;padding-right: 20px !important;padding-bottom: 10px !important;padding-left: 20px !important;background-color: #f9f9f9 !important;border-radius: 10px !important;}&#8221;][vc_column_inner css=&#8221;.vc_custom_1634922668170{margin-top: 0px !important;padding-top: 10px !important;padding-bottom: 10px !important;}&#8221;]<div id=\"ultimate-heading-65969f25b09f23b1\" class=\"uvc-heading ult-adjust-bottom-margin ultimate-heading-65969f25b09f23b1 uvc-1660 accent-title-color accent-border-color\" data-hspacer=\"no_spacer\"  data-halign=\"left\" style=\"text-align:left\"><div class=\"uvc-heading-spacer no_spacer\" style=\"top\"><\/div><div class=\"uvc-main-heading ult-responsive\"  data-ultimate-target='.uvc-heading.ultimate-heading-65969f25b09f23b1 h4'  data-responsive-json-new='{\"font-size\":\"desktop:18px;\",\"line-height\":\"desktop:22px;\"}' ><h4 style=\"--font-weight:theme;\">Ley de relaciones y competencias de las instituciones comunes de la Comunidad Aut\u00f3noma y los \u00d3rganos forales de sus territorios Hist\u00f3ricos<\/h4><\/div><\/div>[vc_column_text css=&#8221;.vc_custom_1634969699340{margin-top: 0px !important;margin-bottom: 0px !important;padding-top: 0px !important;padding-bottom: 0px !important;}&#8221;]Ley 27\/1983, de 25 de noviembre, de relaciones entres las instituciones comunes de la Comunidad Aut\u00f3noma y los \u00d3rganos forales de sus territorios Hist\u00f3ricos: de las competencias de las instituciones comunes de la comunidad aut\u00f3noma y de los \u00f3rganos forales de sus Territorios Hist\u00f3ricos. BOPV 182 10diciembre 1983 Archivo da\u00f1ado.[\/vc_column_text]<style type=\"text\/css\" data-type=\"the7_shortcodes-inline-css\">#default-btn-929c0c57114d452d79b0fd9b7f26da91 {\n  font-size: 16px;\n  line-height: 18px;\n  font-weight: bold;\n  padding: 6px 2px 6px 2px;\n}\n#default-btn-929c0c57114d452d79b0fd9b7f26da91.ico-right-side > i {\n  margin-right: 0px;\n  margin-left: 8px;\n}\n#default-btn-929c0c57114d452d79b0fd9b7f26da91:after {\n  height: 0px;\n}\n#default-btn-929c0c57114d452d79b0fd9b7f26da91 > i {\n  margin-right: 8px;\n  font-size: 18px;\n}\n#default-btn-929c0c57114d452d79b0fd9b7f26da91:not(.link-hover-off):hover {\n  color: #1e73be;\n  background: none;\n}\n#default-btn-929c0c57114d452d79b0fd9b7f26da91:not(.link-hover-off):hover * {\n  color: #1e73be;\n  background: none;\n}\n#default-btn-929c0c57114d452d79b0fd9b7f26da91.ico-right-side > i {\n  margin-right: 0px;\n  margin-left: 8px;\n}\n#default-btn-929c0c57114d452d79b0fd9b7f26da91 > i {\n  margin-right: 8px;\n}<\/style><a href=\"http:\/\/www.euskadi.net\/cgi-bin_k54\/bopv_20?c&amp;f=19831210&amp;a=198302316\" class=\"default-btn-shortcode dt-btn-link btn-inline-left  vc_custom_1634969715764\" target=\"_blank\" id=\"default-btn-929c0c57114d452d79b0fd9b7f26da91\" rel=\"noopener\"><i class=\"far fa-file-pdf\"><\/i><span>Ver documento<\/span><\/a>[\/vc_column_inner][\/vc_row_inner][vc_row_inner css=&#8221;.vc_custom_1634922905144{margin-top: 15px !important;margin-right: 20px !important;margin-bottom: 10px !important;margin-left: 20px !important;padding-top: 10px !important;padding-right: 20px !important;padding-bottom: 10px !important;padding-left: 20px !important;background-color: #f9f9f9 !important;border-radius: 10px !important;}&#8221;][vc_column_inner css=&#8221;.vc_custom_1634922668170{margin-top: 0px !important;padding-top: 10px !important;padding-bottom: 10px !important;}&#8221;]<div id=\"ultimate-heading-287069f25b09f250a\" class=\"uvc-heading ult-adjust-bottom-margin ultimate-heading-287069f25b09f250a uvc-6963 accent-title-color accent-border-color\" data-hspacer=\"no_spacer\"  data-halign=\"left\" style=\"text-align:left\"><div class=\"uvc-heading-spacer no_spacer\" style=\"top\"><\/div><div class=\"uvc-main-heading ult-responsive\"  data-ultimate-target='.uvc-heading.ultimate-heading-287069f25b09f250a h4'  data-responsive-json-new='{\"font-size\":\"desktop:18px;\",\"line-height\":\"desktop:22px;\"}' ><h4 style=\"--font-weight:theme;\">Decreto por el que se aprueba la carta de derechos y obligaciones de las personas usuarias y profesionales de los servicios sociales en la Comunidad Aut\u00f3noma del Pa\u00eds Vasco y el r\u00e9gimen de sugerencias y quejas (2004)<\/h4><\/div><\/div>[vc_column_text css=&#8221;.vc_custom_1634969748917{margin-top: 0px !important;margin-bottom: 0px !important;padding-top: 0px !important;padding-bottom: 0px !important;}&#8221;]* Decreto 64\/2004, de 6 de abril, por el que se aprueba la carta de derechos y obligaciones de las personas usuarias y profesionales de los servicios sociales en la Comunidad Aut\u00f3noma del Pa\u00eds Vasco y el r\u00e9gimen de sugerencias y quejas. BOPV .76. 23 de abril de 2004.[\/vc_column_text]<style type=\"text\/css\" data-type=\"the7_shortcodes-inline-css\">#default-btn-8e44b8063a701e47ef17163ec2f1a375 {\n  font-size: 16px;\n  line-height: 18px;\n  font-weight: bold;\n  padding: 6px 2px 6px 2px;\n}\n#default-btn-8e44b8063a701e47ef17163ec2f1a375.ico-right-side > i {\n  margin-right: 0px;\n  margin-left: 8px;\n}\n#default-btn-8e44b8063a701e47ef17163ec2f1a375:after {\n  height: 0px;\n}\n#default-btn-8e44b8063a701e47ef17163ec2f1a375 > i {\n  margin-right: 8px;\n  font-size: 18px;\n}\n#default-btn-8e44b8063a701e47ef17163ec2f1a375:not(.link-hover-off):hover {\n  color: #1e73be;\n  background: none;\n}\n#default-btn-8e44b8063a701e47ef17163ec2f1a375:not(.link-hover-off):hover * {\n  color: #1e73be;\n  background: none;\n}\n#default-btn-8e44b8063a701e47ef17163ec2f1a375.ico-right-side > i {\n  margin-right: 0px;\n  margin-left: 8px;\n}\n#default-btn-8e44b8063a701e47ef17163ec2f1a375 > i {\n  margin-right: 8px;\n}<\/style><a href=\"http:\/\/www.euskadi.net\/cgi-bin_k54\/bopv_20?c&amp;f=20040423&amp;a=200402139\" class=\"default-btn-shortcode dt-btn-link btn-inline-left  vc_custom_1634969759675\" target=\"_blank\" id=\"default-btn-8e44b8063a701e47ef17163ec2f1a375\" rel=\"noopener\"><i class=\"far fa-file-pdf\"><\/i><span>Ver documento<\/span><\/a>[\/vc_column_inner][\/vc_row_inner][vc_row_inner css=&#8221;.vc_custom_1634922905144{margin-top: 15px !important;margin-right: 20px !important;margin-bottom: 10px !important;margin-left: 20px !important;padding-top: 10px !important;padding-right: 20px !important;padding-bottom: 10px !important;padding-left: 20px !important;background-color: #f9f9f9 !important;border-radius: 10px !important;}&#8221;][vc_column_inner css=&#8221;.vc_custom_1634922668170{margin-top: 0px !important;padding-top: 10px !important;padding-bottom: 10px !important;}&#8221;]<div id=\"ultimate-heading-840969f25b09f2664\" class=\"uvc-heading ult-adjust-bottom-margin ultimate-heading-840969f25b09f2664 uvc-6227 accent-title-color accent-border-color\" data-hspacer=\"no_spacer\"  data-halign=\"left\" style=\"text-align:left\"><div class=\"uvc-heading-spacer no_spacer\" style=\"top\"><\/div><div class=\"uvc-main-heading ult-responsive\"  data-ultimate-target='.uvc-heading.ultimate-heading-840969f25b09f2664 h4'  data-responsive-json-new='{\"font-size\":\"desktop:18px;\",\"line-height\":\"desktop:22px;\"}' ><h4 style=\"--font-weight:theme;\">Decreto de determinaci\u00f3n de funciones en materia de servicios sociales correspondientes al Gobierno Vasco, a las Diputaciones y a los Ayuntamientos (2001)<\/h4><\/div><\/div>[vc_column_text css=&#8221;.vc_custom_1634969789880{margin-top: 0px !important;margin-bottom: 0px !important;padding-top: 0px !important;padding-bottom: 0px !important;}&#8221;]Decreto 155\/2001, de 30 de julio, de determinaci\u00f3n de funciones en materia de servicios sociales correspondientes al Gobierno Vasco, a las Diputaciones y a los Ayuntamientos. BOPV .165. 27 de agosto de 2001[\/vc_column_text]<style type=\"text\/css\" data-type=\"the7_shortcodes-inline-css\">#default-btn-138c653426c505800dd021297d929ec1 {\n  font-size: 16px;\n  line-height: 18px;\n  font-weight: bold;\n  padding: 6px 2px 6px 2px;\n}\n#default-btn-138c653426c505800dd021297d929ec1.ico-right-side > i {\n  margin-right: 0px;\n  margin-left: 8px;\n}\n#default-btn-138c653426c505800dd021297d929ec1:after {\n  height: 0px;\n}\n#default-btn-138c653426c505800dd021297d929ec1 > i {\n  margin-right: 8px;\n  font-size: 18px;\n}\n#default-btn-138c653426c505800dd021297d929ec1:not(.link-hover-off):hover {\n  color: #1e73be;\n  background: none;\n}\n#default-btn-138c653426c505800dd021297d929ec1:not(.link-hover-off):hover * {\n  color: #1e73be;\n  background: none;\n}\n#default-btn-138c653426c505800dd021297d929ec1.ico-right-side > i {\n  margin-right: 0px;\n  margin-left: 8px;\n}\n#default-btn-138c653426c505800dd021297d929ec1 > i {\n  margin-right: 8px;\n}<\/style><a href=\"http:\/\/www.euskadi.net\/cgi-bin_k54\/bopv_20?c&amp;f=20010827&amp;a=200104794\" class=\"default-btn-shortcode dt-btn-link btn-inline-left  vc_custom_1634969801761\" target=\"_blank\" id=\"default-btn-138c653426c505800dd021297d929ec1\" rel=\"noopener\"><i class=\"far fa-file-pdf\"><\/i><span>Ver documento<\/span><\/a>[\/vc_column_inner][\/vc_row_inner][vc_row_inner css=&#8221;.vc_custom_1634922905144{margin-top: 15px !important;margin-right: 20px !important;margin-bottom: 10px !important;margin-left: 20px !important;padding-top: 10px !important;padding-right: 20px !important;padding-bottom: 10px !important;padding-left: 20px !important;background-color: #f9f9f9 !important;border-radius: 10px !important;}&#8221;][vc_column_inner css=&#8221;.vc_custom_1634922668170{margin-top: 0px !important;padding-top: 10px !important;padding-bottom: 10px !important;}&#8221;]<div id=\"ultimate-heading-37269f25b09f27e4\" class=\"uvc-heading ult-adjust-bottom-margin ultimate-heading-37269f25b09f27e4 uvc-6009 accent-title-color accent-border-color\" data-hspacer=\"no_spacer\"  data-halign=\"left\" style=\"text-align:left\"><div class=\"uvc-heading-spacer no_spacer\" style=\"top\"><\/div><div class=\"uvc-main-heading ult-responsive\"  data-ultimate-target='.uvc-heading.ultimate-heading-37269f25b09f27e4 h4'  data-responsive-json-new='{\"font-size\":\"desktop:18px;\",\"line-height\":\"desktop:22px;\"}' ><h4 style=\"--font-weight:theme;\">Decreto de Alta Inspecci\u00f3n en materia de Servicios Sociales (2010)<\/h4><\/div><\/div>[vc_column_text css=&#8221;.vc_custom_1634969832676{margin-top: 0px !important;margin-bottom: 0px !important;padding-top: 0px !important;padding-bottom: 0px !important;}&#8221;]Decreto 238\/2010. En relaci\u00f3n con la regulaci\u00f3n del r\u00e9gimen de funcionamiento, procedimiento de actuaci\u00f3n, organizaci\u00f3n y r\u00e9gimen de personal de la Alta Inspecci\u00f3n en materia de Servicios Sociales prevista en el Cap\u00edtulo I del T\u00edtulo VII de la Ley 12\/2008, de 5 de diciembre, de Servicios Sociales.[\/vc_column_text]<style type=\"text\/css\" data-type=\"the7_shortcodes-inline-css\">#default-btn-a0a37a4a57528b968cf2d5249f3a2fa9 {\n  font-size: 16px;\n  line-height: 18px;\n  font-weight: bold;\n  padding: 6px 2px 6px 2px;\n}\n#default-btn-a0a37a4a57528b968cf2d5249f3a2fa9.ico-right-side > i {\n  margin-right: 0px;\n  margin-left: 8px;\n}\n#default-btn-a0a37a4a57528b968cf2d5249f3a2fa9:after {\n  height: 0px;\n}\n#default-btn-a0a37a4a57528b968cf2d5249f3a2fa9 > i {\n  margin-right: 8px;\n  font-size: 18px;\n}\n#default-btn-a0a37a4a57528b968cf2d5249f3a2fa9:not(.link-hover-off):hover {\n  color: #1e73be;\n  background: none;\n}\n#default-btn-a0a37a4a57528b968cf2d5249f3a2fa9:not(.link-hover-off):hover * {\n  color: #1e73be;\n  background: none;\n}\n#default-btn-a0a37a4a57528b968cf2d5249f3a2fa9.ico-right-side > i {\n  margin-right: 0px;\n  margin-left: 8px;\n}\n#default-btn-a0a37a4a57528b968cf2d5249f3a2fa9 > i {\n  margin-right: 8px;\n}<\/style><a href=\"http:\/\/www.euskadi.net\/cgi-bin_k54\/bopv_20?c&amp;f=20100930&amp;a=201004510\" class=\"default-btn-shortcode dt-btn-link btn-inline-left  vc_custom_1634969846988\" target=\"_blank\" id=\"default-btn-a0a37a4a57528b968cf2d5249f3a2fa9\" rel=\"noopener\"><i class=\"far fa-file-pdf\"><\/i><span>Ver documento<\/span><\/a>[\/vc_column_inner][\/vc_row_inner][vc_row_inner css=&#8221;.vc_custom_1634922905144{margin-top: 15px !important;margin-right: 20px !important;margin-bottom: 10px !important;margin-left: 20px !important;padding-top: 10px !important;padding-right: 20px !important;padding-bottom: 10px !important;padding-left: 20px !important;background-color: #f9f9f9 !important;border-radius: 10px !important;}&#8221;][vc_column_inner css=&#8221;.vc_custom_1634922668170{margin-top: 0px !important;padding-top: 10px !important;padding-bottom: 10px !important;}&#8221;]<div id=\"ultimate-heading-477969f25b09f293c\" class=\"uvc-heading ult-adjust-bottom-margin ultimate-heading-477969f25b09f293c uvc-5859 accent-title-color accent-border-color\" data-hspacer=\"no_spacer\"  data-halign=\"left\" style=\"text-align:left\"><div class=\"uvc-heading-spacer no_spacer\" style=\"top\"><\/div><div class=\"uvc-main-heading ult-responsive\"  data-ultimate-target='.uvc-heading.ultimate-heading-477969f25b09f293c h4'  data-responsive-json-new='{\"font-size\":\"desktop:18px;\",\"line-height\":\"desktop:22px;\"}' ><h4 style=\"--font-weight:theme;\">Decreto de Alta Inspecci\u00f3n en materia de Servicios Sociales (2010)<\/h4><\/div><\/div>[vc_column_text css=&#8221;.vc_custom_1634969832676{margin-top: 0px !important;margin-bottom: 0px !important;padding-top: 0px !important;padding-bottom: 0px !important;}&#8221;]Decreto 238\/2010. En relaci\u00f3n con la regulaci\u00f3n del r\u00e9gimen de funcionamiento, procedimiento de actuaci\u00f3n, organizaci\u00f3n y r\u00e9gimen de personal de la Alta Inspecci\u00f3n en materia de Servicios Sociales prevista en el Cap\u00edtulo I del T\u00edtulo VII de la Ley 12\/2008, de 5 de diciembre, de Servicios Sociales.[\/vc_column_text]<style type=\"text\/css\" data-type=\"the7_shortcodes-inline-css\">#default-btn-a0a37a4a57528b968cf2d5249f3a2fa9 {\n  font-size: 16px;\n  line-height: 18px;\n  font-weight: bold;\n  padding: 6px 2px 6px 2px;\n}\n#default-btn-a0a37a4a57528b968cf2d5249f3a2fa9.ico-right-side > i {\n  margin-right: 0px;\n  margin-left: 8px;\n}\n#default-btn-a0a37a4a57528b968cf2d5249f3a2fa9:after {\n  height: 0px;\n}\n#default-btn-a0a37a4a57528b968cf2d5249f3a2fa9 > i {\n  margin-right: 8px;\n  font-size: 18px;\n}\n#default-btn-a0a37a4a57528b968cf2d5249f3a2fa9:not(.link-hover-off):hover {\n  color: #1e73be;\n  background: none;\n}\n#default-btn-a0a37a4a57528b968cf2d5249f3a2fa9:not(.link-hover-off):hover * {\n  color: #1e73be;\n  background: none;\n}\n#default-btn-a0a37a4a57528b968cf2d5249f3a2fa9.ico-right-side > i {\n  margin-right: 0px;\n  margin-left: 8px;\n}\n#default-btn-a0a37a4a57528b968cf2d5249f3a2fa9 > i {\n  margin-right: 8px;\n}<\/style><a href=\"http:\/\/www.euskadi.net\/cgi-bin_k54\/bopv_20?c&amp;f=20100930&amp;a=201004510\" class=\"default-btn-shortcode dt-btn-link btn-inline-left  vc_custom_1634969846988\" target=\"_blank\" id=\"default-btn-a0a37a4a57528b968cf2d5249f3a2fa9\" rel=\"noopener\"><i class=\"far fa-file-pdf\"><\/i><span>Ver documento<\/span><\/a>[\/vc_column_inner][\/vc_row_inner][\/vc_accordion_tab][vc_accordion_tab title=&#8221;HAURRAK ETA NERABEAK ETA FAMILIA BABESTEA, ETA GAZTE-JUSTIZIA&#8221;][vc_row_inner css=&#8221;.vc_custom_1634922905144{margin-top: 15px !important;margin-right: 20px !important;margin-bottom: 10px !important;margin-left: 20px !important;padding-top: 10px !important;padding-right: 20px !important;padding-bottom: 10px !important;padding-left: 20px !important;background-color: #f9f9f9 !important;border-radius: 10px !important;}&#8221;][vc_column_inner css=&#8221;.vc_custom_1634922668170{margin-top: 0px !important;padding-top: 10px !important;padding-bottom: 10px !important;}&#8221;]<div id=\"ultimate-heading-506269f25b09f2a94\" class=\"uvc-heading ult-adjust-bottom-margin ultimate-heading-506269f25b09f2a94 uvc-2180 accent-title-color accent-border-color\" data-hspacer=\"no_spacer\"  data-halign=\"left\" style=\"text-align:left\"><div class=\"uvc-heading-spacer no_spacer\" style=\"top\"><\/div><div class=\"uvc-main-heading ult-responsive\"  data-ultimate-target='.uvc-heading.ultimate-heading-506269f25b09f2a94 h4'  data-responsive-json-new='{\"font-size\":\"desktop:18px;\",\"line-height\":\"desktop:22px;\"}' ><h4 style=\"--font-weight:theme;\">Ley Org\u00e1nica 8\/2021 de Protecci\u00f3n integral a la infancia y la adolescencia frente a la violencia<\/h4><\/div><\/div>[vc_column_text css=&#8221;.vc_custom_1634970058578{margin-top: 0px !important;margin-bottom: 0px !important;padding-top: 0px !important;padding-bottom: 0px !important;}&#8221;]Ley Org\u00e1nica 8\/2021, de 4 de junio, de protecci\u00f3n integral a la infancia y la adolescencia frente a la violencia.[\/vc_column_text]<style type=\"text\/css\" data-type=\"the7_shortcodes-inline-css\">#default-btn-372aafaf3f8cc2d1aeda6e11bb44accb {\n  font-size: 16px;\n  line-height: 18px;\n  font-weight: bold;\n  padding: 6px 2px 6px 2px;\n}\n#default-btn-372aafaf3f8cc2d1aeda6e11bb44accb.ico-right-side > i {\n  margin-right: 0px;\n  margin-left: 8px;\n}\n#default-btn-372aafaf3f8cc2d1aeda6e11bb44accb:after {\n  height: 0px;\n}\n#default-btn-372aafaf3f8cc2d1aeda6e11bb44accb > i {\n  margin-right: 8px;\n  font-size: 18px;\n}\n#default-btn-372aafaf3f8cc2d1aeda6e11bb44accb:not(.link-hover-off):hover {\n  color: #1e73be;\n  background: none;\n}\n#default-btn-372aafaf3f8cc2d1aeda6e11bb44accb:not(.link-hover-off):hover * {\n  color: #1e73be;\n  background: none;\n}\n#default-btn-372aafaf3f8cc2d1aeda6e11bb44accb.ico-right-side > i {\n  margin-right: 0px;\n  margin-left: 8px;\n}\n#default-btn-372aafaf3f8cc2d1aeda6e11bb44accb > i {\n  margin-right: 8px;\n}<\/style><a href=\"https:\/\/www.boe.es\/boe\/dias\/2021\/06\/05\/pdfs\/BOE-A-2021-9347.pdf\" class=\"default-btn-shortcode dt-btn-link btn-inline-left  vc_custom_1634970071809\" target=\"_blank\" id=\"default-btn-372aafaf3f8cc2d1aeda6e11bb44accb\" rel=\"noopener\"><i class=\"far fa-file-pdf\"><\/i><span>Ver documento<\/span><\/a>[\/vc_column_inner][\/vc_row_inner][vc_row_inner css=&#8221;.vc_custom_1634922905144{margin-top: 15px !important;margin-right: 20px !important;margin-bottom: 10px !important;margin-left: 20px !important;padding-top: 10px !important;padding-right: 20px !important;padding-bottom: 10px !important;padding-left: 20px !important;background-color: #f9f9f9 !important;border-radius: 10px !important;}&#8221;][vc_column_inner css=&#8221;.vc_custom_1634922668170{margin-top: 0px !important;padding-top: 10px !important;padding-bottom: 10px !important;}&#8221;]<div id=\"ultimate-heading-356169f25b09f2bde\" class=\"uvc-heading ult-adjust-bottom-margin ultimate-heading-356169f25b09f2bde uvc-4532 accent-title-color accent-border-color\" data-hspacer=\"no_spacer\"  data-halign=\"left\" style=\"text-align:left\"><div class=\"uvc-heading-spacer no_spacer\" style=\"top\"><\/div><div class=\"uvc-main-heading ult-responsive\"  data-ultimate-target='.uvc-heading.ultimate-heading-356169f25b09f2bde h4'  data-responsive-json-new='{\"font-size\":\"desktop:18px;\",\"line-height\":\"desktop:22px;\"}' ><h4 style=\"--font-weight:theme;\">Decreto 179\/2018 regula el acogimiento familiar en la CAPV<\/h4><\/div><\/div>[vc_column_text css=&#8221;.vc_custom_1634970106652{margin-top: 0px !important;margin-bottom: 0px !important;padding-top: 0px !important;padding-bottom: 0px !important;}&#8221;]DECRETO 179\/2018, de 11 de diciembre, por el que se regula el acogimiento familiar en la Comunidad Aut\u00f3noma del Pa\u00eds Vasco.[\/vc_column_text]<style type=\"text\/css\" data-type=\"the7_shortcodes-inline-css\">#default-btn-c0fedf53ed279c929f0783721dddfb40 {\n  font-size: 16px;\n  line-height: 18px;\n  font-weight: bold;\n  padding: 6px 2px 6px 2px;\n}\n#default-btn-c0fedf53ed279c929f0783721dddfb40.ico-right-side > i {\n  margin-right: 0px;\n  margin-left: 8px;\n}\n#default-btn-c0fedf53ed279c929f0783721dddfb40:after {\n  height: 0px;\n}\n#default-btn-c0fedf53ed279c929f0783721dddfb40 > i {\n  margin-right: 8px;\n  font-size: 18px;\n}\n#default-btn-c0fedf53ed279c929f0783721dddfb40:not(.link-hover-off):hover {\n  color: #1e73be;\n  background: none;\n}\n#default-btn-c0fedf53ed279c929f0783721dddfb40:not(.link-hover-off):hover * {\n  color: #1e73be;\n  background: none;\n}\n#default-btn-c0fedf53ed279c929f0783721dddfb40.ico-right-side > i {\n  margin-right: 0px;\n  margin-left: 8px;\n}\n#default-btn-c0fedf53ed279c929f0783721dddfb40 > i {\n  margin-right: 8px;\n}<\/style><a href=\"https:\/\/www.euskadi.eus\/bopv2\/datos\/2018\/12\/1806265a.pdf\" class=\"default-btn-shortcode dt-btn-link btn-inline-left  vc_custom_1634970117857\" target=\"_blank\" id=\"default-btn-c0fedf53ed279c929f0783721dddfb40\" rel=\"noopener\"><i class=\"far fa-file-pdf\"><\/i><span>Ver documento<\/span><\/a>[\/vc_column_inner][\/vc_row_inner][vc_row_inner css=&#8221;.vc_custom_1634922905144{margin-top: 15px !important;margin-right: 20px !important;margin-bottom: 10px !important;margin-left: 20px !important;padding-top: 10px !important;padding-right: 20px !important;padding-bottom: 10px !important;padding-left: 20px !important;background-color: #f9f9f9 !important;border-radius: 10px !important;}&#8221;][vc_column_inner css=&#8221;.vc_custom_1634922668170{margin-top: 0px !important;padding-top: 10px !important;padding-bottom: 10px !important;}&#8221;]<div id=\"ultimate-heading-627269f25b09f2d2a\" class=\"uvc-heading ult-adjust-bottom-margin ultimate-heading-627269f25b09f2d2a uvc-1778 accent-title-color accent-border-color\" data-hspacer=\"no_spacer\"  data-halign=\"left\" style=\"text-align:left\"><div class=\"uvc-heading-spacer no_spacer\" style=\"top\"><\/div><div class=\"uvc-main-heading ult-responsive\"  data-ultimate-target='.uvc-heading.ultimate-heading-627269f25b09f2d2a h4'  data-responsive-json-new='{\"font-size\":\"desktop:18px;\",\"line-height\":\"desktop:22px;\"}' ><h4 style=\"--font-weight:theme;\">Ley 26\/2015 (Estatal) de modificaci\u00f3n del sistema de protecci\u00f3n a la infancia y a la adolescencia<\/h4><\/div><\/div>[vc_column_text css=&#8221;.vc_custom_1634970146901{margin-top: 0px !important;margin-bottom: 0px !important;padding-top: 0px !important;padding-bottom: 0px !important;}&#8221;]Ley 26\/2015, de 28 de julio, de modificaci\u00f3n del sistema de protecci\u00f3n a la infancia y a la adolescencia.[\/vc_column_text]<style type=\"text\/css\" data-type=\"the7_shortcodes-inline-css\">#default-btn-a8177bb2f293b7276aed381c73a7e991 {\n  font-size: 16px;\n  line-height: 18px;\n  font-weight: bold;\n  padding: 6px 2px 6px 2px;\n}\n#default-btn-a8177bb2f293b7276aed381c73a7e991.ico-right-side > i {\n  margin-right: 0px;\n  margin-left: 8px;\n}\n#default-btn-a8177bb2f293b7276aed381c73a7e991:after {\n  height: 0px;\n}\n#default-btn-a8177bb2f293b7276aed381c73a7e991 > i {\n  margin-right: 8px;\n  font-size: 18px;\n}\n#default-btn-a8177bb2f293b7276aed381c73a7e991:not(.link-hover-off):hover {\n  color: #1e73be;\n  background: none;\n}\n#default-btn-a8177bb2f293b7276aed381c73a7e991:not(.link-hover-off):hover * {\n  color: #1e73be;\n  background: none;\n}\n#default-btn-a8177bb2f293b7276aed381c73a7e991.ico-right-side > i {\n  margin-right: 0px;\n  margin-left: 8px;\n}\n#default-btn-a8177bb2f293b7276aed381c73a7e991 > i {\n  margin-right: 8px;\n}<\/style><a href=\"http:\/\/www.boe.es\/boe\/dias\/2015\/07\/29\/pdfs\/BOE-A-2015-8470.pdf\" class=\"default-btn-shortcode dt-btn-link btn-inline-left  vc_custom_1634970157900\" target=\"_blank\" id=\"default-btn-a8177bb2f293b7276aed381c73a7e991\" rel=\"noopener\"><i class=\"far fa-file-pdf\"><\/i><span>Ver documento<\/span><\/a>[\/vc_column_inner][\/vc_row_inner][vc_row_inner css=&#8221;.vc_custom_1634922905144{margin-top: 15px !important;margin-right: 20px !important;margin-bottom: 10px !important;margin-left: 20px !important;padding-top: 10px !important;padding-right: 20px !important;padding-bottom: 10px !important;padding-left: 20px !important;background-color: #f9f9f9 !important;border-radius: 10px !important;}&#8221;][vc_column_inner css=&#8221;.vc_custom_1634922668170{margin-top: 0px !important;padding-top: 10px !important;padding-bottom: 10px !important;}&#8221;]<div id=\"ultimate-heading-997369f25b09f2e76\" class=\"uvc-heading ult-adjust-bottom-margin ultimate-heading-997369f25b09f2e76 uvc-6227 accent-title-color accent-border-color\" data-hspacer=\"no_spacer\"  data-halign=\"left\" style=\"text-align:left\"><div class=\"uvc-heading-spacer no_spacer\" style=\"top\"><\/div><div class=\"uvc-main-heading ult-responsive\"  data-ultimate-target='.uvc-heading.ultimate-heading-997369f25b09f2e76 h4'  data-responsive-json-new='{\"font-size\":\"desktop:18px;\",\"line-height\":\"desktop:22px;\"}' ><h4 style=\"--font-weight:theme;\">Ley Org\u00e1nica 8\/2015, de modificaci\u00f3n del sistema de protecci\u00f3n a la infancia y a la adolescencia<\/h4><\/div><\/div>[vc_column_text css=&#8221;.vc_custom_1634970187720{margin-top: 0px !important;margin-bottom: 0px !important;padding-top: 0px !important;padding-bottom: 0px !important;}&#8221;]Ley Org\u00e1nica 8\/2015, de 22 de julio, de modificaci\u00f3n del sistema de protecci\u00f3n a la infancia y a la adolescencia.[\/vc_column_text]<style type=\"text\/css\" data-type=\"the7_shortcodes-inline-css\">#default-btn-828d75c56b66f550c5448bdd69d51172 {\n  font-size: 16px;\n  line-height: 18px;\n  font-weight: bold;\n  padding: 6px 2px 6px 2px;\n}\n#default-btn-828d75c56b66f550c5448bdd69d51172.ico-right-side > i {\n  margin-right: 0px;\n  margin-left: 8px;\n}\n#default-btn-828d75c56b66f550c5448bdd69d51172:after {\n  height: 0px;\n}\n#default-btn-828d75c56b66f550c5448bdd69d51172 > i {\n  margin-right: 8px;\n  font-size: 18px;\n}\n#default-btn-828d75c56b66f550c5448bdd69d51172:not(.link-hover-off):hover {\n  color: #1e73be;\n  background: none;\n}\n#default-btn-828d75c56b66f550c5448bdd69d51172:not(.link-hover-off):hover * {\n  color: #1e73be;\n  background: none;\n}\n#default-btn-828d75c56b66f550c5448bdd69d51172.ico-right-side > i {\n  margin-right: 0px;\n  margin-left: 8px;\n}\n#default-btn-828d75c56b66f550c5448bdd69d51172 > i {\n  margin-right: 8px;\n}<\/style><a href=\"http:\/\/www.boe.es\/boe\/dias\/2015\/07\/23\/pdfs\/BOE-A-2015-8222.pdf\" class=\"default-btn-shortcode dt-btn-link btn-inline-left  vc_custom_1634970205474\" target=\"_blank\" id=\"default-btn-828d75c56b66f550c5448bdd69d51172\" rel=\"noopener\"><i class=\"far fa-file-pdf\"><\/i><span>Ver documento<\/span><\/a>[\/vc_column_inner][\/vc_row_inner][vc_row_inner css=&#8221;.vc_custom_1634922905144{margin-top: 15px !important;margin-right: 20px !important;margin-bottom: 10px !important;margin-left: 20px !important;padding-top: 10px !important;padding-right: 20px !important;padding-bottom: 10px !important;padding-left: 20px !important;background-color: #f9f9f9 !important;border-radius: 10px !important;}&#8221;][vc_column_inner css=&#8221;.vc_custom_1634922668170{margin-top: 0px !important;padding-top: 10px !important;padding-bottom: 10px !important;}&#8221;]<div id=\"ultimate-heading-23069f25b09f2fc3\" class=\"uvc-heading ult-adjust-bottom-margin ultimate-heading-23069f25b09f2fc3 uvc-4131 accent-title-color accent-border-color\" data-hspacer=\"no_spacer\"  data-halign=\"left\" style=\"text-align:left\"><div class=\"uvc-heading-spacer no_spacer\" style=\"top\"><\/div><div class=\"uvc-main-heading ult-responsive\"  data-ultimate-target='.uvc-heading.ultimate-heading-23069f25b09f2fc3 h4'  data-responsive-json-new='{\"font-size\":\"desktop:18px;\",\"line-height\":\"desktop:22px;\"}' ><h4 style=\"--font-weight:theme;\">Ley de Mediacion Familiar<\/h4><\/div><\/div>[vc_column_text css=&#8221;.vc_custom_1634970239884{margin-top: 0px !important;margin-bottom: 0px !important;padding-top: 0px !important;padding-bottom: 0px !important;}&#8221;]Ley 1\/2008 de Mediaci\u00f3n Familiar, regula la mediacion familiar como procedimiento de resoluci\u00f3n extrajudicial de los conflictos en el seno de la familia.[\/vc_column_text]<style type=\"text\/css\" data-type=\"the7_shortcodes-inline-css\">#default-btn-eef299cb9c3604a7c536f5a1b8ecf34d {\n  font-size: 16px;\n  line-height: 18px;\n  font-weight: bold;\n  padding: 6px 2px 6px 2px;\n}\n#default-btn-eef299cb9c3604a7c536f5a1b8ecf34d.ico-right-side > i {\n  margin-right: 0px;\n  margin-left: 8px;\n}\n#default-btn-eef299cb9c3604a7c536f5a1b8ecf34d:after {\n  height: 0px;\n}\n#default-btn-eef299cb9c3604a7c536f5a1b8ecf34d > i {\n  margin-right: 8px;\n  font-size: 18px;\n}\n#default-btn-eef299cb9c3604a7c536f5a1b8ecf34d:not(.link-hover-off):hover {\n  color: #1e73be;\n  background: none;\n}\n#default-btn-eef299cb9c3604a7c536f5a1b8ecf34d:not(.link-hover-off):hover * {\n  color: #1e73be;\n  background: none;\n}\n#default-btn-eef299cb9c3604a7c536f5a1b8ecf34d.ico-right-side > i {\n  margin-right: 0px;\n  margin-left: 8px;\n}\n#default-btn-eef299cb9c3604a7c536f5a1b8ecf34d > i {\n  margin-right: 8px;\n}<\/style><a href=\"http:\/\/www.lehendakaritza.ejgv.euskadi.net\/r48-bopv2\/es\/bopv2\/datos\/2008\/02\/0801004a.pdf\" class=\"default-btn-shortcode dt-btn-link btn-inline-left  vc_custom_1634970253307\" target=\"_blank\" id=\"default-btn-eef299cb9c3604a7c536f5a1b8ecf34d\" rel=\"noopener\"><i class=\"far fa-file-pdf\"><\/i><span>Ver documento<\/span><\/a>[\/vc_column_inner][\/vc_row_inner][vc_row_inner css=&#8221;.vc_custom_1634922905144{margin-top: 15px !important;margin-right: 20px !important;margin-bottom: 10px !important;margin-left: 20px !important;padding-top: 10px !important;padding-right: 20px !important;padding-bottom: 10px !important;padding-left: 20px !important;background-color: #f9f9f9 !important;border-radius: 10px !important;}&#8221;][vc_column_inner css=&#8221;.vc_custom_1634922668170{margin-top: 0px !important;padding-top: 10px !important;padding-bottom: 10px !important;}&#8221;]<div id=\"ultimate-heading-357469f25b09f3110\" class=\"uvc-heading ult-adjust-bottom-margin ultimate-heading-357469f25b09f3110 uvc-8947 accent-title-color accent-border-color\" data-hspacer=\"no_spacer\"  data-halign=\"left\" style=\"text-align:left\"><div class=\"uvc-heading-spacer no_spacer\" style=\"top\"><\/div><div class=\"uvc-main-heading ult-responsive\"  data-ultimate-target='.uvc-heading.ultimate-heading-357469f25b09f3110 h4'  data-responsive-json-new='{\"font-size\":\"desktop:18px;\",\"line-height\":\"desktop:22px;\"}' ><h4 style=\"--font-weight:theme;\">Regulaci\u00f3n de recursos de acogimiento residencial para la infancia y adolescencia en desprotecci\u00f3n social<\/h4><\/div><\/div>[vc_column_text css=&#8221;.vc_custom_1634970295515{margin-top: 0px !important;margin-bottom: 0px !important;padding-top: 0px !important;padding-bottom: 0px !important;}&#8221;]DECRETO 131\/2008, de 8 de julio, regulador de los recursos de acogimiento residencial para la infancia y la adolescencia en situaci\u00f3n de desprotecci\u00f3n social.[\/vc_column_text]<style type=\"text\/css\" data-type=\"the7_shortcodes-inline-css\">#default-btn-000b8b96986b199eff479e8bc9de3782 {\n  font-size: 16px;\n  line-height: 18px;\n  font-weight: bold;\n  padding: 6px 2px 6px 2px;\n}\n#default-btn-000b8b96986b199eff479e8bc9de3782.ico-right-side > i {\n  margin-right: 0px;\n  margin-left: 8px;\n}\n#default-btn-000b8b96986b199eff479e8bc9de3782:after {\n  height: 0px;\n}\n#default-btn-000b8b96986b199eff479e8bc9de3782 > i {\n  margin-right: 8px;\n  font-size: 18px;\n}\n#default-btn-000b8b96986b199eff479e8bc9de3782:not(.link-hover-off):hover {\n  color: #1e73be;\n  background: none;\n}\n#default-btn-000b8b96986b199eff479e8bc9de3782:not(.link-hover-off):hover * {\n  color: #1e73be;\n  background: none;\n}\n#default-btn-000b8b96986b199eff479e8bc9de3782.ico-right-side > i {\n  margin-right: 0px;\n  margin-left: 8px;\n}\n#default-btn-000b8b96986b199eff479e8bc9de3782 > i {\n  margin-right: 8px;\n}<\/style><a href=\"http:\/\/www.euskadi.net\/cgi-bin_k54\/bopv_20?c&amp;f=20080808&amp;a=200804678\" class=\"default-btn-shortcode dt-btn-link btn-inline-left  vc_custom_1634970307498\" target=\"_blank\" id=\"default-btn-000b8b96986b199eff479e8bc9de3782\" rel=\"noopener\"><i class=\"far fa-file-pdf\"><\/i><span>Ver documento<\/span><\/a>[\/vc_column_inner][\/vc_row_inner][vc_row_inner css=&#8221;.vc_custom_1634922905144{margin-top: 15px !important;margin-right: 20px !important;margin-bottom: 10px !important;margin-left: 20px !important;padding-top: 10px !important;padding-right: 20px !important;padding-bottom: 10px !important;padding-left: 20px !important;background-color: #f9f9f9 !important;border-radius: 10px !important;}&#8221;][vc_column_inner css=&#8221;.vc_custom_1634922668170{margin-top: 0px !important;padding-top: 10px !important;padding-bottom: 10px !important;}&#8221;]<div id=\"ultimate-heading-369469f25b09f3267\" class=\"uvc-heading ult-adjust-bottom-margin ultimate-heading-369469f25b09f3267 uvc-4281 accent-title-color accent-border-color\" data-hspacer=\"no_spacer\"  data-halign=\"left\" style=\"text-align:left\"><div class=\"uvc-heading-spacer no_spacer\" style=\"top\"><\/div><div class=\"uvc-main-heading ult-responsive\"  data-ultimate-target='.uvc-heading.ultimate-heading-369469f25b09f3267 h4'  data-responsive-json-new='{\"font-size\":\"desktop:18px;\",\"line-height\":\"desktop:22px;\"}' ><h4 style=\"--font-weight:theme;\">Modificaci\u00f3n de la ley reguladora de la responsabilidad penal de los menores. Ley Organica 8\/2006<\/h4><\/div><\/div>[vc_column_text css=&#8221;.vc_custom_1634970340081{margin-top: 0px !important;margin-bottom: 0px !important;padding-top: 0px !important;padding-bottom: 0px !important;}&#8221;]LEY ORG\u00c1NICA 8\/2006, de 4 de diciembre, por la que se modifica la Ley Org\u00e1nica 5\/2000, de 12 de enero, reguladora de la responsabilidad penal de los menores.BOE.290. 5 diciembre 2006.[\/vc_column_text]<style type=\"text\/css\" data-type=\"the7_shortcodes-inline-css\">#default-btn-d07425e03d81e5178a0532fc4224d08f {\n  font-size: 16px;\n  line-height: 18px;\n  font-weight: bold;\n  padding: 6px 2px 6px 2px;\n}\n#default-btn-d07425e03d81e5178a0532fc4224d08f.ico-right-side > i {\n  margin-right: 0px;\n  margin-left: 8px;\n}\n#default-btn-d07425e03d81e5178a0532fc4224d08f:after {\n  height: 0px;\n}\n#default-btn-d07425e03d81e5178a0532fc4224d08f > i {\n  margin-right: 8px;\n  font-size: 18px;\n}\n#default-btn-d07425e03d81e5178a0532fc4224d08f:not(.link-hover-off):hover {\n  color: #1e73be;\n  background: none;\n}\n#default-btn-d07425e03d81e5178a0532fc4224d08f:not(.link-hover-off):hover * {\n  color: #1e73be;\n  background: none;\n}\n#default-btn-d07425e03d81e5178a0532fc4224d08f.ico-right-side > i {\n  margin-right: 0px;\n  margin-left: 8px;\n}\n#default-btn-d07425e03d81e5178a0532fc4224d08f > i {\n  margin-right: 8px;\n}<\/style><a href=\"http:\/\/www.boe.es\/boe\/dias\/2006\/12\/05\/pdfs\/A42700-42712.pdf\" class=\"default-btn-shortcode dt-btn-link btn-inline-left  vc_custom_1634970351127\" target=\"_blank\" id=\"default-btn-d07425e03d81e5178a0532fc4224d08f\" rel=\"noopener\"><i class=\"far fa-file-pdf\"><\/i><span>Ver documento<\/span><\/a>[\/vc_column_inner][\/vc_row_inner][vc_row_inner css=&#8221;.vc_custom_1634922905144{margin-top: 15px !important;margin-right: 20px !important;margin-bottom: 10px !important;margin-left: 20px !important;padding-top: 10px !important;padding-right: 20px !important;padding-bottom: 10px !important;padding-left: 20px !important;background-color: #f9f9f9 !important;border-radius: 10px !important;}&#8221;][vc_column_inner css=&#8221;.vc_custom_1634922668170{margin-top: 0px !important;padding-top: 10px !important;padding-bottom: 10px !important;}&#8221;]<div id=\"ultimate-heading-920969f25b09f33b4\" class=\"uvc-heading ult-adjust-bottom-margin ultimate-heading-920969f25b09f33b4 uvc-6762 accent-title-color accent-border-color\" data-hspacer=\"no_spacer\"  data-halign=\"left\" style=\"text-align:left\"><div class=\"uvc-heading-spacer no_spacer\" style=\"top\"><\/div><div class=\"uvc-main-heading ult-responsive\"  data-ultimate-target='.uvc-heading.ultimate-heading-920969f25b09f33b4 h4'  data-responsive-json-new='{\"font-size\":\"desktop:18px;\",\"line-height\":\"desktop:22px;\"}' ><h4 style=\"--font-weight:theme;\">Modificaci\u00f3n de la ley del codigo penal y de la ley reguladora de la responsabilidad penal de los menores, en relaci\u00f3n con los delitos de terrorismo. Ley Organica 7\/2000<\/h4><\/div><\/div>[vc_column_text css=&#8221;.vc_custom_1634970384778{margin-top: 0px !important;margin-bottom: 0px !important;padding-top: 0px !important;padding-bottom: 0px !important;}&#8221;]Ley Org\u00e1nica 7\/2000, de 22 de diciembre, de modificaci\u00f3n de la Ley Org\u00e1nica 10\/1995, de 23 de noviembre, del C\u00f3digo Penal y de la ley reguladora de la responsabilidad penal de los menores, en relaci\u00f3n con los delitos de terrorismo BOE.307. 23 diciembre 2000.[\/vc_column_text]<style type=\"text\/css\" data-type=\"the7_shortcodes-inline-css\">#default-btn-1263f9c8d99bddffe4a4dcedd6e00392 {\n  font-size: 16px;\n  line-height: 18px;\n  font-weight: bold;\n  padding: 6px 2px 6px 2px;\n}\n#default-btn-1263f9c8d99bddffe4a4dcedd6e00392.ico-right-side > i {\n  margin-right: 0px;\n  margin-left: 8px;\n}\n#default-btn-1263f9c8d99bddffe4a4dcedd6e00392:after {\n  height: 0px;\n}\n#default-btn-1263f9c8d99bddffe4a4dcedd6e00392 > i {\n  margin-right: 8px;\n  font-size: 18px;\n}\n#default-btn-1263f9c8d99bddffe4a4dcedd6e00392:not(.link-hover-off):hover {\n  color: #1e73be;\n  background: none;\n}\n#default-btn-1263f9c8d99bddffe4a4dcedd6e00392:not(.link-hover-off):hover * {\n  color: #1e73be;\n  background: none;\n}\n#default-btn-1263f9c8d99bddffe4a4dcedd6e00392.ico-right-side > i {\n  margin-right: 0px;\n  margin-left: 8px;\n}\n#default-btn-1263f9c8d99bddffe4a4dcedd6e00392 > i {\n  margin-right: 8px;\n}<\/style><a href=\"http:\/\/www.boe.es\/boe\/dias\/2000\/12\/23\/pdfs\/A45503-45508.pdf\" class=\"default-btn-shortcode dt-btn-link btn-inline-left  vc_custom_1634970401393\" target=\"_blank\" id=\"default-btn-1263f9c8d99bddffe4a4dcedd6e00392\" rel=\"noopener\"><i class=\"far fa-file-pdf\"><\/i><span>Ver documento<\/span><\/a>[\/vc_column_inner][\/vc_row_inner][vc_row_inner css=&#8221;.vc_custom_1634922905144{margin-top: 15px !important;margin-right: 20px !important;margin-bottom: 10px !important;margin-left: 20px !important;padding-top: 10px !important;padding-right: 20px !important;padding-bottom: 10px !important;padding-left: 20px !important;background-color: #f9f9f9 !important;border-radius: 10px !important;}&#8221;][vc_column_inner css=&#8221;.vc_custom_1634922668170{margin-top: 0px !important;padding-top: 10px !important;padding-bottom: 10px !important;}&#8221;]<div id=\"ultimate-heading-206769f25b09f3500\" class=\"uvc-heading ult-adjust-bottom-margin ultimate-heading-206769f25b09f3500 uvc-2923 accent-title-color accent-border-color\" data-hspacer=\"no_spacer\"  data-halign=\"left\" style=\"text-align:left\"><div class=\"uvc-heading-spacer no_spacer\" style=\"top\"><\/div><div class=\"uvc-main-heading ult-responsive\"  data-ultimate-target='.uvc-heading.ultimate-heading-206769f25b09f3500 h4'  data-responsive-json-new='{\"font-size\":\"desktop:18px;\",\"line-height\":\"desktop:22px;\"}' ><h4 style=\"--font-weight:theme;\">Modificaci\u00f3n de la Ley de Atenci\u00f3n y Protecci\u00f3n a la Infancia y la Adolescencia. Ley 3\/2009<\/h4><\/div><\/div>[vc_column_text css=&#8221;.vc_custom_1634970429111{margin-top: 0px !important;margin-bottom: 0px !important;padding-top: 0px !important;padding-bottom: 0px !important;}&#8221;]LEY 3\/2009, de 23 de diciembre, de modificaci\u00f3n de la Ley de Atenci\u00f3n y Protecci\u00f3n a la Infancia y la Adolescenci por el que se suprime de la Defensor\u00eda para la Infancia y la Adolescencia.[\/vc_column_text]<style type=\"text\/css\" data-type=\"the7_shortcodes-inline-css\">#default-btn-3fbbd0da2c78ffb5257a965bb785733f {\n  font-size: 16px;\n  line-height: 18px;\n  font-weight: bold;\n  padding: 6px 2px 6px 2px;\n}\n#default-btn-3fbbd0da2c78ffb5257a965bb785733f.ico-right-side > i {\n  margin-right: 0px;\n  margin-left: 8px;\n}\n#default-btn-3fbbd0da2c78ffb5257a965bb785733f:after {\n  height: 0px;\n}\n#default-btn-3fbbd0da2c78ffb5257a965bb785733f > i {\n  margin-right: 8px;\n  font-size: 18px;\n}\n#default-btn-3fbbd0da2c78ffb5257a965bb785733f:not(.link-hover-off):hover {\n  color: #1e73be;\n  background: none;\n}\n#default-btn-3fbbd0da2c78ffb5257a965bb785733f:not(.link-hover-off):hover * {\n  color: #1e73be;\n  background: none;\n}\n#default-btn-3fbbd0da2c78ffb5257a965bb785733f.ico-right-side > i {\n  margin-right: 0px;\n  margin-left: 8px;\n}\n#default-btn-3fbbd0da2c78ffb5257a965bb785733f > i {\n  margin-right: 8px;\n}<\/style><a href=\"http:\/\/www.euskadi.net\/cgi-bin_k54\/bopv_20?c&amp;f=20091231&amp;a=200906809\" class=\"default-btn-shortcode dt-btn-link btn-inline-left  vc_custom_1634970441588\" target=\"_blank\" id=\"default-btn-3fbbd0da2c78ffb5257a965bb785733f\" rel=\"noopener\"><i class=\"far fa-file-pdf\"><\/i><span>Ver documento<\/span><\/a>[\/vc_column_inner][\/vc_row_inner][vc_row_inner css=&#8221;.vc_custom_1634922905144{margin-top: 15px !important;margin-right: 20px !important;margin-bottom: 10px !important;margin-left: 20px !important;padding-top: 10px !important;padding-right: 20px !important;padding-bottom: 10px !important;padding-left: 20px !important;background-color: #f9f9f9 !important;border-radius: 10px !important;}&#8221;][vc_column_inner css=&#8221;.vc_custom_1634922668170{margin-top: 0px !important;padding-top: 10px !important;padding-bottom: 10px !important;}&#8221;]<div id=\"ultimate-heading-120769f25b09f3657\" class=\"uvc-heading ult-adjust-bottom-margin ultimate-heading-120769f25b09f3657 uvc-9115 accent-title-color accent-border-color\" data-hspacer=\"no_spacer\"  data-halign=\"left\" style=\"text-align:left\"><div class=\"uvc-heading-spacer no_spacer\" style=\"top\"><\/div><div class=\"uvc-main-heading ult-responsive\"  data-ultimate-target='.uvc-heading.ultimate-heading-120769f25b09f3657 h4'  data-responsive-json-new='{\"font-size\":\"desktop:18px;\",\"line-height\":\"desktop:22px;\"}' ><h4 style=\"--font-weight:theme;\">Ley reguladora de la Responsabilidad Penal de los Menores. Ley Organica 5\/2000<\/h4><\/div><\/div>[vc_column_text css=&#8221;.vc_custom_1634970501281{margin-top: 0px !important;margin-bottom: 0px !important;padding-top: 0px !important;padding-bottom: 0px !important;}&#8221;]Ley Org\u00e1nica 5\/2000, de 12 de enero, reguladora de la Responsabilidad Penal de los Menores. BOE.11.13 enero 2000.[\/vc_column_text]<style type=\"text\/css\" data-type=\"the7_shortcodes-inline-css\">#default-btn-60127609e8f8f636b050e73941a0a2b2 {\n  font-size: 16px;\n  line-height: 18px;\n  font-weight: bold;\n  padding: 6px 2px 6px 2px;\n}\n#default-btn-60127609e8f8f636b050e73941a0a2b2.ico-right-side > i {\n  margin-right: 0px;\n  margin-left: 8px;\n}\n#default-btn-60127609e8f8f636b050e73941a0a2b2:after {\n  height: 0px;\n}\n#default-btn-60127609e8f8f636b050e73941a0a2b2 > i {\n  margin-right: 8px;\n  font-size: 18px;\n}\n#default-btn-60127609e8f8f636b050e73941a0a2b2:not(.link-hover-off):hover {\n  color: #1e73be;\n  background: none;\n}\n#default-btn-60127609e8f8f636b050e73941a0a2b2:not(.link-hover-off):hover * {\n  color: #1e73be;\n  background: none;\n}\n#default-btn-60127609e8f8f636b050e73941a0a2b2.ico-right-side > i {\n  margin-right: 0px;\n  margin-left: 8px;\n}\n#default-btn-60127609e8f8f636b050e73941a0a2b2 > i {\n  margin-right: 8px;\n}<\/style><a href=\"http:\/\/www.boe.es\/boe\/dias\/2000\/01\/13\/pdfs\/A01422-01441.pdf\" class=\"default-btn-shortcode dt-btn-link btn-inline-left  vc_custom_1634970515377\" target=\"_blank\" id=\"default-btn-60127609e8f8f636b050e73941a0a2b2\" rel=\"noopener\"><i class=\"far fa-file-pdf\"><\/i><span>Ver documento<\/span><\/a>[\/vc_column_inner][\/vc_row_inner][vc_row_inner css=&#8221;.vc_custom_1634922905144{margin-top: 15px !important;margin-right: 20px !important;margin-bottom: 10px !important;margin-left: 20px !important;padding-top: 10px !important;padding-right: 20px !important;padding-bottom: 10px !important;padding-left: 20px !important;background-color: #f9f9f9 !important;border-radius: 10px !important;}&#8221;][vc_column_inner css=&#8221;.vc_custom_1634922668170{margin-top: 0px !important;padding-top: 10px !important;padding-bottom: 10px !important;}&#8221;]<div id=\"ultimate-heading-819369f25b09f37aa\" class=\"uvc-heading ult-adjust-bottom-margin ultimate-heading-819369f25b09f37aa uvc-3916 accent-title-color accent-border-color\" data-hspacer=\"no_spacer\"  data-halign=\"left\" style=\"text-align:left\"><div class=\"uvc-heading-spacer no_spacer\" style=\"top\"><\/div><div class=\"uvc-main-heading ult-responsive\"  data-ultimate-target='.uvc-heading.ultimate-heading-819369f25b09f37aa h4'  data-responsive-json-new='{\"font-size\":\"desktop:18px;\",\"line-height\":\"desktop:22px;\"}' ><h4 style=\"--font-weight:theme;\">Ley Org\u00e1nica 1\/1996 de Protecci\u00f3n Jur\u00eddica del Menor, de modificaci\u00f3n del C\u00f3digo Civil y de la Ley de Enjuiciamiento Civil<\/h4><\/div><\/div>[vc_column_text css=&#8221;.vc_custom_1634970541052{margin-top: 0px !important;margin-bottom: 0px !important;padding-top: 0px !important;padding-bottom: 0px !important;}&#8221;]Ley Org\u00e1nica 1\/1996, de 15 de enero, de Protecci\u00f3n Jur\u00eddica del Menor, de modificaci\u00f3n del C\u00f3digo Civil y de la Ley de Enjuiciamiento Civil.[\/vc_column_text]<style type=\"text\/css\" data-type=\"the7_shortcodes-inline-css\">#default-btn-0f79ade5a9f9016beea9e3bbb671f16e {\n  font-size: 16px;\n  line-height: 18px;\n  font-weight: bold;\n  padding: 6px 2px 6px 2px;\n}\n#default-btn-0f79ade5a9f9016beea9e3bbb671f16e.ico-right-side > i {\n  margin-right: 0px;\n  margin-left: 8px;\n}\n#default-btn-0f79ade5a9f9016beea9e3bbb671f16e:after {\n  height: 0px;\n}\n#default-btn-0f79ade5a9f9016beea9e3bbb671f16e > i {\n  margin-right: 8px;\n  font-size: 18px;\n}\n#default-btn-0f79ade5a9f9016beea9e3bbb671f16e:not(.link-hover-off):hover {\n  color: #1e73be;\n  background: none;\n}\n#default-btn-0f79ade5a9f9016beea9e3bbb671f16e:not(.link-hover-off):hover * {\n  color: #1e73be;\n  background: none;\n}\n#default-btn-0f79ade5a9f9016beea9e3bbb671f16e.ico-right-side > i {\n  margin-right: 0px;\n  margin-left: 8px;\n}\n#default-btn-0f79ade5a9f9016beea9e3bbb671f16e > i {\n  margin-right: 8px;\n}<\/style><a href=\"http:\/\/www.boe.es\/boe\/dias\/1996\/01\/17\/pdfs\/A01225-01238.pdf\" class=\"default-btn-shortcode dt-btn-link btn-inline-left  vc_custom_1634970551863\" target=\"_blank\" id=\"default-btn-0f79ade5a9f9016beea9e3bbb671f16e\" rel=\"noopener\"><i class=\"far fa-file-pdf\"><\/i><span>Ver documento<\/span><\/a>[\/vc_column_inner][\/vc_row_inner][vc_row_inner css=&#8221;.vc_custom_1634922905144{margin-top: 15px !important;margin-right: 20px !important;margin-bottom: 10px !important;margin-left: 20px !important;padding-top: 10px !important;padding-right: 20px !important;padding-bottom: 10px !important;padding-left: 20px !important;background-color: #f9f9f9 !important;border-radius: 10px !important;}&#8221;][vc_column_inner css=&#8221;.vc_custom_1634922668170{margin-top: 0px !important;padding-top: 10px !important;padding-bottom: 10px !important;}&#8221;]<div id=\"ultimate-heading-449969f25b09f38f6\" class=\"uvc-heading ult-adjust-bottom-margin ultimate-heading-449969f25b09f38f6 uvc-3565 accent-title-color accent-border-color\" data-hspacer=\"no_spacer\"  data-halign=\"left\" style=\"text-align:left\"><div class=\"uvc-heading-spacer no_spacer\" style=\"top\"><\/div><div class=\"uvc-main-heading ult-responsive\"  data-ultimate-target='.uvc-heading.ultimate-heading-449969f25b09f38f6 h4'  data-responsive-json-new='{\"font-size\":\"desktop:18px;\",\"line-height\":\"desktop:22px;\"}' ><h4 style=\"--font-weight:theme;\">Ley de Atenci\u00f3n Protecci\u00f3n a la Infancia y la Adolescencia del Pa\u00eds Vasco. Ley 3\/2005<\/h4><\/div><\/div>[vc_column_text css=&#8221;.vc_custom_1634970586872{margin-top: 0px !important;margin-bottom: 0px !important;padding-top: 0px !important;padding-bottom: 0px !important;}&#8221;]Ley 3\/2005 de 18 de febrero, de Atenci\u00f3n Protecci\u00f3n a la Infancia y la Adolescencia del Pa\u00eds Vasco. BOPV. 59. 30 de marzo de 2005.<\/p>\n<p>Actualizada a 01 enero 2010.<\/p>\n<p>Con fecha 31 diciembre 2010 fue publicada la supresi\u00f3n de la Defensoria de la infancia y la adolescencia. En el texto se recoge esa modificaci\u00f3n.[\/vc_column_text]<style type=\"text\/css\" data-type=\"the7_shortcodes-inline-css\">#default-btn-84870b8abfd6373fadf63f23e6213d1b {\n  font-size: 16px;\n  line-height: 18px;\n  font-weight: bold;\n  padding: 6px 2px 6px 2px;\n}\n#default-btn-84870b8abfd6373fadf63f23e6213d1b.ico-right-side > i {\n  margin-right: 0px;\n  margin-left: 8px;\n}\n#default-btn-84870b8abfd6373fadf63f23e6213d1b:after {\n  height: 0px;\n}\n#default-btn-84870b8abfd6373fadf63f23e6213d1b > i {\n  margin-right: 8px;\n  font-size: 18px;\n}\n#default-btn-84870b8abfd6373fadf63f23e6213d1b:not(.link-hover-off):hover {\n  color: #1e73be;\n  background: none;\n}\n#default-btn-84870b8abfd6373fadf63f23e6213d1b:not(.link-hover-off):hover * {\n  color: #1e73be;\n  background: none;\n}\n#default-btn-84870b8abfd6373fadf63f23e6213d1b.ico-right-side > i {\n  margin-right: 0px;\n  margin-left: 8px;\n}\n#default-btn-84870b8abfd6373fadf63f23e6213d1b > i {\n  margin-right: 8px;\n}<\/style><a href=\"http:\/\/www.euskadi.net\/cgi-bin_k54\/ver_c?CMD=VERDOC&amp;BASE=B03V&amp;DOCN=000000451&amp;CONF=\/config\/k54\/bopv_c.cnf\" class=\"default-btn-shortcode dt-btn-link btn-inline-left  vc_custom_1634970601632\" target=\"_blank\" id=\"default-btn-84870b8abfd6373fadf63f23e6213d1b\" rel=\"noopener\"><i class=\"far fa-file-pdf\"><\/i><span>Ver documento<\/span><\/a>[\/vc_column_inner][\/vc_row_inner][vc_row_inner css=&#8221;.vc_custom_1634922905144{margin-top: 15px !important;margin-right: 20px !important;margin-bottom: 10px !important;margin-left: 20px !important;padding-top: 10px !important;padding-right: 20px !important;padding-bottom: 10px !important;padding-left: 20px !important;background-color: #f9f9f9 !important;border-radius: 10px !important;}&#8221;][vc_column_inner css=&#8221;.vc_custom_1634922668170{margin-top: 0px !important;padding-top: 10px !important;padding-bottom: 10px !important;}&#8221;]<div id=\"ultimate-heading-405969f25b09f3a4d\" class=\"uvc-heading ult-adjust-bottom-margin ultimate-heading-405969f25b09f3a4d uvc-4389 accent-title-color accent-border-color\" data-hspacer=\"no_spacer\"  data-halign=\"left\" style=\"text-align:left\"><div class=\"uvc-heading-spacer no_spacer\" style=\"top\"><\/div><div class=\"uvc-main-heading ult-responsive\"  data-ultimate-target='.uvc-heading.ultimate-heading-405969f25b09f3a4d h4'  data-responsive-json-new='{\"font-size\":\"desktop:18px;\",\"line-height\":\"desktop:22px;\"}' ><h4 style=\"--font-weight:theme;\">Ley de Apoyo a las Familias. Ley 13\/2008<\/h4><\/div><\/div>[vc_column_text css=&#8221;.vc_custom_1634970631479{margin-top: 0px !important;margin-bottom: 0px !important;padding-top: 0px !important;padding-bottom: 0px !important;}&#8221;]La presente ley tiene por objeto establecer el marco y las bases para una pol\u00edtica familiar integral, orientada a la mejora del bienestar y de la calidad de vida de las familias y de sus miembros.[\/vc_column_text]<style type=\"text\/css\" data-type=\"the7_shortcodes-inline-css\">#default-btn-d936e7b2977fd5da00923ad2c7cd22b3 {\n  font-size: 16px;\n  line-height: 18px;\n  font-weight: bold;\n  padding: 6px 2px 6px 2px;\n}\n#default-btn-d936e7b2977fd5da00923ad2c7cd22b3.ico-right-side > i {\n  margin-right: 0px;\n  margin-left: 8px;\n}\n#default-btn-d936e7b2977fd5da00923ad2c7cd22b3:after {\n  height: 0px;\n}\n#default-btn-d936e7b2977fd5da00923ad2c7cd22b3 > i {\n  margin-right: 8px;\n  font-size: 18px;\n}\n#default-btn-d936e7b2977fd5da00923ad2c7cd22b3:not(.link-hover-off):hover {\n  color: #1e73be;\n  background: none;\n}\n#default-btn-d936e7b2977fd5da00923ad2c7cd22b3:not(.link-hover-off):hover * {\n  color: #1e73be;\n  background: none;\n}\n#default-btn-d936e7b2977fd5da00923ad2c7cd22b3.ico-right-side > i {\n  margin-right: 0px;\n  margin-left: 8px;\n}\n#default-btn-d936e7b2977fd5da00923ad2c7cd22b3 > i {\n  margin-right: 8px;\n}<\/style><a href=\"http:\/\/www.euskadi.net\/cgi-bin_k54\/bopv_20?c&amp;f=20081224&amp;a=200807144\" class=\"default-btn-shortcode dt-btn-link btn-inline-left  vc_custom_1634970643641\" target=\"_blank\" id=\"default-btn-d936e7b2977fd5da00923ad2c7cd22b3\" rel=\"noopener\"><i class=\"far fa-file-pdf\"><\/i><span>Ver documento<\/span><\/a>[\/vc_column_inner][\/vc_row_inner][vc_row_inner css=&#8221;.vc_custom_1634922905144{margin-top: 15px !important;margin-right: 20px !important;margin-bottom: 10px !important;margin-left: 20px !important;padding-top: 10px !important;padding-right: 20px !important;padding-bottom: 10px !important;padding-left: 20px !important;background-color: #f9f9f9 !important;border-radius: 10px !important;}&#8221;][vc_column_inner css=&#8221;.vc_custom_1634922668170{margin-top: 0px !important;padding-top: 10px !important;padding-bottom: 10px !important;}&#8221;]<div id=\"ultimate-heading-498969f25b09f3ba3\" class=\"uvc-heading ult-adjust-bottom-margin ultimate-heading-498969f25b09f3ba3 uvc-6981 accent-title-color accent-border-color\" data-hspacer=\"no_spacer\"  data-halign=\"left\" style=\"text-align:left\"><div class=\"uvc-heading-spacer no_spacer\" style=\"top\"><\/div><div class=\"uvc-main-heading ult-responsive\"  data-ultimate-target='.uvc-heading.ultimate-heading-498969f25b09f3ba3 h4'  data-responsive-json-new='{\"font-size\":\"desktop:18px;\",\"line-height\":\"desktop:22px;\"}' ><h4 style=\"--font-weight:theme;\">Decreto sobre centros educativos de cumplimiento de medidas privativas de libertad en la Comunidad Aut\u00f3noma del Pa\u00eds Vasco<\/h4><\/div><\/div>[vc_column_text css=&#8221;.vc_custom_1634970674412{margin-top: 0px !important;margin-bottom: 0px !important;padding-top: 0px !important;padding-bottom: 0px !important;}&#8221;]El presente Decreto tiene por objeto la regulaci\u00f3n de los requisitos materiales, funcionales y de personal que deber\u00e1n reunir los centros para la ejecuci\u00f3n de las distintas medidas privativas de libertad.[\/vc_column_text]<style type=\"text\/css\" data-type=\"the7_shortcodes-inline-css\">#default-btn-31fc9b01e70c27914a55359477d9d38e {\n  font-size: 16px;\n  line-height: 18px;\n  font-weight: bold;\n  padding: 6px 2px 6px 2px;\n}\n#default-btn-31fc9b01e70c27914a55359477d9d38e.ico-right-side > i {\n  margin-right: 0px;\n  margin-left: 8px;\n}\n#default-btn-31fc9b01e70c27914a55359477d9d38e:after {\n  height: 0px;\n}\n#default-btn-31fc9b01e70c27914a55359477d9d38e > i {\n  margin-right: 8px;\n  font-size: 18px;\n}\n#default-btn-31fc9b01e70c27914a55359477d9d38e:not(.link-hover-off):hover {\n  color: #1e73be;\n  background: none;\n}\n#default-btn-31fc9b01e70c27914a55359477d9d38e:not(.link-hover-off):hover * {\n  color: #1e73be;\n  background: none;\n}\n#default-btn-31fc9b01e70c27914a55359477d9d38e.ico-right-side > i {\n  margin-right: 0px;\n  margin-left: 8px;\n}\n#default-btn-31fc9b01e70c27914a55359477d9d38e > i {\n  margin-right: 8px;\n}<\/style><a href=\"http:\/\/www.euskadi.net\/cgi-bin_k54\/bopv_20?c&amp;f=20090918&amp;a=200905094\" class=\"default-btn-shortcode dt-btn-link btn-inline-left  vc_custom_1634970684548\" target=\"_blank\" id=\"default-btn-31fc9b01e70c27914a55359477d9d38e\" rel=\"noopener\"><i class=\"far fa-file-pdf\"><\/i><span>Ver documento<\/span><\/a>[\/vc_column_inner][\/vc_row_inner][vc_row_inner css=&#8221;.vc_custom_1634922905144{margin-top: 15px !important;margin-right: 20px !important;margin-bottom: 10px !important;margin-left: 20px !important;padding-top: 10px !important;padding-right: 20px !important;padding-bottom: 10px !important;padding-left: 20px !important;background-color: #f9f9f9 !important;border-radius: 10px !important;}&#8221;][vc_column_inner css=&#8221;.vc_custom_1634922668170{margin-top: 0px !important;padding-top: 10px !important;padding-bottom: 10px !important;}&#8221;]<div id=\"ultimate-heading-10269f25b09f3cfa\" class=\"uvc-heading ult-adjust-bottom-margin ultimate-heading-10269f25b09f3cfa uvc-8433 accent-title-color accent-border-color\" data-hspacer=\"no_spacer\"  data-halign=\"left\" style=\"text-align:left\"><div class=\"uvc-heading-spacer no_spacer\" style=\"top\"><\/div><div class=\"uvc-main-heading ult-responsive\"  data-ultimate-target='.uvc-heading.ultimate-heading-10269f25b09f3cfa h4'  data-responsive-json-new='{\"font-size\":\"desktop:18px;\",\"line-height\":\"desktop:22px;\"}' ><h4 style=\"--font-weight:theme;\">Decreto por el que se aprueba el Reglamento de la Ley reguladora de la responsabilidad penal de los menores<\/h4><\/div><\/div>[vc_column_text css=&#8221;.vc_custom_1634970714785{margin-top: 0px !important;margin-bottom: 0px !important;padding-top: 0px !important;padding-bottom: 0px !important;}&#8221;]REAL DECRETO 1774\/2004, de 30 de julio, por el que se aprueba el Reglamento de la Ley Org\u00e1nica 5\/2000, de 12 de enero, reguladora de la responsabilidad penal de los menores. BOE. 209. 30 agosto 2004.[\/vc_column_text]<style type=\"text\/css\" data-type=\"the7_shortcodes-inline-css\">#default-btn-3ecae93f4e89ec2da3c0bbc6852e9424 {\n  font-size: 16px;\n  line-height: 18px;\n  font-weight: bold;\n  padding: 6px 2px 6px 2px;\n}\n#default-btn-3ecae93f4e89ec2da3c0bbc6852e9424.ico-right-side > i {\n  margin-right: 0px;\n  margin-left: 8px;\n}\n#default-btn-3ecae93f4e89ec2da3c0bbc6852e9424:after {\n  height: 0px;\n}\n#default-btn-3ecae93f4e89ec2da3c0bbc6852e9424 > i {\n  margin-right: 8px;\n  font-size: 18px;\n}\n#default-btn-3ecae93f4e89ec2da3c0bbc6852e9424:not(.link-hover-off):hover {\n  color: #1e73be;\n  background: none;\n}\n#default-btn-3ecae93f4e89ec2da3c0bbc6852e9424:not(.link-hover-off):hover * {\n  color: #1e73be;\n  background: none;\n}\n#default-btn-3ecae93f4e89ec2da3c0bbc6852e9424.ico-right-side > i {\n  margin-right: 0px;\n  margin-left: 8px;\n}\n#default-btn-3ecae93f4e89ec2da3c0bbc6852e9424 > i {\n  margin-right: 8px;\n}<\/style><a href=\"http:\/\/www.boe.es\/boe\/dias\/2004\/08\/30\/pdfs\/A30127-30149.pdf\" class=\"default-btn-shortcode dt-btn-link btn-inline-left  vc_custom_1634970725878\" target=\"_blank\" id=\"default-btn-3ecae93f4e89ec2da3c0bbc6852e9424\" rel=\"noopener\"><i class=\"far fa-file-pdf\"><\/i><span>Ver documento<\/span><\/a>[\/vc_column_inner][\/vc_row_inner][vc_row_inner css=&#8221;.vc_custom_1634922905144{margin-top: 15px !important;margin-right: 20px !important;margin-bottom: 10px !important;margin-left: 20px !important;padding-top: 10px !important;padding-right: 20px !important;padding-bottom: 10px !important;padding-left: 20px !important;background-color: #f9f9f9 !important;border-radius: 10px !important;}&#8221;][vc_column_inner css=&#8221;.vc_custom_1634922668170{margin-top: 0px !important;padding-top: 10px !important;padding-bottom: 10px !important;}&#8221;]<div id=\"ultimate-heading-653169f25b09f3e47\" class=\"uvc-heading ult-adjust-bottom-margin ultimate-heading-653169f25b09f3e47 uvc-5621 accent-title-color accent-border-color\" data-hspacer=\"no_spacer\"  data-halign=\"left\" style=\"text-align:left\"><div class=\"uvc-heading-spacer no_spacer\" style=\"top\"><\/div><div class=\"uvc-main-heading ult-responsive\"  data-ultimate-target='.uvc-heading.ultimate-heading-653169f25b09f3e47 h4'  data-responsive-json-new='{\"font-size\":\"desktop:18px;\",\"line-height\":\"desktop:22px;\"}' ><h4 style=\"--font-weight:theme;\">DECRETO 230\/2011, de 8 de noviembre, aprueba (BALORA) el instrumento para la valoraci\u00f3n de la gravedad de las situaciones de riesgo en los servicios sociales de atenci\u00f3n y protecci\u00f3n a la infancia y adolescencia en la CAPV<\/h4><\/div><\/div>[vc_column_text css=&#8221;.vc_custom_1634970757356{margin-top: 0px !important;margin-bottom: 0px !important;padding-top: 0px !important;padding-bottom: 0px !important;}&#8221;]El instrumento que se aprueba con el presente Decreto (BALORA), responde al objetivo: la valoraci\u00f3n de la existencia y la gravedad de las situaciones de riesgo y desamparo producidas en el seno familiar. Sin perjuicio de lo anterior, BALORA persigue otras finalidades: facilitar el trabajo de los y las profesionales de los servicios sociales de atenci\u00f3n y protecci\u00f3n a la infancia y adolescencia, agilizar el proceso de intervenci\u00f3n y promover una mejor coordinaci\u00f3n entre los \u00e1mbitos municipal y territorial, colaborando en la mejora de la calidad de la atenci\u00f3n proporcionada a estos ni\u00f1os, ni\u00f1as y adolescentes y sus familias.[\/vc_column_text]<style type=\"text\/css\" data-type=\"the7_shortcodes-inline-css\">#default-btn-d520319aa7f189d376e06235cce865e8 {\n  font-size: 16px;\n  line-height: 18px;\n  font-weight: bold;\n  padding: 6px 2px 6px 2px;\n}\n#default-btn-d520319aa7f189d376e06235cce865e8.ico-right-side > i {\n  margin-right: 0px;\n  margin-left: 8px;\n}\n#default-btn-d520319aa7f189d376e06235cce865e8:after {\n  height: 0px;\n}\n#default-btn-d520319aa7f189d376e06235cce865e8 > i {\n  margin-right: 8px;\n  font-size: 18px;\n}\n#default-btn-d520319aa7f189d376e06235cce865e8:not(.link-hover-off):hover {\n  color: #1e73be;\n  background: none;\n}\n#default-btn-d520319aa7f189d376e06235cce865e8:not(.link-hover-off):hover * {\n  color: #1e73be;\n  background: none;\n}\n#default-btn-d520319aa7f189d376e06235cce865e8.ico-right-side > i {\n  margin-right: 0px;\n  margin-left: 8px;\n}\n#default-btn-d520319aa7f189d376e06235cce865e8 > i {\n  margin-right: 8px;\n}<\/style><a href=\"http:\/\/www.euskadi.net\/cgi-bin_k54\/bopv_20?c&amp;f=20111212&amp;a=201105937\" class=\"default-btn-shortcode dt-btn-link btn-inline-left  vc_custom_1634970768640\" target=\"_blank\" id=\"default-btn-d520319aa7f189d376e06235cce865e8\" rel=\"noopener\"><i class=\"far fa-file-pdf\"><\/i><span>Ver documento<\/span><\/a>[\/vc_column_inner][\/vc_row_inner][vc_row_inner css=&#8221;.vc_custom_1634922905144{margin-top: 15px !important;margin-right: 20px !important;margin-bottom: 10px !important;margin-left: 20px !important;padding-top: 10px !important;padding-right: 20px !important;padding-bottom: 10px !important;padding-left: 20px !important;background-color: #f9f9f9 !important;border-radius: 10px !important;}&#8221;][vc_column_inner css=&#8221;.vc_custom_1634922668170{margin-top: 0px !important;padding-top: 10px !important;padding-bottom: 10px !important;}&#8221;]<div id=\"ultimate-heading-579769f25b09f3f9f\" class=\"uvc-heading ult-adjust-bottom-margin ultimate-heading-579769f25b09f3f9f uvc-1208 accent-title-color accent-border-color\" data-hspacer=\"no_spacer\"  data-halign=\"left\" style=\"text-align:left\"><div class=\"uvc-heading-spacer no_spacer\" style=\"top\"><\/div><div class=\"uvc-main-heading ult-responsive\"  data-ultimate-target='.uvc-heading.ultimate-heading-579769f25b09f3f9f h4'  data-responsive-json-new='{\"font-size\":\"desktop:18px;\",\"line-height\":\"desktop:22px;\"}' ><h4 style=\"--font-weight:theme;\">Decreto de creaci\u00f3n y regulaci\u00f3n del Observatorio Vasco de las Familias (2010)<\/h4><\/div><\/div>[vc_column_text css=&#8221;.vc_custom_1634970962771{margin-top: 0px !important;margin-bottom: 0px !important;padding-top: 0px !important;padding-bottom: 0px !important;}&#8221;]Creaci\u00f3n del Observatorio Vasco de las Familias, as\u00ed como la regulaci\u00f3n de su organizaci\u00f3n y funcionamiento.[\/vc_column_text]<style type=\"text\/css\" data-type=\"the7_shortcodes-inline-css\">#default-btn-48c760128761dd975f3afcb290df05f9 {\n  font-size: 16px;\n  line-height: 18px;\n  font-weight: bold;\n  padding: 6px 2px 6px 2px;\n}\n#default-btn-48c760128761dd975f3afcb290df05f9.ico-right-side > i {\n  margin-right: 0px;\n  margin-left: 8px;\n}\n#default-btn-48c760128761dd975f3afcb290df05f9:after {\n  height: 0px;\n}\n#default-btn-48c760128761dd975f3afcb290df05f9 > i {\n  margin-right: 8px;\n  font-size: 18px;\n}\n#default-btn-48c760128761dd975f3afcb290df05f9:not(.link-hover-off):hover {\n  color: #1e73be;\n  background: none;\n}\n#default-btn-48c760128761dd975f3afcb290df05f9:not(.link-hover-off):hover * {\n  color: #1e73be;\n  background: none;\n}\n#default-btn-48c760128761dd975f3afcb290df05f9.ico-right-side > i {\n  margin-right: 0px;\n  margin-left: 8px;\n}\n#default-btn-48c760128761dd975f3afcb290df05f9 > i {\n  margin-right: 8px;\n}<\/style><a href=\"http:\/\/www.euskadi.net\/cgi-bin_k54\/bopv_20?c&amp;f=20101202&amp;a=201005817\" class=\"default-btn-shortcode dt-btn-link btn-inline-left  vc_custom_1634970973172\" target=\"_blank\" id=\"default-btn-48c760128761dd975f3afcb290df05f9\" rel=\"noopener\"><i class=\"far fa-file-pdf\"><\/i><span>Ver documento<\/span><\/a>[\/vc_column_inner][\/vc_row_inner][vc_row_inner css=&#8221;.vc_custom_1634922905144{margin-top: 15px !important;margin-right: 20px !important;margin-bottom: 10px !important;margin-left: 20px !important;padding-top: 10px !important;padding-right: 20px !important;padding-bottom: 10px !important;padding-left: 20px !important;background-color: #f9f9f9 !important;border-radius: 10px !important;}&#8221;][vc_column_inner css=&#8221;.vc_custom_1634922668170{margin-top: 0px !important;padding-top: 10px !important;padding-bottom: 10px !important;}&#8221;]<div id=\"ultimate-heading-98769f25b09f40f4\" class=\"uvc-heading ult-adjust-bottom-margin ultimate-heading-98769f25b09f40f4 uvc-1987 accent-title-color accent-border-color\" data-hspacer=\"no_spacer\"  data-halign=\"left\" style=\"text-align:left\"><div class=\"uvc-heading-spacer no_spacer\" style=\"top\"><\/div><div class=\"uvc-main-heading ult-responsive\"  data-ultimate-target='.uvc-heading.ultimate-heading-98769f25b09f40f4 h4'  data-responsive-json-new='{\"font-size\":\"desktop:18px;\",\"line-height\":\"desktop:22px;\"}' ><h4 style=\"--font-weight:theme;\">Creaci\u00f3n del Observatorio de la Convivencia Escolar de la CAPV<\/h4><\/div><\/div>[vc_column_text css=&#8221;.vc_custom_1634971059523{margin-top: 0px !important;margin-bottom: 0px !important;padding-top: 0px !important;padding-bottom: 0px !important;}&#8221;]DECRETO 85\/2009, de 21 de abril, por el que se crea el Observatorio de la Convivencia Escolar de la Comunidad Aut\u00f3noma del Pa\u00eds Vasco.<\/p>\n<p>Un \u00f3rgano colegiado de car\u00e1cter consultivo y de asesoramiento, adscrito al Departamento de Educaci\u00f3n, Universidades e Investigaci\u00f3n, correspondiendo a la Viceconsejer\u00eda de Educaci\u00f3n prestar la asistencia t\u00e9cnica y administrativa necesaria al mismo.<br \/>\nEl \u00e1mbito del Observatorio de la Convivencia Escolar ser\u00e1 el de los centros educativos no universitarios de la Comunidad Aut\u00f3noma del Pa\u00eds Vasco.[\/vc_column_text]<style type=\"text\/css\" data-type=\"the7_shortcodes-inline-css\">#default-btn-bb1d85c51d0b1b281b8a95c7751d0861 {\n  font-size: 16px;\n  line-height: 18px;\n  font-weight: bold;\n  padding: 6px 2px 6px 2px;\n}\n#default-btn-bb1d85c51d0b1b281b8a95c7751d0861.ico-right-side > i {\n  margin-right: 0px;\n  margin-left: 8px;\n}\n#default-btn-bb1d85c51d0b1b281b8a95c7751d0861:after {\n  height: 0px;\n}\n#default-btn-bb1d85c51d0b1b281b8a95c7751d0861 > i {\n  margin-right: 8px;\n  font-size: 18px;\n}\n#default-btn-bb1d85c51d0b1b281b8a95c7751d0861:not(.link-hover-off):hover {\n  color: #1e73be;\n  background: none;\n}\n#default-btn-bb1d85c51d0b1b281b8a95c7751d0861:not(.link-hover-off):hover * {\n  color: #1e73be;\n  background: none;\n}\n#default-btn-bb1d85c51d0b1b281b8a95c7751d0861.ico-right-side > i {\n  margin-right: 0px;\n  margin-left: 8px;\n}\n#default-btn-bb1d85c51d0b1b281b8a95c7751d0861 > i {\n  margin-right: 8px;\n}<\/style><a href=\"http:\/\/www.euskadi.net\/cgi-bin_k54\/bopv_20?c&amp;f=20090513&amp;a=200902544\" class=\"default-btn-shortcode dt-btn-link btn-inline-left  vc_custom_1634971072610\" target=\"_blank\" id=\"default-btn-bb1d85c51d0b1b281b8a95c7751d0861\" rel=\"noopener\"><i class=\"far fa-file-pdf\"><\/i><span>Ver documento<\/span><\/a>[\/vc_column_inner][\/vc_row_inner][\/vc_accordion_tab][vc_accordion_tab title=&#8221;GENERO-INDARKERIAREN AURKA ETA AUKERA-BERDINTASUNA SUSTATZEAREN AURKA&#8221;][vc_row_inner css=&#8221;.vc_custom_1634922905144{margin-top: 15px !important;margin-right: 20px !important;margin-bottom: 10px !important;margin-left: 20px !important;padding-top: 10px !important;padding-right: 20px !important;padding-bottom: 10px !important;padding-left: 20px !important;background-color: #f9f9f9 !important;border-radius: 10px !important;}&#8221;][vc_column_inner css=&#8221;.vc_custom_1634922668170{margin-top: 0px !important;padding-top: 10px !important;padding-bottom: 10px !important;}&#8221;]<div id=\"ultimate-heading-213569f25b0a0000b\" class=\"uvc-heading ult-adjust-bottom-margin ultimate-heading-213569f25b0a0000b uvc-8001 accent-title-color accent-border-color\" data-hspacer=\"no_spacer\"  data-halign=\"left\" style=\"text-align:left\"><div class=\"uvc-heading-spacer no_spacer\" style=\"top\"><\/div><div class=\"uvc-main-heading ult-responsive\"  data-ultimate-target='.uvc-heading.ultimate-heading-213569f25b0a0000b h4'  data-responsive-json-new='{\"font-size\":\"desktop:18px;\",\"line-height\":\"desktop:22px;\"}' ><h4 style=\"--font-weight:theme;\">Ley sobre Medidas de Protecci\u00f3n Integral contra la Violencia de G\u00e9nero<\/h4><\/div><\/div>[vc_column_text css=&#8221;.vc_custom_1634971390839{margin-top: 0px !important;margin-bottom: 0px !important;padding-top: 0px !important;padding-bottom: 0px !important;}&#8221;]Ley Org\u00e1nica 1\/2004, de 28 de diciembre, de Medidas de Protecci\u00f3n Integral contra la Violencia de G\u00e9nero. BOE 29 diciembre 2004.[\/vc_column_text]<style type=\"text\/css\" data-type=\"the7_shortcodes-inline-css\">#default-btn-cbf9e70b0d63896a8e95410fb19ef5e8 {\n  font-size: 16px;\n  line-height: 18px;\n  font-weight: bold;\n  padding: 6px 2px 6px 2px;\n}\n#default-btn-cbf9e70b0d63896a8e95410fb19ef5e8.ico-right-side > i {\n  margin-right: 0px;\n  margin-left: 8px;\n}\n#default-btn-cbf9e70b0d63896a8e95410fb19ef5e8:after {\n  height: 0px;\n}\n#default-btn-cbf9e70b0d63896a8e95410fb19ef5e8 > i {\n  margin-right: 8px;\n  font-size: 18px;\n}\n#default-btn-cbf9e70b0d63896a8e95410fb19ef5e8:not(.link-hover-off):hover {\n  color: #1e73be;\n  background: none;\n}\n#default-btn-cbf9e70b0d63896a8e95410fb19ef5e8:not(.link-hover-off):hover * {\n  color: #1e73be;\n  background: none;\n}\n#default-btn-cbf9e70b0d63896a8e95410fb19ef5e8.ico-right-side > i {\n  margin-right: 0px;\n  margin-left: 8px;\n}\n#default-btn-cbf9e70b0d63896a8e95410fb19ef5e8 > i {\n  margin-right: 8px;\n}<\/style><a href=\"http:\/\/www.boe.es\/boe\/dias\/2004\/12\/29\/pdfs\/A42166-42197.pdf\" class=\"default-btn-shortcode dt-btn-link btn-inline-left  vc_custom_1634971406806\" target=\"_blank\" id=\"default-btn-cbf9e70b0d63896a8e95410fb19ef5e8\" rel=\"noopener\"><i class=\"far fa-file-pdf\"><\/i><span>Ver documento<\/span><\/a>[\/vc_column_inner][\/vc_row_inner][vc_row_inner css=&#8221;.vc_custom_1634922905144{margin-top: 15px !important;margin-right: 20px !important;margin-bottom: 10px !important;margin-left: 20px !important;padding-top: 10px !important;padding-right: 20px !important;padding-bottom: 10px !important;padding-left: 20px !important;background-color: #f9f9f9 !important;border-radius: 10px !important;}&#8221;][vc_column_inner css=&#8221;.vc_custom_1634922668170{margin-top: 0px !important;padding-top: 10px !important;padding-bottom: 10px !important;}&#8221;]<div id=\"ultimate-heading-250869f25b0a00171\" class=\"uvc-heading ult-adjust-bottom-margin ultimate-heading-250869f25b0a00171 uvc-9097 accent-title-color accent-border-color\" data-hspacer=\"no_spacer\"  data-halign=\"left\" style=\"text-align:left\"><div class=\"uvc-heading-spacer no_spacer\" style=\"top\"><\/div><div class=\"uvc-main-heading ult-responsive\"  data-ultimate-target='.uvc-heading.ultimate-heading-250869f25b0a00171 h4'  data-responsive-json-new='{\"font-size\":\"desktop:18px;\",\"line-height\":\"desktop:22px;\"}' ><h4 style=\"--font-weight:theme;\">Ley reguladora de la orden de protecci\u00f3n de las v\u00edctimas de violencia dom\u00e9stica<\/h4><\/div><\/div>[vc_column_text css=&#8221;.vc_custom_1634971459128{margin-top: 0px !important;margin-bottom: 0px !important;padding-top: 0px !important;padding-bottom: 0px !important;}&#8221;]Ley Org\u00e1nica 27\/2003, de 31 de julio, reguladora de la Orden de protecci\u00f3n de las v\u00edctimas de la violencia dom\u00e9stica. BOE.01 agosto 2003.[\/vc_column_text]<style type=\"text\/css\" data-type=\"the7_shortcodes-inline-css\">#default-btn-a47a987dd44c331567f4ed09328fc01e {\n  font-size: 16px;\n  line-height: 18px;\n  font-weight: bold;\n  padding: 6px 2px 6px 2px;\n}\n#default-btn-a47a987dd44c331567f4ed09328fc01e.ico-right-side > i {\n  margin-right: 0px;\n  margin-left: 8px;\n}\n#default-btn-a47a987dd44c331567f4ed09328fc01e:after {\n  height: 0px;\n}\n#default-btn-a47a987dd44c331567f4ed09328fc01e > i {\n  margin-right: 8px;\n  font-size: 18px;\n}\n#default-btn-a47a987dd44c331567f4ed09328fc01e:not(.link-hover-off):hover {\n  color: #1e73be;\n  background: none;\n}\n#default-btn-a47a987dd44c331567f4ed09328fc01e:not(.link-hover-off):hover * {\n  color: #1e73be;\n  background: none;\n}\n#default-btn-a47a987dd44c331567f4ed09328fc01e.ico-right-side > i {\n  margin-right: 0px;\n  margin-left: 8px;\n}\n#default-btn-a47a987dd44c331567f4ed09328fc01e > i {\n  margin-right: 8px;\n}<\/style><a href=\"http:\/\/www.boe.es\/boe\/dias\/2003\/08\/01\/pdfs\/A29881-29883.pdf\" class=\"default-btn-shortcode dt-btn-link btn-inline-left  vc_custom_1634971472527\" target=\"_blank\" id=\"default-btn-a47a987dd44c331567f4ed09328fc01e\" rel=\"noopener\"><i class=\"far fa-file-pdf\"><\/i><span>Ver documento<\/span><\/a>[\/vc_column_inner][\/vc_row_inner][vc_row_inner css=&#8221;.vc_custom_1634922905144{margin-top: 15px !important;margin-right: 20px !important;margin-bottom: 10px !important;margin-left: 20px !important;padding-top: 10px !important;padding-right: 20px !important;padding-bottom: 10px !important;padding-left: 20px !important;background-color: #f9f9f9 !important;border-radius: 10px !important;}&#8221;][vc_column_inner css=&#8221;.vc_custom_1634922668170{margin-top: 0px !important;padding-top: 10px !important;padding-bottom: 10px !important;}&#8221;]<div id=\"ultimate-heading-764769f25b0a002bc\" class=\"uvc-heading ult-adjust-bottom-margin ultimate-heading-764769f25b0a002bc uvc-9555 accent-title-color accent-border-color\" data-hspacer=\"no_spacer\"  data-halign=\"left\" style=\"text-align:left\"><div class=\"uvc-heading-spacer no_spacer\" style=\"top\"><\/div><div class=\"uvc-main-heading ult-responsive\"  data-ultimate-target='.uvc-heading.ultimate-heading-764769f25b0a002bc h4'  data-responsive-json-new='{\"font-size\":\"desktop:18px;\",\"line-height\":\"desktop:22px;\"}' ><h4 style=\"--font-weight:theme;\">Ley para la igualdad efectiva de mujeres y hombres<\/h4><\/div><\/div>[vc_column_text css=&#8221;.vc_custom_1634972182926{margin-top: 0px !important;margin-bottom: 0px !important;padding-top: 0px !important;padding-bottom: 0px !important;}&#8221;]Ley Org\u00e1nica 3\/2007, de 22 de marzo para la igualdad efectiva de mujeres y hombres.[\/vc_column_text]<style type=\"text\/css\" data-type=\"the7_shortcodes-inline-css\">#default-btn-d5eb3ef18056780acd463edf28806afb {\n  font-size: 16px;\n  line-height: 18px;\n  font-weight: bold;\n  padding: 6px 2px 6px 2px;\n}\n#default-btn-d5eb3ef18056780acd463edf28806afb.ico-right-side > i {\n  margin-right: 0px;\n  margin-left: 8px;\n}\n#default-btn-d5eb3ef18056780acd463edf28806afb:after {\n  height: 0px;\n}\n#default-btn-d5eb3ef18056780acd463edf28806afb > i {\n  margin-right: 8px;\n  font-size: 18px;\n}\n#default-btn-d5eb3ef18056780acd463edf28806afb:not(.link-hover-off):hover {\n  color: #1e73be;\n  background: none;\n}\n#default-btn-d5eb3ef18056780acd463edf28806afb:not(.link-hover-off):hover * {\n  color: #1e73be;\n  background: none;\n}\n#default-btn-d5eb3ef18056780acd463edf28806afb.ico-right-side > i {\n  margin-right: 0px;\n  margin-left: 8px;\n}\n#default-btn-d5eb3ef18056780acd463edf28806afb > i {\n  margin-right: 8px;\n}<\/style><a href=\"http:\/\/www.boe.es\/boe\/dias\/2007\/03\/23\/pdfs\/A12611-12645.pdf\" class=\"default-btn-shortcode dt-btn-link btn-inline-left  vc_custom_1634972196158\" target=\"_blank\" id=\"default-btn-d5eb3ef18056780acd463edf28806afb\" rel=\"noopener\"><i class=\"far fa-file-pdf\"><\/i><span>Ver documento<\/span><\/a>[\/vc_column_inner][\/vc_row_inner][vc_row_inner css=&#8221;.vc_custom_1634922905144{margin-top: 15px !important;margin-right: 20px !important;margin-bottom: 10px !important;margin-left: 20px !important;padding-top: 10px !important;padding-right: 20px !important;padding-bottom: 10px !important;padding-left: 20px !important;background-color: #f9f9f9 !important;border-radius: 10px !important;}&#8221;][vc_column_inner css=&#8221;.vc_custom_1634922668170{margin-top: 0px !important;padding-top: 10px !important;padding-bottom: 10px !important;}&#8221;]<div id=\"ultimate-heading-304069f25b0a00405\" class=\"uvc-heading ult-adjust-bottom-margin ultimate-heading-304069f25b0a00405 uvc-6591 accent-title-color accent-border-color\" data-hspacer=\"no_spacer\"  data-halign=\"left\" style=\"text-align:left\"><div class=\"uvc-heading-spacer no_spacer\" style=\"top\"><\/div><div class=\"uvc-main-heading ult-responsive\"  data-ultimate-target='.uvc-heading.ultimate-heading-304069f25b0a00405 h4'  data-responsive-json-new='{\"font-size\":\"desktop:18px;\",\"line-height\":\"desktop:22px;\"}' ><h4 style=\"--font-weight:theme;\">Ley para la Igualdad de Mujeres y Hombres del Pa\u00eds Vasco<\/h4><\/div><\/div>[vc_column_text css=&#8221;.vc_custom_1634972249988{margin-top: 0px !important;margin-bottom: 0px !important;padding-top: 0px !important;padding-bottom: 0px !important;}&#8221;]Ley 4\/2005, de 18 de febrero, para la Igualdad de Mujeres y Hombres del Pa\u00eds Vasco. BOPV.42. 2 de marzo de 2005.[\/vc_column_text]<style type=\"text\/css\" data-type=\"the7_shortcodes-inline-css\">#default-btn-9f784180517c2780b9a52827bec623ae {\n  font-size: 16px;\n  line-height: 18px;\n  font-weight: bold;\n  padding: 6px 2px 6px 2px;\n}\n#default-btn-9f784180517c2780b9a52827bec623ae.ico-right-side > i {\n  margin-right: 0px;\n  margin-left: 8px;\n}\n#default-btn-9f784180517c2780b9a52827bec623ae:after {\n  height: 0px;\n}\n#default-btn-9f784180517c2780b9a52827bec623ae > i {\n  margin-right: 8px;\n  font-size: 18px;\n}\n#default-btn-9f784180517c2780b9a52827bec623ae:not(.link-hover-off):hover {\n  color: #1e73be;\n  background: none;\n}\n#default-btn-9f784180517c2780b9a52827bec623ae:not(.link-hover-off):hover * {\n  color: #1e73be;\n  background: none;\n}\n#default-btn-9f784180517c2780b9a52827bec623ae.ico-right-side > i {\n  margin-right: 0px;\n  margin-left: 8px;\n}\n#default-btn-9f784180517c2780b9a52827bec623ae > i {\n  margin-right: 8px;\n}<\/style><a href=\"http:\/\/www.euskadi.net\/cgi-bin_k54\/bopv_20?c&amp;f=20050302&amp;a=200500982\" class=\"default-btn-shortcode dt-btn-link btn-inline-left  vc_custom_1634972264963\" target=\"_blank\" id=\"default-btn-9f784180517c2780b9a52827bec623ae\" rel=\"noopener\"><i class=\"far fa-file-pdf\"><\/i><span>Ver documento<\/span><\/a>[\/vc_column_inner][\/vc_row_inner][vc_row_inner css=&#8221;.vc_custom_1634922905144{margin-top: 15px !important;margin-right: 20px !important;margin-bottom: 10px !important;margin-left: 20px !important;padding-top: 10px !important;padding-right: 20px !important;padding-bottom: 10px !important;padding-left: 20px !important;background-color: #f9f9f9 !important;border-radius: 10px !important;}&#8221;][vc_column_inner css=&#8221;.vc_custom_1634922668170{margin-top: 0px !important;padding-top: 10px !important;padding-bottom: 10px !important;}&#8221;]<div id=\"ultimate-heading-910569f25b0a0057e\" class=\"uvc-heading ult-adjust-bottom-margin ultimate-heading-910569f25b0a0057e uvc-124 accent-title-color accent-border-color\" data-hspacer=\"no_spacer\"  data-halign=\"left\" style=\"text-align:left\"><div class=\"uvc-heading-spacer no_spacer\" style=\"top\"><\/div><div class=\"uvc-main-heading ult-responsive\"  data-ultimate-target='.uvc-heading.ultimate-heading-910569f25b0a0057e h4'  data-responsive-json-new='{\"font-size\":\"desktop:18px;\",\"line-height\":\"desktop:22px;\"}' ><h4 style=\"--font-weight:theme;\">Ley de Mediacion Familiar<\/h4><\/div><\/div>[vc_column_text css=&#8221;.vc_custom_1634972313204{margin-top: 0px !important;margin-bottom: 0px !important;padding-top: 0px !important;padding-bottom: 0px !important;}&#8221;]LEY 1\/2008, de 8 de febrero, de Mediaci\u00f3n Familiar.[\/vc_column_text]<style type=\"text\/css\" data-type=\"the7_shortcodes-inline-css\">#default-btn-a22bff7b19c064faa188fd5d1f348a5e {\n  font-size: 16px;\n  line-height: 18px;\n  font-weight: bold;\n  padding: 6px 2px 6px 2px;\n}\n#default-btn-a22bff7b19c064faa188fd5d1f348a5e.ico-right-side > i {\n  margin-right: 0px;\n  margin-left: 8px;\n}\n#default-btn-a22bff7b19c064faa188fd5d1f348a5e:after {\n  height: 0px;\n}\n#default-btn-a22bff7b19c064faa188fd5d1f348a5e > i {\n  margin-right: 8px;\n  font-size: 18px;\n}\n#default-btn-a22bff7b19c064faa188fd5d1f348a5e:not(.link-hover-off):hover {\n  color: #1e73be;\n  background: none;\n}\n#default-btn-a22bff7b19c064faa188fd5d1f348a5e:not(.link-hover-off):hover * {\n  color: #1e73be;\n  background: none;\n}\n#default-btn-a22bff7b19c064faa188fd5d1f348a5e.ico-right-side > i {\n  margin-right: 0px;\n  margin-left: 8px;\n}\n#default-btn-a22bff7b19c064faa188fd5d1f348a5e > i {\n  margin-right: 8px;\n}<\/style><a href=\"http:\/\/www.euskadi.net\/cgi-bin_k54\/bopv_20?c&amp;f=20080218&amp;a=200801004\" class=\"default-btn-shortcode dt-btn-link btn-inline-left  vc_custom_1634972326231\" target=\"_blank\" id=\"default-btn-a22bff7b19c064faa188fd5d1f348a5e\" rel=\"noopener\"><i class=\"far fa-file-pdf\"><\/i><span>Ver documento<\/span><\/a>[\/vc_column_inner][\/vc_row_inner][vc_row_inner css=&#8221;.vc_custom_1634922905144{margin-top: 15px !important;margin-right: 20px !important;margin-bottom: 10px !important;margin-left: 20px !important;padding-top: 10px !important;padding-right: 20px !important;padding-bottom: 10px !important;padding-left: 20px !important;background-color: #f9f9f9 !important;border-radius: 10px !important;}&#8221;][vc_column_inner css=&#8221;.vc_custom_1634922668170{margin-top: 0px !important;padding-top: 10px !important;padding-bottom: 10px !important;}&#8221;]<div id=\"ultimate-heading-846169f25b0a006e4\" class=\"uvc-heading ult-adjust-bottom-margin ultimate-heading-846169f25b0a006e4 uvc-2224 accent-title-color accent-border-color\" data-hspacer=\"no_spacer\"  data-halign=\"left\" style=\"text-align:left\"><div class=\"uvc-heading-spacer no_spacer\" style=\"top\"><\/div><div class=\"uvc-main-heading ult-responsive\"  data-ultimate-target='.uvc-heading.ultimate-heading-846169f25b0a006e4 h4'  data-responsive-json-new='{\"font-size\":\"desktop:18px;\",\"line-height\":\"desktop:22px;\"}' ><h4 style=\"--font-weight:theme;\">Decreto regulador de Recursos de acogida para mujeres v\u00edctimas de maltrato en el \u00e1mbito dom\u00e9stico<\/h4><\/div><\/div>[vc_column_text css=&#8221;.vc_custom_1634972359058{margin-top: 0px !important;margin-bottom: 0px !important;padding-top: 0px !important;padding-bottom: 0px !important;}&#8221;]<strong>Vivienda y Asuntos Sociales<\/strong><br \/>\nDECRETO 148\/2007, de 11 de septiembre, regulador de los recursos de acogida para mujeres v\u00edctimas de maltrato en el \u00e1mbito dom\u00e9stico.[\/vc_column_text]<style type=\"text\/css\" data-type=\"the7_shortcodes-inline-css\">#default-btn-7a7cf04074499fc76319370de11c7777 {\n  font-size: 16px;\n  line-height: 18px;\n  font-weight: bold;\n  padding: 6px 2px 6px 2px;\n}\n#default-btn-7a7cf04074499fc76319370de11c7777.ico-right-side > i {\n  margin-right: 0px;\n  margin-left: 8px;\n}\n#default-btn-7a7cf04074499fc76319370de11c7777:after {\n  height: 0px;\n}\n#default-btn-7a7cf04074499fc76319370de11c7777 > i {\n  margin-right: 8px;\n  font-size: 18px;\n}\n#default-btn-7a7cf04074499fc76319370de11c7777:not(.link-hover-off):hover {\n  color: #1e73be;\n  background: none;\n}\n#default-btn-7a7cf04074499fc76319370de11c7777:not(.link-hover-off):hover * {\n  color: #1e73be;\n  background: none;\n}\n#default-btn-7a7cf04074499fc76319370de11c7777.ico-right-side > i {\n  margin-right: 0px;\n  margin-left: 8px;\n}\n#default-btn-7a7cf04074499fc76319370de11c7777 > i {\n  margin-right: 8px;\n}<\/style><a href=\"http:\/\/www.euskadi.net\/cgi-bin_k54\/bopv_20?c&amp;f=20070927&amp;a=200705311\" class=\"default-btn-shortcode dt-btn-link btn-inline-left  vc_custom_1634972374404\" target=\"_blank\" id=\"default-btn-7a7cf04074499fc76319370de11c7777\" rel=\"noopener\"><i class=\"far fa-file-pdf\"><\/i><span>Ver documento<\/span><\/a>[\/vc_column_inner][\/vc_row_inner][\/vc_accordion_tab][vc_accordion_tab title=&#8221;BAZTERTZEA&#8221;][vc_row_inner css=&#8221;.vc_custom_1634922905144{margin-top: 15px !important;margin-right: 20px !important;margin-bottom: 10px !important;margin-left: 20px !important;padding-top: 10px !important;padding-right: 20px !important;padding-bottom: 10px !important;padding-left: 20px !important;background-color: #f9f9f9 !important;border-radius: 10px !important;}&#8221;][vc_column_inner css=&#8221;.vc_custom_1634922668170{margin-top: 0px !important;padding-top: 10px !important;padding-bottom: 10px !important;}&#8221;]<div id=\"ultimate-heading-276769f25b0a0084a\" class=\"uvc-heading ult-adjust-bottom-margin ultimate-heading-276769f25b0a0084a uvc-5100 accent-title-color accent-border-color\" data-hspacer=\"no_spacer\"  data-halign=\"left\" style=\"text-align:left\"><div class=\"uvc-heading-spacer no_spacer\" style=\"top\"><\/div><div class=\"uvc-main-heading ult-responsive\"  data-ultimate-target='.uvc-heading.ultimate-heading-276769f25b0a0084a h4'  data-responsive-json-new='{\"font-size\":\"desktop:18px;\",\"line-height\":\"desktop:22px;\"}' ><h4 style=\"--font-weight:theme;\">Modificaci\u00f3n del Reglamento de la Ley Org\u00e1nica 4\/2000, sobre derechos y libertades de los extranjeros en Espa\u00f1a y su integraci\u00f3n social<\/h4><\/div><\/div>[vc_column_text css=&#8221;.vc_custom_1634972871951{margin-top: 0px !important;margin-bottom: 0px !important;padding-top: 0px !important;padding-bottom: 0px !important;}&#8221;]Real Decreto 903\/2021, de 19 de octubre, por el que se modifica el Reglamento de la Ley Org\u00e1nica 4\/2000, sobre derechos y libertades de los extranjeros en Espa\u00f1a y su integraci\u00f3n social, tras su reforma por Ley Org\u00e1nica 2\/2009, aprobado por el Real Decreto 557\/2011, de 20 de abril.[\/vc_column_text]<style type=\"text\/css\" data-type=\"the7_shortcodes-inline-css\">#default-btn-52a0c7436ceb0697582aa2de4417ed4a {\n  font-size: 16px;\n  line-height: 18px;\n  font-weight: bold;\n  padding: 6px 2px 6px 2px;\n}\n#default-btn-52a0c7436ceb0697582aa2de4417ed4a.ico-right-side > i {\n  margin-right: 0px;\n  margin-left: 8px;\n}\n#default-btn-52a0c7436ceb0697582aa2de4417ed4a:after {\n  height: 0px;\n}\n#default-btn-52a0c7436ceb0697582aa2de4417ed4a > i {\n  margin-right: 8px;\n  font-size: 18px;\n}\n#default-btn-52a0c7436ceb0697582aa2de4417ed4a:not(.link-hover-off):hover {\n  color: #1e73be;\n  background: none;\n}\n#default-btn-52a0c7436ceb0697582aa2de4417ed4a:not(.link-hover-off):hover * {\n  color: #1e73be;\n  background: none;\n}\n#default-btn-52a0c7436ceb0697582aa2de4417ed4a.ico-right-side > i {\n  margin-right: 0px;\n  margin-left: 8px;\n}\n#default-btn-52a0c7436ceb0697582aa2de4417ed4a > i {\n  margin-right: 8px;\n}<\/style><a href=\"https:\/\/www.boe.es\/boe\/dias\/2021\/10\/20\/pdfs\/BOE-A-2021-17048.pdf\" class=\"default-btn-shortcode dt-btn-link btn-inline-left  vc_custom_1634972889097\" target=\"_blank\" id=\"default-btn-52a0c7436ceb0697582aa2de4417ed4a\" rel=\"noopener\"><i class=\"far fa-file-pdf\"><\/i><span>Ver documento<\/span><\/a>[\/vc_column_inner][\/vc_row_inner][vc_row_inner css=&#8221;.vc_custom_1634922905144{margin-top: 15px !important;margin-right: 20px !important;margin-bottom: 10px !important;margin-left: 20px !important;padding-top: 10px !important;padding-right: 20px !important;padding-bottom: 10px !important;padding-left: 20px !important;background-color: #f9f9f9 !important;border-radius: 10px !important;}&#8221;][vc_column_inner css=&#8221;.vc_custom_1634922668170{margin-top: 0px !important;padding-top: 10px !important;padding-bottom: 10px !important;}&#8221;]<div id=\"ultimate-heading-157669f25b0a00994\" class=\"uvc-heading ult-adjust-bottom-margin ultimate-heading-157669f25b0a00994 uvc-2201 accent-title-color accent-border-color\" data-hspacer=\"no_spacer\"  data-halign=\"left\" style=\"text-align:left\"><div class=\"uvc-heading-spacer no_spacer\" style=\"top\"><\/div><div class=\"uvc-main-heading ult-responsive\"  data-ultimate-target='.uvc-heading.ultimate-heading-157669f25b0a00994 h4'  data-responsive-json-new='{\"font-size\":\"desktop:18px;\",\"line-height\":\"desktop:22px;\"}' ><h4 style=\"--font-weight:theme;\">Instrumento de valoraci\u00f3n de la exclusion social<\/h4><\/div><\/div>[vc_column_text css=&#8221;.vc_custom_1634972922854{margin-top: 0px !important;margin-bottom: 0px !important;padding-top: 0px !important;padding-bottom: 0px !important;}&#8221;]DECRETO 385\/2013, de 16 de julio, por el que se aprueba el Instrumento de Valoraci\u00f3n de la Exclusi\u00f3n Social.[\/vc_column_text]<style type=\"text\/css\" data-type=\"the7_shortcodes-inline-css\">#default-btn-84a8b99e0efc9680211da34f7b993241 {\n  font-size: 16px;\n  line-height: 18px;\n  font-weight: bold;\n  padding: 6px 2px 6px 2px;\n}\n#default-btn-84a8b99e0efc9680211da34f7b993241.ico-right-side > i {\n  margin-right: 0px;\n  margin-left: 8px;\n}\n#default-btn-84a8b99e0efc9680211da34f7b993241:after {\n  height: 0px;\n}\n#default-btn-84a8b99e0efc9680211da34f7b993241 > i {\n  margin-right: 8px;\n  font-size: 18px;\n}\n#default-btn-84a8b99e0efc9680211da34f7b993241:not(.link-hover-off):hover {\n  color: #1e73be;\n  background: none;\n}\n#default-btn-84a8b99e0efc9680211da34f7b993241:not(.link-hover-off):hover * {\n  color: #1e73be;\n  background: none;\n}\n#default-btn-84a8b99e0efc9680211da34f7b993241.ico-right-side > i {\n  margin-right: 0px;\n  margin-left: 8px;\n}\n#default-btn-84a8b99e0efc9680211da34f7b993241 > i {\n  margin-right: 8px;\n}<\/style><a href=\"https:\/\/www.euskadi.net\/bopv2\/datos\/2013\/08\/1303530a.pdf\" class=\"default-btn-shortcode dt-btn-link btn-inline-left  vc_custom_1634972933616\" target=\"_blank\" id=\"default-btn-84a8b99e0efc9680211da34f7b993241\" rel=\"noopener\"><i class=\"far fa-file-pdf\"><\/i><span>Ver documento<\/span><\/a>[\/vc_column_inner][\/vc_row_inner][vc_row_inner css=&#8221;.vc_custom_1634922905144{margin-top: 15px !important;margin-right: 20px !important;margin-bottom: 10px !important;margin-left: 20px !important;padding-top: 10px !important;padding-right: 20px !important;padding-bottom: 10px !important;padding-left: 20px !important;background-color: #f9f9f9 !important;border-radius: 10px !important;}&#8221;][vc_column_inner css=&#8221;.vc_custom_1634922668170{margin-top: 0px !important;padding-top: 10px !important;padding-bottom: 10px !important;}&#8221;]<div id=\"ultimate-heading-845069f25b0a00add\" class=\"uvc-heading ult-adjust-bottom-margin ultimate-heading-845069f25b0a00add uvc-2276 accent-title-color accent-border-color\" data-hspacer=\"no_spacer\"  data-halign=\"left\" style=\"text-align:left\"><div class=\"uvc-heading-spacer no_spacer\" style=\"top\"><\/div><div class=\"uvc-main-heading ult-responsive\"  data-ultimate-target='.uvc-heading.ultimate-heading-845069f25b0a00add h4'  data-responsive-json-new='{\"font-size\":\"desktop:18px;\",\"line-height\":\"desktop:22px;\"}' ><h4 style=\"--font-weight:theme;\">Modificaci\u00f3n de la ley sobre derechos y libertades de los extranjeros en Espa\u00f1a y su Integraci\u00f3n social. Ley 8\/2000<\/h4><\/div><\/div>[vc_column_text css=&#8221;.vc_custom_1634972960310{margin-top: 0px !important;margin-bottom: 0px !important;padding-top: 0px !important;padding-bottom: 0px !important;}&#8221;]Ley org\u00e1nica 8\/2000 de 22 de diciembre de reforma de la Ley Org\u00e1nica 4\/2000 BOE.307. 23 diciembre 2000.[\/vc_column_text]<style type=\"text\/css\" data-type=\"the7_shortcodes-inline-css\">#default-btn-130de1dfdc900a79f9549c38df47f710 {\n  font-size: 16px;\n  line-height: 18px;\n  font-weight: bold;\n  padding: 6px 2px 6px 2px;\n}\n#default-btn-130de1dfdc900a79f9549c38df47f710.ico-right-side > i {\n  margin-right: 0px;\n  margin-left: 8px;\n}\n#default-btn-130de1dfdc900a79f9549c38df47f710:after {\n  height: 0px;\n}\n#default-btn-130de1dfdc900a79f9549c38df47f710 > i {\n  margin-right: 8px;\n  font-size: 18px;\n}\n#default-btn-130de1dfdc900a79f9549c38df47f710:not(.link-hover-off):hover {\n  color: #1e73be;\n  background: none;\n}\n#default-btn-130de1dfdc900a79f9549c38df47f710:not(.link-hover-off):hover * {\n  color: #1e73be;\n  background: none;\n}\n#default-btn-130de1dfdc900a79f9549c38df47f710.ico-right-side > i {\n  margin-right: 0px;\n  margin-left: 8px;\n}\n#default-btn-130de1dfdc900a79f9549c38df47f710 > i {\n  margin-right: 8px;\n}<\/style><a href=\"http:\/\/www.boe.es\/boe\/dias\/2000\/12\/23\/pdfs\/A45508-45522.pdf\" class=\"default-btn-shortcode dt-btn-link btn-inline-left  vc_custom_1634972984206\" target=\"_blank\" id=\"default-btn-130de1dfdc900a79f9549c38df47f710\" rel=\"noopener\"><i class=\"far fa-file-pdf\"><\/i><span>Ver documento<\/span><\/a>[\/vc_column_inner][\/vc_row_inner][vc_row_inner css=&#8221;.vc_custom_1634922905144{margin-top: 15px !important;margin-right: 20px !important;margin-bottom: 10px !important;margin-left: 20px !important;padding-top: 10px !important;padding-right: 20px !important;padding-bottom: 10px !important;padding-left: 20px !important;background-color: #f9f9f9 !important;border-radius: 10px !important;}&#8221;][vc_column_inner css=&#8221;.vc_custom_1634922668170{margin-top: 0px !important;padding-top: 10px !important;padding-bottom: 10px !important;}&#8221;]<div id=\"ultimate-heading-686069f25b0a00c27\" class=\"uvc-heading ult-adjust-bottom-margin ultimate-heading-686069f25b0a00c27 uvc-8347 accent-title-color accent-border-color\" data-hspacer=\"no_spacer\"  data-halign=\"left\" style=\"text-align:left\"><div class=\"uvc-heading-spacer no_spacer\" style=\"top\"><\/div><div class=\"uvc-main-heading ult-responsive\"  data-ultimate-target='.uvc-heading.ultimate-heading-686069f25b0a00c27 h4'  data-responsive-json-new='{\"font-size\":\"desktop:18px;\",\"line-height\":\"desktop:22px;\"}' ><h4 style=\"--font-weight:theme;\">Modificaci\u00f3n de la ley de exclusi\u00f3n y de la carta de Derechos Sociales. Ley 4\/2007<\/h4><\/div><\/div>[vc_column_text css=&#8221;.vc_custom_1634973009068{margin-top: 0px !important;margin-bottom: 0px !important;padding-top: 0px !important;padding-bottom: 0px !important;}&#8221;]Ley 4\/2007, de 22 de Junio, por la que se modifica la ley 12\/1998 de 22 de Mayo, contra la exclusi\u00f3n social y la ley 10\/2000, de 27 de Diciembre, de carta de Derechos Sociales[\/vc_column_text]<style type=\"text\/css\" data-type=\"the7_shortcodes-inline-css\">#default-btn-0770d4c4160f6f123fb65f7d0c912a38 {\n  font-size: 16px;\n  line-height: 18px;\n  font-weight: bold;\n  padding: 6px 2px 6px 2px;\n}\n#default-btn-0770d4c4160f6f123fb65f7d0c912a38.ico-right-side > i {\n  margin-right: 0px;\n  margin-left: 8px;\n}\n#default-btn-0770d4c4160f6f123fb65f7d0c912a38:after {\n  height: 0px;\n}\n#default-btn-0770d4c4160f6f123fb65f7d0c912a38 > i {\n  margin-right: 8px;\n  font-size: 18px;\n}\n#default-btn-0770d4c4160f6f123fb65f7d0c912a38:not(.link-hover-off):hover {\n  color: #1e73be;\n  background: none;\n}\n#default-btn-0770d4c4160f6f123fb65f7d0c912a38:not(.link-hover-off):hover * {\n  color: #1e73be;\n  background: none;\n}\n#default-btn-0770d4c4160f6f123fb65f7d0c912a38.ico-right-side > i {\n  margin-right: 0px;\n  margin-left: 8px;\n}\n#default-btn-0770d4c4160f6f123fb65f7d0c912a38 > i {\n  margin-right: 8px;\n}<\/style><a href=\"http:\/\/www.euskadi.net\/bopv2\/datos\/2007\/07\/0703900a.pdf\" class=\"default-btn-shortcode dt-btn-link btn-inline-left  vc_custom_1634973020354\" target=\"_blank\" id=\"default-btn-0770d4c4160f6f123fb65f7d0c912a38\" rel=\"noopener\"><i class=\"far fa-file-pdf\"><\/i><span>Ver documento<\/span><\/a>[\/vc_column_inner][\/vc_row_inner][vc_row_inner css=&#8221;.vc_custom_1634922905144{margin-top: 15px !important;margin-right: 20px !important;margin-bottom: 10px !important;margin-left: 20px !important;padding-top: 10px !important;padding-right: 20px !important;padding-bottom: 10px !important;padding-left: 20px !important;background-color: #f9f9f9 !important;border-radius: 10px !important;}&#8221;][vc_column_inner css=&#8221;.vc_custom_1634922668170{margin-top: 0px !important;padding-top: 10px !important;padding-bottom: 10px !important;}&#8221;]<div id=\"ultimate-heading-201869f25b0a00d72\" class=\"uvc-heading ult-adjust-bottom-margin ultimate-heading-201869f25b0a00d72 uvc-6956 accent-title-color accent-border-color\" data-hspacer=\"no_spacer\"  data-halign=\"left\" style=\"text-align:left\"><div class=\"uvc-heading-spacer no_spacer\" style=\"top\"><\/div><div class=\"uvc-main-heading ult-responsive\"  data-ultimate-target='.uvc-heading.ultimate-heading-201869f25b0a00d72 h4'  data-responsive-json-new='{\"font-size\":\"desktop:18px;\",\"line-height\":\"desktop:22px;\"}' ><h4 style=\"--font-weight:theme;\">Modificaci\u00f3n de la Ley de Exclusion Social y Ley de Carta de Derechos Sociales. Ley 8\/2008<\/h4><\/div><\/div>[vc_column_text css=&#8221;.vc_custom_1634973043743{margin-top: 0px !important;margin-bottom: 0px !important;padding-top: 0px !important;padding-bottom: 0px !important;}&#8221;]LEY 8\/2008, de 25 de junio, por la que se modifica la Ley contra la Exclusi\u00f3n Social y la Ley de Carta de Derechos Sociales.[\/vc_column_text]<style type=\"text\/css\" data-type=\"the7_shortcodes-inline-css\">#default-btn-6b9ab0f084ed01230ce23483b731e5a4 {\n  font-size: 16px;\n  line-height: 18px;\n  font-weight: bold;\n  padding: 6px 2px 6px 2px;\n}\n#default-btn-6b9ab0f084ed01230ce23483b731e5a4.ico-right-side > i {\n  margin-right: 0px;\n  margin-left: 8px;\n}\n#default-btn-6b9ab0f084ed01230ce23483b731e5a4:after {\n  height: 0px;\n}\n#default-btn-6b9ab0f084ed01230ce23483b731e5a4 > i {\n  margin-right: 8px;\n  font-size: 18px;\n}\n#default-btn-6b9ab0f084ed01230ce23483b731e5a4:not(.link-hover-off):hover {\n  color: #1e73be;\n  background: none;\n}\n#default-btn-6b9ab0f084ed01230ce23483b731e5a4:not(.link-hover-off):hover * {\n  color: #1e73be;\n  background: none;\n}\n#default-btn-6b9ab0f084ed01230ce23483b731e5a4.ico-right-side > i {\n  margin-right: 0px;\n  margin-left: 8px;\n}\n#default-btn-6b9ab0f084ed01230ce23483b731e5a4 > i {\n  margin-right: 8px;\n}<\/style><a href=\"http:\/\/www.euskadi.net\/cgi-bin_k54\/bopv_20?c&amp;f=20080704&amp;a=200804081\" class=\"default-btn-shortcode dt-btn-link btn-inline-left  vc_custom_1634973086097\" target=\"_blank\" id=\"default-btn-6b9ab0f084ed01230ce23483b731e5a4\" rel=\"noopener\"><i class=\"far fa-file-pdf\"><\/i><span>Ver documento<\/span><\/a>[\/vc_column_inner][\/vc_row_inner][vc_row_inner css=&#8221;.vc_custom_1634922905144{margin-top: 15px !important;margin-right: 20px !important;margin-bottom: 10px !important;margin-left: 20px !important;padding-top: 10px !important;padding-right: 20px !important;padding-bottom: 10px !important;padding-left: 20px !important;background-color: #f9f9f9 !important;border-radius: 10px !important;}&#8221;][vc_column_inner css=&#8221;.vc_custom_1634922668170{margin-top: 0px !important;padding-top: 10px !important;padding-bottom: 10px !important;}&#8221;]<div id=\"ultimate-heading-368369f25b0a00ec7\" class=\"uvc-heading ult-adjust-bottom-margin ultimate-heading-368369f25b0a00ec7 uvc-6091 accent-title-color accent-border-color\" data-hspacer=\"no_spacer\"  data-halign=\"left\" style=\"text-align:left\"><div class=\"uvc-heading-spacer no_spacer\" style=\"top\"><\/div><div class=\"uvc-main-heading ult-responsive\"  data-ultimate-target='.uvc-heading.ultimate-heading-368369f25b0a00ec7 h4'  data-responsive-json-new='{\"font-size\":\"desktop:18px;\",\"line-height\":\"desktop:22px;\"}' ><h4 style=\"--font-weight:theme;\">Modificaci\u00f3n de la Ley contra la Exclusi\u00f3n Social del Pa\u00eds Vasco. Ley 9\/2000<\/h4><\/div><\/div>[vc_column_text css=&#8221;.vc_custom_1634973119274{margin-top: 0px !important;margin-bottom: 0px !important;padding-top: 0px !important;padding-bottom: 0px !important;}&#8221;]Ley 9\/2000 de 10 de noviembre de modificaci\u00f3n de la Ley contra la Exclusi\u00f3n Social del Pa\u00eds Vasco. BOPV.1. 2 de enero de 2001[\/vc_column_text]<style type=\"text\/css\" data-type=\"the7_shortcodes-inline-css\">#default-btn-6b47295cf9e22d8df62e053c27a4d1e7 {\n  font-size: 16px;\n  line-height: 18px;\n  font-weight: bold;\n  padding: 6px 2px 6px 2px;\n}\n#default-btn-6b47295cf9e22d8df62e053c27a4d1e7.ico-right-side > i {\n  margin-right: 0px;\n  margin-left: 8px;\n}\n#default-btn-6b47295cf9e22d8df62e053c27a4d1e7:after {\n  height: 0px;\n}\n#default-btn-6b47295cf9e22d8df62e053c27a4d1e7 > i {\n  margin-right: 8px;\n  font-size: 18px;\n}\n#default-btn-6b47295cf9e22d8df62e053c27a4d1e7:not(.link-hover-off):hover {\n  color: #1e73be;\n  background: none;\n}\n#default-btn-6b47295cf9e22d8df62e053c27a4d1e7:not(.link-hover-off):hover * {\n  color: #1e73be;\n  background: none;\n}\n#default-btn-6b47295cf9e22d8df62e053c27a4d1e7.ico-right-side > i {\n  margin-right: 0px;\n  margin-left: 8px;\n}\n#default-btn-6b47295cf9e22d8df62e053c27a4d1e7 > i {\n  margin-right: 8px;\n}<\/style><a href=\"http:\/\/www.euskadi.net\/cgi-bin_k54\/bopv_20?c&amp;f=20010102&amp;a=200100002\" class=\"default-btn-shortcode dt-btn-link btn-inline-left  vc_custom_1634973129314\" target=\"_blank\" id=\"default-btn-6b47295cf9e22d8df62e053c27a4d1e7\" rel=\"noopener\"><i class=\"far fa-file-pdf\"><\/i><span>Ver documento<\/span><\/a>[\/vc_column_inner][\/vc_row_inner][vc_row_inner css=&#8221;.vc_custom_1634922905144{margin-top: 15px !important;margin-right: 20px !important;margin-bottom: 10px !important;margin-left: 20px !important;padding-top: 10px !important;padding-right: 20px !important;padding-bottom: 10px !important;padding-left: 20px !important;background-color: #f9f9f9 !important;border-radius: 10px !important;}&#8221;][vc_column_inner css=&#8221;.vc_custom_1634922668170{margin-top: 0px !important;padding-top: 10px !important;padding-bottom: 10px !important;}&#8221;]<div id=\"ultimate-heading-604369f25b0a0101e\" class=\"uvc-heading ult-adjust-bottom-margin ultimate-heading-604369f25b0a0101e uvc-2533 accent-title-color accent-border-color\" data-hspacer=\"no_spacer\"  data-halign=\"left\" style=\"text-align:left\"><div class=\"uvc-heading-spacer no_spacer\" style=\"top\"><\/div><div class=\"uvc-main-heading ult-responsive\"  data-ultimate-target='.uvc-heading.ultimate-heading-604369f25b0a0101e h4'  data-responsive-json-new='{\"font-size\":\"desktop:18px;\",\"line-height\":\"desktop:22px;\"}' ><h4 style=\"--font-weight:theme;\">Modificaci\u00f3n de la Ley contra la Exclusi\u00f3n Social del Pa\u00eds Vasco. Ley 8\/2000<\/h4><\/div><\/div>[vc_column_text css=&#8221;.vc_custom_1634973160843{margin-top: 0px !important;margin-bottom: 0px !important;padding-top: 0px !important;padding-bottom: 0px !important;}&#8221;]Ley 8\/2000 de 10 de noviembre de modificaci\u00f3n de la Ley contra la Exclusi\u00f3n Social del Pa\u00eds Vasco . BOPV.1.2 de enero de 2001[\/vc_column_text]<style type=\"text\/css\" data-type=\"the7_shortcodes-inline-css\">#default-btn-b208739c41920614d350bfea0862c9d7 {\n  font-size: 16px;\n  line-height: 18px;\n  font-weight: bold;\n  padding: 6px 2px 6px 2px;\n}\n#default-btn-b208739c41920614d350bfea0862c9d7.ico-right-side > i {\n  margin-right: 0px;\n  margin-left: 8px;\n}\n#default-btn-b208739c41920614d350bfea0862c9d7:after {\n  height: 0px;\n}\n#default-btn-b208739c41920614d350bfea0862c9d7 > i {\n  margin-right: 8px;\n  font-size: 18px;\n}\n#default-btn-b208739c41920614d350bfea0862c9d7:not(.link-hover-off):hover {\n  color: #1e73be;\n  background: none;\n}\n#default-btn-b208739c41920614d350bfea0862c9d7:not(.link-hover-off):hover * {\n  color: #1e73be;\n  background: none;\n}\n#default-btn-b208739c41920614d350bfea0862c9d7.ico-right-side > i {\n  margin-right: 0px;\n  margin-left: 8px;\n}\n#default-btn-b208739c41920614d350bfea0862c9d7 > i {\n  margin-right: 8px;\n}<\/style><a href=\"http:\/\/www.euskadi.net\/cgi-bin_k54\/bopv_20?c&amp;f=20010102&amp;a=200100001\" class=\"default-btn-shortcode dt-btn-link btn-inline-left  vc_custom_1634973172330\" target=\"_blank\" id=\"default-btn-b208739c41920614d350bfea0862c9d7\" rel=\"noopener\"><i class=\"far fa-file-pdf\"><\/i><span>Ver documento<\/span><\/a>[\/vc_column_inner][\/vc_row_inner][vc_row_inner css=&#8221;.vc_custom_1634922905144{margin-top: 15px !important;margin-right: 20px !important;margin-bottom: 10px !important;margin-left: 20px !important;padding-top: 10px !important;padding-right: 20px !important;padding-bottom: 10px !important;padding-left: 20px !important;background-color: #f9f9f9 !important;border-radius: 10px !important;}&#8221;][vc_column_inner css=&#8221;.vc_custom_1634922668170{margin-top: 0px !important;padding-top: 10px !important;padding-bottom: 10px !important;}&#8221;]<div id=\"ultimate-heading-87969f25b0a01175\" class=\"uvc-heading ult-adjust-bottom-margin ultimate-heading-87969f25b0a01175 uvc-9926 accent-title-color accent-border-color\" data-hspacer=\"no_spacer\"  data-halign=\"left\" style=\"text-align:left\"><div class=\"uvc-heading-spacer no_spacer\" style=\"top\"><\/div><div class=\"uvc-main-heading ult-responsive\"  data-ultimate-target='.uvc-heading.ultimate-heading-87969f25b0a01175 h4'  data-responsive-json-new='{\"font-size\":\"desktop:18px;\",\"line-height\":\"desktop:22px;\"}' ><h4 style=\"--font-weight:theme;\">Modificaci\u00f3n de la Ley contra la Exclusi\u00f3n Social del Pa\u00eds Vasco. Ley 4\/2003<\/h4><\/div><\/div>[vc_column_text css=&#8221;.vc_custom_1634973201332{margin-top: 0px !important;margin-bottom: 0px !important;padding-top: 0px !important;padding-bottom: 0px !important;}&#8221;]Ley 4\/2003 de 25 de junio de modificaci\u00f3n de la Ley anterior. BOPV 137, 14 julio 2003.[\/vc_column_text]<style type=\"text\/css\" data-type=\"the7_shortcodes-inline-css\">#default-btn-1d01ad1d910b56860c59098c683b0a10 {\n  font-size: 16px;\n  line-height: 18px;\n  font-weight: bold;\n  padding: 6px 2px 6px 2px;\n}\n#default-btn-1d01ad1d910b56860c59098c683b0a10.ico-right-side > i {\n  margin-right: 0px;\n  margin-left: 8px;\n}\n#default-btn-1d01ad1d910b56860c59098c683b0a10:after {\n  height: 0px;\n}\n#default-btn-1d01ad1d910b56860c59098c683b0a10 > i {\n  margin-right: 8px;\n  font-size: 18px;\n}\n#default-btn-1d01ad1d910b56860c59098c683b0a10:not(.link-hover-off):hover {\n  color: #1e73be;\n  background: none;\n}\n#default-btn-1d01ad1d910b56860c59098c683b0a10:not(.link-hover-off):hover * {\n  color: #1e73be;\n  background: none;\n}\n#default-btn-1d01ad1d910b56860c59098c683b0a10.ico-right-side > i {\n  margin-right: 0px;\n  margin-left: 8px;\n}\n#default-btn-1d01ad1d910b56860c59098c683b0a10 > i {\n  margin-right: 8px;\n}<\/style><a href=\"http:\/\/www.euskadi.net\/cgi-bin_k54\/bopv_20?c&amp;f=20030714&amp;a=200304084\" class=\"default-btn-shortcode dt-btn-link btn-inline-left  vc_custom_1634973234093\" target=\"_blank\" id=\"default-btn-1d01ad1d910b56860c59098c683b0a10\" rel=\"noopener\"><i class=\"far fa-file-pdf\"><\/i><span>Ver documento<\/span><\/a>[\/vc_column_inner][\/vc_row_inner][vc_row_inner css=&#8221;.vc_custom_1634922905144{margin-top: 15px !important;margin-right: 20px !important;margin-bottom: 10px !important;margin-left: 20px !important;padding-top: 10px !important;padding-right: 20px !important;padding-bottom: 10px !important;padding-left: 20px !important;background-color: #f9f9f9 !important;border-radius: 10px !important;}&#8221;][vc_column_inner css=&#8221;.vc_custom_1634922668170{margin-top: 0px !important;padding-top: 10px !important;padding-bottom: 10px !important;}&#8221;]<div id=\"ultimate-heading-986769f25b0a012cd\" class=\"uvc-heading ult-adjust-bottom-margin ultimate-heading-986769f25b0a012cd uvc-6199 accent-title-color accent-border-color\" data-hspacer=\"no_spacer\"  data-halign=\"left\" style=\"text-align:left\"><div class=\"uvc-heading-spacer no_spacer\" style=\"top\"><\/div><div class=\"uvc-main-heading ult-responsive\"  data-ultimate-target='.uvc-heading.ultimate-heading-986769f25b0a012cd h4'  data-responsive-json-new='{\"font-size\":\"desktop:18px;\",\"line-height\":\"desktop:22px;\"}' ><h4 style=\"--font-weight:theme;\">Ley sobre derechos y libertades de los extranjeros en Espa\u00f1a y su integraci\u00f3n. Ley 4\/2000<\/h4><\/div><\/div>[vc_column_text css=&#8221;.vc_custom_1634973256694{margin-top: 0px !important;margin-bottom: 0px !important;padding-top: 0px !important;padding-bottom: 0px !important;}&#8221;]Ley org\u00e1nica 4\/2000 de 11 de enero sobre derechos y libertades de los extranjeros en Espa\u00f1a y su integraci\u00f3n. BOE 12 enero 2000.[\/vc_column_text]<style type=\"text\/css\" data-type=\"the7_shortcodes-inline-css\">#default-btn-50c37fe4198d06d986f3c556a0b01905 {\n  font-size: 16px;\n  line-height: 18px;\n  font-weight: bold;\n  padding: 6px 2px 6px 2px;\n}\n#default-btn-50c37fe4198d06d986f3c556a0b01905.ico-right-side > i {\n  margin-right: 0px;\n  margin-left: 8px;\n}\n#default-btn-50c37fe4198d06d986f3c556a0b01905:after {\n  height: 0px;\n}\n#default-btn-50c37fe4198d06d986f3c556a0b01905 > i {\n  margin-right: 8px;\n  font-size: 18px;\n}\n#default-btn-50c37fe4198d06d986f3c556a0b01905:not(.link-hover-off):hover {\n  color: #1e73be;\n  background: none;\n}\n#default-btn-50c37fe4198d06d986f3c556a0b01905:not(.link-hover-off):hover * {\n  color: #1e73be;\n  background: none;\n}\n#default-btn-50c37fe4198d06d986f3c556a0b01905.ico-right-side > i {\n  margin-right: 0px;\n  margin-left: 8px;\n}\n#default-btn-50c37fe4198d06d986f3c556a0b01905 > i {\n  margin-right: 8px;\n}<\/style><a href=\"http:\/\/www.boe.es\/boe\/dias\/2000\/01\/12\/pdfs\/A01139-01150.pdf\" class=\"default-btn-shortcode dt-btn-link btn-inline-left  vc_custom_1634973267450\" target=\"_blank\" id=\"default-btn-50c37fe4198d06d986f3c556a0b01905\" rel=\"noopener\"><i class=\"far fa-file-pdf\"><\/i><span>Ver documento<\/span><\/a>[\/vc_column_inner][\/vc_row_inner][vc_row_inner css=&#8221;.vc_custom_1634922905144{margin-top: 15px !important;margin-right: 20px !important;margin-bottom: 10px !important;margin-left: 20px !important;padding-top: 10px !important;padding-right: 20px !important;padding-bottom: 10px !important;padding-left: 20px !important;background-color: #f9f9f9 !important;border-radius: 10px !important;}&#8221;][vc_column_inner css=&#8221;.vc_custom_1634922668170{margin-top: 0px !important;padding-top: 10px !important;padding-bottom: 10px !important;}&#8221;]<div id=\"ultimate-heading-428169f25b0a0143e\" class=\"uvc-heading ult-adjust-bottom-margin ultimate-heading-428169f25b0a0143e uvc-1074 accent-title-color accent-border-color\" data-hspacer=\"no_spacer\"  data-halign=\"left\" style=\"text-align:left\"><div class=\"uvc-heading-spacer no_spacer\" style=\"top\"><\/div><div class=\"uvc-main-heading ult-responsive\"  data-ultimate-target='.uvc-heading.ultimate-heading-428169f25b0a0143e h4'  data-responsive-json-new='{\"font-size\":\"desktop:18px;\",\"line-height\":\"desktop:22px;\"}' ><h4 style=\"--font-weight:theme;\">Ley de Carta de Derechos Sociales. Ley 10\/2000<\/h4><\/div><\/div>[vc_column_text css=&#8221;.vc_custom_1634973300169{margin-top: 0px !important;margin-bottom: 0px !important;padding-top: 0px !important;padding-bottom: 0px !important;}&#8221;]Ley 10\/2000 de 27 de diciembre, de Carta de Derechos Sociales. BOPV.249. 30 de diciembre de 2000.[\/vc_column_text]<style type=\"text\/css\" data-type=\"the7_shortcodes-inline-css\">#default-btn-fc20bd6905139d77ea3606ce8e55509f {\n  font-size: 16px;\n  line-height: 18px;\n  font-weight: bold;\n  padding: 6px 2px 6px 2px;\n}\n#default-btn-fc20bd6905139d77ea3606ce8e55509f.ico-right-side > i {\n  margin-right: 0px;\n  margin-left: 8px;\n}\n#default-btn-fc20bd6905139d77ea3606ce8e55509f:after {\n  height: 0px;\n}\n#default-btn-fc20bd6905139d77ea3606ce8e55509f > i {\n  margin-right: 8px;\n  font-size: 18px;\n}\n#default-btn-fc20bd6905139d77ea3606ce8e55509f:not(.link-hover-off):hover {\n  color: #1e73be;\n  background: none;\n}\n#default-btn-fc20bd6905139d77ea3606ce8e55509f:not(.link-hover-off):hover * {\n  color: #1e73be;\n  background: none;\n}\n#default-btn-fc20bd6905139d77ea3606ce8e55509f.ico-right-side > i {\n  margin-right: 0px;\n  margin-left: 8px;\n}\n#default-btn-fc20bd6905139d77ea3606ce8e55509f > i {\n  margin-right: 8px;\n}<\/style><a href=\"http:\/\/www.euskadi.net\/cgi-bin_k54\/bopv_20?c&amp;f=20001230&amp;a=200005881\" class=\"default-btn-shortcode dt-btn-link btn-inline-left  vc_custom_1634973310528\" target=\"_blank\" id=\"default-btn-fc20bd6905139d77ea3606ce8e55509f\" rel=\"noopener\"><i class=\"far fa-file-pdf\"><\/i><span>Ver documento<\/span><\/a>[\/vc_column_inner][\/vc_row_inner][vc_row_inner css=&#8221;.vc_custom_1634922905144{margin-top: 15px !important;margin-right: 20px !important;margin-bottom: 10px !important;margin-left: 20px !important;padding-top: 10px !important;padding-right: 20px !important;padding-bottom: 10px !important;padding-left: 20px !important;background-color: #f9f9f9 !important;border-radius: 10px !important;}&#8221;][vc_column_inner css=&#8221;.vc_custom_1634922668170{margin-top: 0px !important;padding-top: 10px !important;padding-bottom: 10px !important;}&#8221;]<div id=\"ultimate-heading-196269f25b0a01594\" class=\"uvc-heading ult-adjust-bottom-margin ultimate-heading-196269f25b0a01594 uvc-4225 accent-title-color accent-border-color\" data-hspacer=\"no_spacer\"  data-halign=\"left\" style=\"text-align:left\"><div class=\"uvc-heading-spacer no_spacer\" style=\"top\"><\/div><div class=\"uvc-main-heading ult-responsive\"  data-ultimate-target='.uvc-heading.ultimate-heading-196269f25b0a01594 h4'  data-responsive-json-new='{\"font-size\":\"desktop:18px;\",\"line-height\":\"desktop:22px;\"}' ><h4 style=\"--font-weight:theme;\">Ley contra la Exclusi\u00f3n Social del Pa\u00eds Vasco. Ley 12\/1998<\/h4><\/div><\/div>[vc_column_text css=&#8221;.vc_custom_1634973335917{margin-top: 0px !important;margin-bottom: 0px !important;padding-top: 0px !important;padding-bottom: 0px !important;}&#8221;]Ley 12\/1998 de 22 de mayo contra la Exclusi\u00f3n Social del Pa\u00eds Vasco. BOPV.105.08 junio 1998.[\/vc_column_text]<style type=\"text\/css\" data-type=\"the7_shortcodes-inline-css\">#default-btn-888284face7879f6253b5bf5be4a82ec {\n  font-size: 16px;\n  line-height: 18px;\n  font-weight: bold;\n  padding: 6px 2px 6px 2px;\n}\n#default-btn-888284face7879f6253b5bf5be4a82ec.ico-right-side > i {\n  margin-right: 0px;\n  margin-left: 8px;\n}\n#default-btn-888284face7879f6253b5bf5be4a82ec:after {\n  height: 0px;\n}\n#default-btn-888284face7879f6253b5bf5be4a82ec > i {\n  margin-right: 8px;\n  font-size: 18px;\n}\n#default-btn-888284face7879f6253b5bf5be4a82ec:not(.link-hover-off):hover {\n  color: #1e73be;\n  background: none;\n}\n#default-btn-888284face7879f6253b5bf5be4a82ec:not(.link-hover-off):hover * {\n  color: #1e73be;\n  background: none;\n}\n#default-btn-888284face7879f6253b5bf5be4a82ec.ico-right-side > i {\n  margin-right: 0px;\n  margin-left: 8px;\n}\n#default-btn-888284face7879f6253b5bf5be4a82ec > i {\n  margin-right: 8px;\n}<\/style><a href=\"http:\/\/www.euskadi.net\/cgi-bin_k54\/bopv_20?c&amp;f=19980608&amp;a=199802519\" class=\"default-btn-shortcode dt-btn-link btn-inline-left  vc_custom_1634973347056\" target=\"_blank\" id=\"default-btn-888284face7879f6253b5bf5be4a82ec\" rel=\"noopener\"><i class=\"far fa-file-pdf\"><\/i><span>Ver documento<\/span><\/a>[\/vc_column_inner][\/vc_row_inner][vc_row_inner css=&#8221;.vc_custom_1634922905144{margin-top: 15px !important;margin-right: 20px !important;margin-bottom: 10px !important;margin-left: 20px !important;padding-top: 10px !important;padding-right: 20px !important;padding-bottom: 10px !important;padding-left: 20px !important;background-color: #f9f9f9 !important;border-radius: 10px !important;}&#8221;][vc_column_inner css=&#8221;.vc_custom_1634922668170{margin-top: 0px !important;padding-top: 10px !important;padding-bottom: 10px !important;}&#8221;]<div id=\"ultimate-heading-493369f25b0a016eb\" class=\"uvc-heading ult-adjust-bottom-margin ultimate-heading-493369f25b0a016eb uvc-6570 accent-title-color accent-border-color\" data-hspacer=\"no_spacer\"  data-halign=\"left\" style=\"text-align:left\"><div class=\"uvc-heading-spacer no_spacer\" style=\"top\"><\/div><div class=\"uvc-main-heading ult-responsive\"  data-ultimate-target='.uvc-heading.ultimate-heading-493369f25b0a016eb h4'  data-responsive-json-new='{\"font-size\":\"desktop:18px;\",\"line-height\":\"desktop:22px;\"}' ><h4 style=\"--font-weight:theme;\">LEY 4\/2011, de 24 de noviembre, de modificaci\u00f3n de la Ley para la Garant\u00eda de Ingresos y para la Inclusi\u00f3n Social.<\/h4><\/div><\/div><style type=\"text\/css\" data-type=\"the7_shortcodes-inline-css\">#default-btn-9721a2779245015eaf8dbcbd52c4fad8 {\n  font-size: 16px;\n  line-height: 18px;\n  font-weight: bold;\n  padding: 6px 2px 6px 2px;\n}\n#default-btn-9721a2779245015eaf8dbcbd52c4fad8.ico-right-side > i {\n  margin-right: 0px;\n  margin-left: 8px;\n}\n#default-btn-9721a2779245015eaf8dbcbd52c4fad8:after {\n  height: 0px;\n}\n#default-btn-9721a2779245015eaf8dbcbd52c4fad8 > i {\n  margin-right: 8px;\n  font-size: 18px;\n}\n#default-btn-9721a2779245015eaf8dbcbd52c4fad8:not(.link-hover-off):hover {\n  color: #1e73be;\n  background: none;\n}\n#default-btn-9721a2779245015eaf8dbcbd52c4fad8:not(.link-hover-off):hover * {\n  color: #1e73be;\n  background: none;\n}\n#default-btn-9721a2779245015eaf8dbcbd52c4fad8.ico-right-side > i {\n  margin-right: 0px;\n  margin-left: 8px;\n}\n#default-btn-9721a2779245015eaf8dbcbd52c4fad8 > i {\n  margin-right: 8px;\n}<\/style><a href=\"http:\/\/www.euskadi.net\/cgi-bin_k54\/bopv_20?c&amp;f=20111212&amp;a=201105924\" class=\"default-btn-shortcode dt-btn-link btn-inline-left  vc_custom_1634973388334\" target=\"_blank\" id=\"default-btn-9721a2779245015eaf8dbcbd52c4fad8\" rel=\"noopener\"><i class=\"far fa-file-pdf\"><\/i><span>Ver documento<\/span><\/a>[\/vc_column_inner][\/vc_row_inner][vc_row_inner css=&#8221;.vc_custom_1634922905144{margin-top: 15px !important;margin-right: 20px !important;margin-bottom: 10px !important;margin-left: 20px !important;padding-top: 10px !important;padding-right: 20px !important;padding-bottom: 10px !important;padding-left: 20px !important;background-color: #f9f9f9 !important;border-radius: 10px !important;}&#8221;][vc_column_inner css=&#8221;.vc_custom_1634922668170{margin-top: 0px !important;padding-top: 10px !important;padding-bottom: 10px !important;}&#8221;]<div id=\"ultimate-heading-345969f25b0a01840\" class=\"uvc-heading ult-adjust-bottom-margin ultimate-heading-345969f25b0a01840 uvc-9542 accent-title-color accent-border-color\" data-hspacer=\"no_spacer\"  data-halign=\"left\" style=\"text-align:left\"><div class=\"uvc-heading-spacer no_spacer\" style=\"top\"><\/div><div class=\"uvc-main-heading ult-responsive\"  data-ultimate-target='.uvc-heading.ultimate-heading-345969f25b0a01840 h4'  data-responsive-json-new='{\"font-size\":\"desktop:18px;\",\"line-height\":\"desktop:22px;\"}' ><h4 style=\"--font-weight:theme;\">Creaci\u00f3n y Regulaci\u00f3n de la Agencia vasca de Cooperaci\u00f3n y Desarrollo. Ley 5\/2008<\/h4><\/div><\/div>[vc_column_text css=&#8221;.vc_custom_1634973431915{margin-top: 0px !important;margin-bottom: 0px !important;padding-top: 0px !important;padding-bottom: 0px !important;}&#8221;]LEY 5\/2008, de 19 de junio, por la que se crea y regula la Agencia Vasca de Cooperaci\u00f3n para el Desarrollo.[\/vc_column_text]<style type=\"text\/css\" data-type=\"the7_shortcodes-inline-css\">#default-btn-753c3c9a7d0d646609d7f9eed27b9787 {\n  font-size: 16px;\n  line-height: 18px;\n  font-weight: bold;\n  padding: 6px 2px 6px 2px;\n}\n#default-btn-753c3c9a7d0d646609d7f9eed27b9787.ico-right-side > i {\n  margin-right: 0px;\n  margin-left: 8px;\n}\n#default-btn-753c3c9a7d0d646609d7f9eed27b9787:after {\n  height: 0px;\n}\n#default-btn-753c3c9a7d0d646609d7f9eed27b9787 > i {\n  margin-right: 8px;\n  font-size: 18px;\n}\n#default-btn-753c3c9a7d0d646609d7f9eed27b9787:not(.link-hover-off):hover {\n  color: #1e73be;\n  background: none;\n}\n#default-btn-753c3c9a7d0d646609d7f9eed27b9787:not(.link-hover-off):hover * {\n  color: #1e73be;\n  background: none;\n}\n#default-btn-753c3c9a7d0d646609d7f9eed27b9787.ico-right-side > i {\n  margin-right: 0px;\n  margin-left: 8px;\n}\n#default-btn-753c3c9a7d0d646609d7f9eed27b9787 > i {\n  margin-right: 8px;\n}<\/style><a href=\"http:\/\/www.euskadi.net\/cgi-bin_k54\/bopv_20?c&amp;f=20080710&amp;a=200804175\" class=\"default-btn-shortcode dt-btn-link btn-inline-left  vc_custom_1634973442740\" target=\"_blank\" id=\"default-btn-753c3c9a7d0d646609d7f9eed27b9787\" rel=\"noopener\"><i class=\"far fa-file-pdf\"><\/i><span>Ver documento<\/span><\/a>[\/vc_column_inner][\/vc_row_inner][vc_row_inner css=&#8221;.vc_custom_1634922905144{margin-top: 15px !important;margin-right: 20px !important;margin-bottom: 10px !important;margin-left: 20px !important;padding-top: 10px !important;padding-right: 20px !important;padding-bottom: 10px !important;padding-left: 20px !important;background-color: #f9f9f9 !important;border-radius: 10px !important;}&#8221;][vc_column_inner css=&#8221;.vc_custom_1634922668170{margin-top: 0px !important;padding-top: 10px !important;padding-bottom: 10px !important;}&#8221;]<div id=\"ultimate-heading-594669f25b0a01998\" class=\"uvc-heading ult-adjust-bottom-margin ultimate-heading-594669f25b0a01998 uvc-1099 accent-title-color accent-border-color\" data-hspacer=\"no_spacer\"  data-halign=\"left\" style=\"text-align:left\"><div class=\"uvc-heading-spacer no_spacer\" style=\"top\"><\/div><div class=\"uvc-main-heading ult-responsive\"  data-ultimate-target='.uvc-heading.ultimate-heading-594669f25b0a01998 h4'  data-responsive-json-new='{\"font-size\":\"desktop:18px;\",\"line-height\":\"desktop:22px;\"}' ><h4 style=\"--font-weight:theme;\">Garant\u00eda de Ingresos y para la Inclusi\u00f3n Social. Ley 18\/2008<\/h4><\/div><\/div>[vc_column_text css=&#8221;.vc_custom_1634973510042{margin-top: 0px !important;margin-bottom: 0px !important;padding-top: 0px !important;padding-bottom: 0px !important;}&#8221;]La presente ley tiene por objeto regular el Sistema Vasco de Garant\u00eda de Ingresos e Inclusi\u00f3n Social y, en su marco, el derecho a las prestaciones econ\u00f3micas y a los instrumentos orientados a prevenir el riesgo de exclusi\u00f3n, a paliar situaciones de exclusi\u00f3n personal, social y laboral, y a facilitar la inclusi\u00f3n de quienes carezcan de los recursos personales, sociales o econ\u00f3micos suficientes para el ejercicio efectivo de los derechos sociales de ciudadan\u00eda.[\/vc_column_text]<style type=\"text\/css\" data-type=\"the7_shortcodes-inline-css\">#default-btn-e276c2a339c1e8bd1eb37c4a0e370984 {\n  font-size: 16px;\n  line-height: 18px;\n  font-weight: bold;\n  padding: 6px 2px 6px 2px;\n}\n#default-btn-e276c2a339c1e8bd1eb37c4a0e370984.ico-right-side > i {\n  margin-right: 0px;\n  margin-left: 8px;\n}\n#default-btn-e276c2a339c1e8bd1eb37c4a0e370984:after {\n  height: 0px;\n}\n#default-btn-e276c2a339c1e8bd1eb37c4a0e370984 > i {\n  margin-right: 8px;\n  font-size: 18px;\n}\n#default-btn-e276c2a339c1e8bd1eb37c4a0e370984:not(.link-hover-off):hover {\n  color: #1e73be;\n  background: none;\n}\n#default-btn-e276c2a339c1e8bd1eb37c4a0e370984:not(.link-hover-off):hover * {\n  color: #1e73be;\n  background: none;\n}\n#default-btn-e276c2a339c1e8bd1eb37c4a0e370984.ico-right-side > i {\n  margin-right: 0px;\n  margin-left: 8px;\n}\n#default-btn-e276c2a339c1e8bd1eb37c4a0e370984 > i {\n  margin-right: 8px;\n}<\/style><a href=\"http:\/\/www.euskadi.net\/cgi-bin_k54\/bopv_20?c&amp;f=20081231&amp;a=200807235\" class=\"default-btn-shortcode dt-btn-link btn-inline-left  vc_custom_1634973521662\" target=\"_blank\" id=\"default-btn-e276c2a339c1e8bd1eb37c4a0e370984\" rel=\"noopener\"><i class=\"far fa-file-pdf\"><\/i><span>Ver documento<\/span><\/a>[\/vc_column_inner][\/vc_row_inner][vc_row_inner css=&#8221;.vc_custom_1634922905144{margin-top: 15px !important;margin-right: 20px !important;margin-bottom: 10px !important;margin-left: 20px !important;padding-top: 10px !important;padding-right: 20px !important;padding-bottom: 10px !important;padding-left: 20px !important;background-color: #f9f9f9 !important;border-radius: 10px !important;}&#8221;][vc_column_inner css=&#8221;.vc_custom_1634922668170{margin-top: 0px !important;padding-top: 10px !important;padding-bottom: 10px !important;}&#8221;]<div id=\"ultimate-heading-188269f25b0a01aef\" class=\"uvc-heading ult-adjust-bottom-margin ultimate-heading-188269f25b0a01aef uvc-1390 accent-title-color accent-border-color\" data-hspacer=\"no_spacer\"  data-halign=\"left\" style=\"text-align:left\"><div class=\"uvc-heading-spacer no_spacer\" style=\"top\"><\/div><div class=\"uvc-main-heading ult-responsive\"  data-ultimate-target='.uvc-heading.ultimate-heading-188269f25b0a01aef h4'  data-responsive-json-new='{\"font-size\":\"desktop:18px;\",\"line-height\":\"desktop:22px;\"}' ><h4 style=\"--font-weight:theme;\">Carta de Justicia y Solidaridad con los Pa\u00edses Empobrecidos. Ley 14\/2007<\/h4><\/div><\/div>[vc_column_text css=&#8221;.vc_custom_1634973467455{margin-top: 0px !important;margin-bottom: 0px !important;padding-top: 0px !important;padding-bottom: 0px !important;}&#8221;]Ley que busca contribuir desdela Comunidad Aut\u00f3noma de Euskadi, a pesar de las limitaciones de competencias,\u00a0a la construcci\u00f3n de otro modelo de desarrollo, inspirado en los derechos humanos, tanto civiles y pol\u00edticos como sociales,econ\u00f3micos y culturales, que acabe definitivamente con la pobreza y las exclusiones de todo tipo.[\/vc_column_text]<style type=\"text\/css\" data-type=\"the7_shortcodes-inline-css\">#default-btn-9c6760066a23a798819f9ac7b6c0c80e {\n  font-size: 16px;\n  line-height: 18px;\n  font-weight: bold;\n  padding: 6px 2px 6px 2px;\n}\n#default-btn-9c6760066a23a798819f9ac7b6c0c80e.ico-right-side > i {\n  margin-right: 0px;\n  margin-left: 8px;\n}\n#default-btn-9c6760066a23a798819f9ac7b6c0c80e:after {\n  height: 0px;\n}\n#default-btn-9c6760066a23a798819f9ac7b6c0c80e > i {\n  margin-right: 8px;\n  font-size: 18px;\n}\n#default-btn-9c6760066a23a798819f9ac7b6c0c80e:not(.link-hover-off):hover {\n  color: #1e73be;\n  background: none;\n}\n#default-btn-9c6760066a23a798819f9ac7b6c0c80e:not(.link-hover-off):hover * {\n  color: #1e73be;\n  background: none;\n}\n#default-btn-9c6760066a23a798819f9ac7b6c0c80e.ico-right-side > i {\n  margin-right: 0px;\n  margin-left: 8px;\n}\n#default-btn-9c6760066a23a798819f9ac7b6c0c80e > i {\n  margin-right: 8px;\n}<\/style><a href=\"http:\/\/www.euskadi.net\/cgi-bin_k54\/bopv_20?c&amp;f=20080109&amp;a=200800153\" class=\"default-btn-shortcode dt-btn-link btn-inline-left  vc_custom_1634973478582\" target=\"_blank\" id=\"default-btn-9c6760066a23a798819f9ac7b6c0c80e\" rel=\"noopener\"><i class=\"far fa-file-pdf\"><\/i><span>Ver documento<\/span><\/a>[\/vc_column_inner][\/vc_row_inner][\/vc_accordion_tab][vc_accordion_tab title=&#8221;DROGA-MENDEKOTASUNAK&#8221;][vc_row_inner css=&#8221;.vc_custom_1634922905144{margin-top: 15px !important;margin-right: 20px !important;margin-bottom: 10px !important;margin-left: 20px !important;padding-top: 10px !important;padding-right: 20px !important;padding-bottom: 10px !important;padding-left: 20px !important;background-color: #f9f9f9 !important;border-radius: 10px !important;}&#8221;][vc_column_inner css=&#8221;.vc_custom_1634922668170{margin-top: 0px !important;padding-top: 10px !important;padding-bottom: 10px !important;}&#8221;]<div id=\"ultimate-heading-971269f25b0a01c46\" class=\"uvc-heading ult-adjust-bottom-margin ultimate-heading-971269f25b0a01c46 uvc-1290 accent-title-color accent-border-color\" data-hspacer=\"no_spacer\"  data-halign=\"left\" style=\"text-align:left\"><div class=\"uvc-heading-spacer no_spacer\" style=\"top\"><\/div><div class=\"uvc-main-heading ult-responsive\"  data-ultimate-target='.uvc-heading.ultimate-heading-971269f25b0a01c46 h4'  data-responsive-json-new='{\"font-size\":\"desktop:18px;\",\"line-height\":\"desktop:22px;\"}' ><h4 style=\"--font-weight:theme;\">Segunda modificaci\u00f3n de la Ley<\/h4><\/div><\/div>[vc_column_text css=&#8221;.vc_custom_1634973620033{margin-top: 0px !important;margin-bottom: 0px !important;padding-top: 0px !important;padding-bottom: 0px !important;}&#8221;]Ley 7\/2004 de 30 de septiembre, segunda modificaci\u00f3n de la Ley. BOPV 15 junio 2004.[\/vc_column_text]<style type=\"text\/css\" data-type=\"the7_shortcodes-inline-css\">#default-btn-3cf57627d1b9b00545c9f2e5fab0c390 {\n  font-size: 16px;\n  line-height: 18px;\n  font-weight: bold;\n  padding: 6px 2px 6px 2px;\n}\n#default-btn-3cf57627d1b9b00545c9f2e5fab0c390.ico-right-side > i {\n  margin-right: 0px;\n  margin-left: 8px;\n}\n#default-btn-3cf57627d1b9b00545c9f2e5fab0c390:after {\n  height: 0px;\n}\n#default-btn-3cf57627d1b9b00545c9f2e5fab0c390 > i {\n  margin-right: 8px;\n  font-size: 18px;\n}\n#default-btn-3cf57627d1b9b00545c9f2e5fab0c390:not(.link-hover-off):hover {\n  color: #1e73be;\n  background: none;\n}\n#default-btn-3cf57627d1b9b00545c9f2e5fab0c390:not(.link-hover-off):hover * {\n  color: #1e73be;\n  background: none;\n}\n#default-btn-3cf57627d1b9b00545c9f2e5fab0c390.ico-right-side > i {\n  margin-right: 0px;\n  margin-left: 8px;\n}\n#default-btn-3cf57627d1b9b00545c9f2e5fab0c390 > i {\n  margin-right: 8px;\n}<\/style><a href=\"http:\/\/www.euskadi.net\/cgi-bin_k54\/bopv_20?c&amp;f=20041015&amp;a=200405331\" class=\"default-btn-shortcode dt-btn-link btn-inline-left  vc_custom_1634973630383\" target=\"_blank\" id=\"default-btn-3cf57627d1b9b00545c9f2e5fab0c390\" rel=\"noopener\"><i class=\"far fa-file-pdf\"><\/i><span>Ver documento<\/span><\/a>[\/vc_column_inner][\/vc_row_inner][vc_row_inner css=&#8221;.vc_custom_1634922905144{margin-top: 15px !important;margin-right: 20px !important;margin-bottom: 10px !important;margin-left: 20px !important;padding-top: 10px !important;padding-right: 20px !important;padding-bottom: 10px !important;padding-left: 20px !important;background-color: #f9f9f9 !important;border-radius: 10px !important;}&#8221;][vc_column_inner css=&#8221;.vc_custom_1634922668170{margin-top: 0px !important;padding-top: 10px !important;padding-bottom: 10px !important;}&#8221;]<div id=\"ultimate-heading-858669f25b0a01d9d\" class=\"uvc-heading ult-adjust-bottom-margin ultimate-heading-858669f25b0a01d9d uvc-8545 accent-title-color accent-border-color\" data-hspacer=\"no_spacer\"  data-halign=\"left\" style=\"text-align:left\"><div class=\"uvc-heading-spacer no_spacer\" style=\"top\"><\/div><div class=\"uvc-main-heading ult-responsive\"  data-ultimate-target='.uvc-heading.ultimate-heading-858669f25b0a01d9d h4'  data-responsive-json-new='{\"font-size\":\"desktop:18px;\",\"line-height\":\"desktop:22px;\"}' ><h4 style=\"--font-weight:theme;\">Ley sobre prevenci\u00f3n, asistencia e inserci\u00f3n en materia de drogodependencias del Pa\u00eds Vasco<\/h4><\/div><\/div>[vc_column_text css=&#8221;.vc_custom_1634973654963{margin-top: 0px !important;margin-bottom: 0px !important;padding-top: 0px !important;padding-bottom: 0px !important;}&#8221;]Ley 18\/1998 de 25 de junio, sobre prevenci\u00f3n, asistencia e inserci\u00f3n en materia de drogodependencias del Pa\u00eds Vasco. BOPV 14 de julio de 1998.[\/vc_column_text]<style type=\"text\/css\" data-type=\"the7_shortcodes-inline-css\">#default-btn-c9148eff1eef7334fa2a7f31da29f41d {\n  font-size: 16px;\n  line-height: 18px;\n  font-weight: bold;\n  padding: 6px 2px 6px 2px;\n}\n#default-btn-c9148eff1eef7334fa2a7f31da29f41d.ico-right-side > i {\n  margin-right: 0px;\n  margin-left: 8px;\n}\n#default-btn-c9148eff1eef7334fa2a7f31da29f41d:after {\n  height: 0px;\n}\n#default-btn-c9148eff1eef7334fa2a7f31da29f41d > i {\n  margin-right: 8px;\n  font-size: 18px;\n}\n#default-btn-c9148eff1eef7334fa2a7f31da29f41d:not(.link-hover-off):hover {\n  color: #1e73be;\n  background: none;\n}\n#default-btn-c9148eff1eef7334fa2a7f31da29f41d:not(.link-hover-off):hover * {\n  color: #1e73be;\n  background: none;\n}\n#default-btn-c9148eff1eef7334fa2a7f31da29f41d.ico-right-side > i {\n  margin-right: 0px;\n  margin-left: 8px;\n}\n#default-btn-c9148eff1eef7334fa2a7f31da29f41d > i {\n  margin-right: 8px;\n}<\/style><a href=\"http:\/\/www.euskadi.net\/cgi-bin_k54\/bopv_20?c&amp;f=19980714&amp;a=199803226\" class=\"default-btn-shortcode dt-btn-link btn-inline-left  vc_custom_1634973668925\" target=\"_blank\" id=\"default-btn-c9148eff1eef7334fa2a7f31da29f41d\" rel=\"noopener\"><i class=\"far fa-file-pdf\"><\/i><span>Ver documento<\/span><\/a>[\/vc_column_inner][\/vc_row_inner][vc_row_inner css=&#8221;.vc_custom_1634922905144{margin-top: 15px !important;margin-right: 20px !important;margin-bottom: 10px !important;margin-left: 20px !important;padding-top: 10px !important;padding-right: 20px !important;padding-bottom: 10px !important;padding-left: 20px !important;background-color: #f9f9f9 !important;border-radius: 10px !important;}&#8221;][vc_column_inner css=&#8221;.vc_custom_1634922668170{margin-top: 0px !important;padding-top: 10px !important;padding-bottom: 10px !important;}&#8221;]<div id=\"ultimate-heading-621169f25b0a01ef3\" class=\"uvc-heading ult-adjust-bottom-margin ultimate-heading-621169f25b0a01ef3 uvc-7065 accent-title-color accent-border-color\" data-hspacer=\"no_spacer\"  data-halign=\"left\" style=\"text-align:left\"><div class=\"uvc-heading-spacer no_spacer\" style=\"top\"><\/div><div class=\"uvc-main-heading ult-responsive\"  data-ultimate-target='.uvc-heading.ultimate-heading-621169f25b0a01ef3 h4'  data-responsive-json-new='{\"font-size\":\"desktop:18px;\",\"line-height\":\"desktop:22px;\"}' ><h4 style=\"--font-weight:theme;\">Ley de modificaci\u00f3n de la Ley anterior<\/h4><\/div><\/div>[vc_column_text css=&#8221;.vc_custom_1634973695733{margin-top: 0px !important;margin-bottom: 0px !important;padding-top: 0px !important;padding-bottom: 0px !important;}&#8221;]Ley 1\/1999 de 18 de mayo modificaci\u00f3n de la Ley anterior (Correcci\u00f3n de Errores). BOPV 18 junio1999.[\/vc_column_text]<style type=\"text\/css\" data-type=\"the7_shortcodes-inline-css\">#default-btn-da5b058c219540272d98af634f973ba4 {\n  font-size: 16px;\n  line-height: 18px;\n  font-weight: bold;\n  padding: 6px 2px 6px 2px;\n}\n#default-btn-da5b058c219540272d98af634f973ba4.ico-right-side > i {\n  margin-right: 0px;\n  margin-left: 8px;\n}\n#default-btn-da5b058c219540272d98af634f973ba4:after {\n  height: 0px;\n}\n#default-btn-da5b058c219540272d98af634f973ba4 > i {\n  margin-right: 8px;\n  font-size: 18px;\n}\n#default-btn-da5b058c219540272d98af634f973ba4:not(.link-hover-off):hover {\n  color: #1e73be;\n  background: none;\n}\n#default-btn-da5b058c219540272d98af634f973ba4:not(.link-hover-off):hover * {\n  color: #1e73be;\n  background: none;\n}\n#default-btn-da5b058c219540272d98af634f973ba4.ico-right-side > i {\n  margin-right: 0px;\n  margin-left: 8px;\n}\n#default-btn-da5b058c219540272d98af634f973ba4 > i {\n  margin-right: 8px;\n}<\/style><a href=\"http:\/\/www.euskadi.net\/cgi-bin_k54\/bopv_20?c&amp;f=19980714&amp;a=199803226\" class=\"default-btn-shortcode dt-btn-link btn-inline-left  vc_custom_1634973707030\" target=\"_blank\" id=\"default-btn-da5b058c219540272d98af634f973ba4\" rel=\"noopener\"><i class=\"far fa-file-pdf\"><\/i><span>Ver documento<\/span><\/a>[\/vc_column_inner][\/vc_row_inner][\/vc_accordion_tab][vc_accordion_tab title=&#8221;ANIZTASUNA&#8221;][vc_row_inner css=&#8221;.vc_custom_1634922905144{margin-top: 15px !important;margin-right: 20px !important;margin-bottom: 10px !important;margin-left: 20px !important;padding-top: 10px !important;padding-right: 20px !important;padding-bottom: 10px !important;padding-left: 20px !important;background-color: #f9f9f9 !important;border-radius: 10px !important;}&#8221;][vc_column_inner css=&#8221;.vc_custom_1634922668170{margin-top: 0px !important;padding-top: 10px !important;padding-bottom: 10px !important;}&#8221;]<div id=\"ultimate-heading-177169f25b0a0204a\" class=\"uvc-heading ult-adjust-bottom-margin ultimate-heading-177169f25b0a0204a uvc-4680 accent-title-color accent-border-color\" data-hspacer=\"no_spacer\"  data-halign=\"left\" style=\"text-align:left\"><div class=\"uvc-heading-spacer no_spacer\" style=\"top\"><\/div><div class=\"uvc-main-heading ult-responsive\"  data-ultimate-target='.uvc-heading.ultimate-heading-177169f25b0a0204a h4'  data-responsive-json-new='{\"font-size\":\"desktop:18px;\",\"line-height\":\"desktop:22px;\"}' ><h4 style=\"--font-weight:theme;\">Ley sobre reconocimiento de lenguas de signos y medios de apoyo a las personas con discapacidad auditiva<\/h4><\/div><\/div>[vc_column_text css=&#8221;.vc_custom_1634973777893{margin-top: 0px !important;margin-bottom: 0px !important;padding-top: 0px !important;padding-bottom: 0px !important;}&#8221;]Ley 27\/2007, de 23 de Octubre, por la que se reconocen las lenguas de signos espa\u00f1olas y se regulan los medios de apoyo a la comunicaci\u00f3n oral de las personas sordas, con discapacida auditiva y sordociegas.[\/vc_column_text]<style type=\"text\/css\" data-type=\"the7_shortcodes-inline-css\">#default-btn-479a055a05e779fe89337f329bc4ca24 {\n  font-size: 16px;\n  line-height: 18px;\n  font-weight: bold;\n  padding: 6px 2px 6px 2px;\n}\n#default-btn-479a055a05e779fe89337f329bc4ca24.ico-right-side > i {\n  margin-right: 0px;\n  margin-left: 8px;\n}\n#default-btn-479a055a05e779fe89337f329bc4ca24:after {\n  height: 0px;\n}\n#default-btn-479a055a05e779fe89337f329bc4ca24 > i {\n  margin-right: 8px;\n  font-size: 18px;\n}\n#default-btn-479a055a05e779fe89337f329bc4ca24:not(.link-hover-off):hover {\n  color: #1e73be;\n  background: none;\n}\n#default-btn-479a055a05e779fe89337f329bc4ca24:not(.link-hover-off):hover * {\n  color: #1e73be;\n  background: none;\n}\n#default-btn-479a055a05e779fe89337f329bc4ca24.ico-right-side > i {\n  margin-right: 0px;\n  margin-left: 8px;\n}\n#default-btn-479a055a05e779fe89337f329bc4ca24 > i {\n  margin-right: 8px;\n}<\/style><a href=\"http:\/\/www.boe.es\/boe\/dias\/2007\/10\/24\/pdfs\/A43251-43259.pdf\" class=\"default-btn-shortcode dt-btn-link btn-inline-left  vc_custom_1634973787952\" target=\"_blank\" id=\"default-btn-479a055a05e779fe89337f329bc4ca24\" rel=\"noopener\"><i class=\"far fa-file-pdf\"><\/i><span>Ver documento<\/span><\/a>[\/vc_column_inner][\/vc_row_inner][vc_row_inner css=&#8221;.vc_custom_1634922905144{margin-top: 15px !important;margin-right: 20px !important;margin-bottom: 10px !important;margin-left: 20px !important;padding-top: 10px !important;padding-right: 20px !important;padding-bottom: 10px !important;padding-left: 20px !important;background-color: #f9f9f9 !important;border-radius: 10px !important;}&#8221;][vc_column_inner css=&#8221;.vc_custom_1634922668170{margin-top: 0px !important;padding-top: 10px !important;padding-bottom: 10px !important;}&#8221;]<div id=\"ultimate-heading-245469f25b0a02195\" class=\"uvc-heading ult-adjust-bottom-margin ultimate-heading-245469f25b0a02195 uvc-9725 accent-title-color accent-border-color\" data-hspacer=\"no_spacer\"  data-halign=\"left\" style=\"text-align:left\"><div class=\"uvc-heading-spacer no_spacer\" style=\"top\"><\/div><div class=\"uvc-main-heading ult-responsive\"  data-ultimate-target='.uvc-heading.ultimate-heading-245469f25b0a02195 h4'  data-responsive-json-new='{\"font-size\":\"desktop:18px;\",\"line-height\":\"desktop:22px;\"}' ><h4 style=\"--font-weight:theme;\">Ley de promoci\u00f3n de la autonom\u00eda personal y atenci\u00f3n a las personas en situaci\u00f3n de dependencia<\/h4><\/div><\/div>[vc_column_text css=&#8221;.vc_custom_1634973817155{margin-top: 0px !important;margin-bottom: 0px !important;padding-top: 0px !important;padding-bottom: 0px !important;}&#8221;]Ley 39\/2006 de 14 de Diciembre, de promoci\u00f3n de la autonom\u00eda personal y atenci\u00f3n a las personas en situaci\u00f3n de dependencia. BOE 299. 15\/12\/2006.[\/vc_column_text]<style type=\"text\/css\" data-type=\"the7_shortcodes-inline-css\">#default-btn-17e923a8bc597697ce2edd275fd59719 {\n  font-size: 16px;\n  line-height: 18px;\n  font-weight: bold;\n  padding: 6px 2px 6px 2px;\n}\n#default-btn-17e923a8bc597697ce2edd275fd59719.ico-right-side > i {\n  margin-right: 0px;\n  margin-left: 8px;\n}\n#default-btn-17e923a8bc597697ce2edd275fd59719:after {\n  height: 0px;\n}\n#default-btn-17e923a8bc597697ce2edd275fd59719 > i {\n  margin-right: 8px;\n  font-size: 18px;\n}\n#default-btn-17e923a8bc597697ce2edd275fd59719:not(.link-hover-off):hover {\n  color: #1e73be;\n  background: none;\n}\n#default-btn-17e923a8bc597697ce2edd275fd59719:not(.link-hover-off):hover * {\n  color: #1e73be;\n  background: none;\n}\n#default-btn-17e923a8bc597697ce2edd275fd59719.ico-right-side > i {\n  margin-right: 0px;\n  margin-left: 8px;\n}\n#default-btn-17e923a8bc597697ce2edd275fd59719 > i {\n  margin-right: 8px;\n}<\/style><a href=\"http:\/\/www.boe.es\/boe\/dias\/2006\/12\/15\/pdfs\/A44142-44156.pdf\" class=\"default-btn-shortcode dt-btn-link btn-inline-left  vc_custom_1634973827868\" target=\"_blank\" id=\"default-btn-17e923a8bc597697ce2edd275fd59719\" rel=\"noopener\"><i class=\"far fa-file-pdf\"><\/i><span>Ver documento<\/span><\/a>[\/vc_column_inner][\/vc_row_inner][vc_row_inner css=&#8221;.vc_custom_1634922905144{margin-top: 15px !important;margin-right: 20px !important;margin-bottom: 10px !important;margin-left: 20px !important;padding-top: 10px !important;padding-right: 20px !important;padding-bottom: 10px !important;padding-left: 20px !important;background-color: #f9f9f9 !important;border-radius: 10px !important;}&#8221;][vc_column_inner css=&#8221;.vc_custom_1634922668170{margin-top: 0px !important;padding-top: 10px !important;padding-bottom: 10px !important;}&#8221;]<div id=\"ultimate-heading-326269f25b0a022e0\" class=\"uvc-heading ult-adjust-bottom-margin ultimate-heading-326269f25b0a022e0 uvc-7402 accent-title-color accent-border-color\" data-hspacer=\"no_spacer\"  data-halign=\"left\" style=\"text-align:left\"><div class=\"uvc-heading-spacer no_spacer\" style=\"top\"><\/div><div class=\"uvc-main-heading ult-responsive\"  data-ultimate-target='.uvc-heading.ultimate-heading-326269f25b0a022e0 h4'  data-responsive-json-new='{\"font-size\":\"desktop:18px;\",\"line-height\":\"desktop:22px;\"}' ><h4 style=\"--font-weight:theme;\">Ley de Integraci\u00f3n Social de Minusv\u00e1lidos<\/h4><\/div><\/div>[vc_column_text css=&#8221;.vc_custom_1634973850108{margin-top: 0px !important;margin-bottom: 0px !important;padding-top: 0px !important;padding-bottom: 0px !important;}&#8221;]Ley 13\/1982 de 7 de abril de Integraci\u00f3n Social de Minusv\u00e1lidos (LISMI). BOE 103 de 30 de abril de 1982.[\/vc_column_text]<style type=\"text\/css\" data-type=\"the7_shortcodes-inline-css\">#default-btn-d8f01627e759c7b9a2f2eeedba9fb104 {\n  font-size: 16px;\n  line-height: 18px;\n  font-weight: bold;\n  padding: 6px 2px 6px 2px;\n}\n#default-btn-d8f01627e759c7b9a2f2eeedba9fb104.ico-right-side > i {\n  margin-right: 0px;\n  margin-left: 8px;\n}\n#default-btn-d8f01627e759c7b9a2f2eeedba9fb104:after {\n  height: 0px;\n}\n#default-btn-d8f01627e759c7b9a2f2eeedba9fb104 > i {\n  margin-right: 8px;\n  font-size: 18px;\n}\n#default-btn-d8f01627e759c7b9a2f2eeedba9fb104:not(.link-hover-off):hover {\n  color: #1e73be;\n  background: none;\n}\n#default-btn-d8f01627e759c7b9a2f2eeedba9fb104:not(.link-hover-off):hover * {\n  color: #1e73be;\n  background: none;\n}\n#default-btn-d8f01627e759c7b9a2f2eeedba9fb104.ico-right-side > i {\n  margin-right: 0px;\n  margin-left: 8px;\n}\n#default-btn-d8f01627e759c7b9a2f2eeedba9fb104 > i {\n  margin-right: 8px;\n}<\/style><a href=\"http:\/\/www.boe.es\/g\/es\/bases_datos\/doc.php?coleccion=iberlex&amp;id=1982\/09983\" class=\"default-btn-shortcode dt-btn-link btn-inline-left  vc_custom_1634973860674\" target=\"_blank\" id=\"default-btn-d8f01627e759c7b9a2f2eeedba9fb104\" rel=\"noopener\"><i class=\"far fa-file-pdf\"><\/i><span>Ver documento<\/span><\/a>[\/vc_column_inner][\/vc_row_inner][\/vc_accordion_tab][vc_accordion_tab title=&#8221;ADINEKO PERTSONENTZAKO ARRETA&#8221;][vc_row_inner css=&#8221;.vc_custom_1634922905144{margin-top: 15px !important;margin-right: 20px !important;margin-bottom: 10px !important;margin-left: 20px !important;padding-top: 10px !important;padding-right: 20px !important;padding-bottom: 10px !important;padding-left: 20px !important;background-color: #f9f9f9 !important;border-radius: 10px !important;}&#8221;][vc_column_inner css=&#8221;.vc_custom_1634922668170{margin-top: 0px !important;padding-top: 10px !important;padding-bottom: 10px !important;}&#8221;]<div id=\"ultimate-heading-766769f25b0a0246a\" class=\"uvc-heading ult-adjust-bottom-margin ultimate-heading-766769f25b0a0246a uvc-5882 accent-title-color accent-border-color\" data-hspacer=\"no_spacer\"  data-halign=\"left\" style=\"text-align:left\"><div class=\"uvc-heading-spacer no_spacer\" style=\"top\"><\/div><div class=\"uvc-main-heading ult-responsive\"  data-ultimate-target='.uvc-heading.ultimate-heading-766769f25b0a0246a h4'  data-responsive-json-new='{\"font-size\":\"desktop:18px;\",\"line-height\":\"desktop:22px;\"}' ><h4 style=\"--font-weight:theme;\">Ley de promoci\u00f3n de la autonom\u00eda personal y atenci\u00f3n a las personas en situaci\u00f3n de depndencia<\/h4><\/div><\/div>[vc_column_text css=&#8221;.vc_custom_1634973982714{margin-top: 0px !important;margin-bottom: 0px !important;padding-top: 0px !important;padding-bottom: 0px !important;}&#8221;]<\/p>\n<p class=\"BOPVSumarioTitulo\">Ley 39\/2006 de 14 de Diciembre, de promoci\u00f3n de la autonom\u00eda personal y atenci\u00f3n a las personas en situaci\u00f3n de dependencia. BOE 299. 15\/12\/2006.<\/p>\n<p>[\/vc_column_text]<style type=\"text\/css\" data-type=\"the7_shortcodes-inline-css\">#default-btn-1e9ecf2ce290fc04c07f8831c4558799 {\n  font-size: 16px;\n  line-height: 18px;\n  font-weight: bold;\n  padding: 6px 2px 6px 2px;\n}\n#default-btn-1e9ecf2ce290fc04c07f8831c4558799.ico-right-side > i {\n  margin-right: 0px;\n  margin-left: 8px;\n}\n#default-btn-1e9ecf2ce290fc04c07f8831c4558799:after {\n  height: 0px;\n}\n#default-btn-1e9ecf2ce290fc04c07f8831c4558799 > i {\n  margin-right: 8px;\n  font-size: 18px;\n}\n#default-btn-1e9ecf2ce290fc04c07f8831c4558799:not(.link-hover-off):hover {\n  color: #1e73be;\n  background: none;\n}\n#default-btn-1e9ecf2ce290fc04c07f8831c4558799:not(.link-hover-off):hover * {\n  color: #1e73be;\n  background: none;\n}\n#default-btn-1e9ecf2ce290fc04c07f8831c4558799.ico-right-side > i {\n  margin-right: 0px;\n  margin-left: 8px;\n}\n#default-btn-1e9ecf2ce290fc04c07f8831c4558799 > i {\n  margin-right: 8px;\n}<\/style><a href=\"http:\/\/www.boe.es\/boe\/dias\/2006\/12\/15\/pdfs\/A44142-44156.pdf\" class=\"default-btn-shortcode dt-btn-link btn-inline-left  vc_custom_1634973993988\" target=\"_blank\" id=\"default-btn-1e9ecf2ce290fc04c07f8831c4558799\" rel=\"noopener\"><i class=\"far fa-file-pdf\"><\/i><span>Ver documento<\/span><\/a>[\/vc_column_inner][\/vc_row_inner][vc_row_inner css=&#8221;.vc_custom_1634922905144{margin-top: 15px !important;margin-right: 20px !important;margin-bottom: 10px !important;margin-left: 20px !important;padding-top: 10px !important;padding-right: 20px !important;padding-bottom: 10px !important;padding-left: 20px !important;background-color: #f9f9f9 !important;border-radius: 10px !important;}&#8221;][vc_column_inner css=&#8221;.vc_custom_1634922668170{margin-top: 0px !important;padding-top: 10px !important;padding-bottom: 10px !important;}&#8221;]<div id=\"ultimate-heading-187269f25b0a025b7\" class=\"uvc-heading ult-adjust-bottom-margin ultimate-heading-187269f25b0a025b7 uvc-2826 accent-title-color accent-border-color\" data-hspacer=\"no_spacer\"  data-halign=\"left\" style=\"text-align:left\"><div class=\"uvc-heading-spacer no_spacer\" style=\"top\"><\/div><div class=\"uvc-main-heading ult-responsive\"  data-ultimate-target='.uvc-heading.ultimate-heading-187269f25b0a025b7 h4'  data-responsive-json-new='{\"font-size\":\"desktop:18px;\",\"line-height\":\"desktop:22px;\"}' ><h4 style=\"--font-weight:theme;\">Decreto de Centros Residenciales para Personas Mayores en el \u00e1mbito de la Comunidad Aut\u00f3noma del Pa\u00eds Vasco<\/h4><\/div><\/div>[vc_column_text css=&#8221;.vc_custom_1634973951124{margin-top: 0px !important;margin-bottom: 0px !important;padding-top: 0px !important;padding-bottom: 0px !important;}&#8221;]<\/p>\n<p class=\"BOPVSumarioTitulo\">DECRETO 126\/2019, de 30 de julio, de centros residenciales para personas mayores en el \u00e1mbito de la Comunidad Aut\u00f3noma del Pa\u00eds Vasco.<\/p>\n<p>[\/vc_column_text]<style type=\"text\/css\" data-type=\"the7_shortcodes-inline-css\">#default-btn-d925fe10231ff7508af7f58794d976b1 {\n  font-size: 16px;\n  line-height: 18px;\n  font-weight: bold;\n  padding: 6px 2px 6px 2px;\n}\n#default-btn-d925fe10231ff7508af7f58794d976b1.ico-right-side > i {\n  margin-right: 0px;\n  margin-left: 8px;\n}\n#default-btn-d925fe10231ff7508af7f58794d976b1:after {\n  height: 0px;\n}\n#default-btn-d925fe10231ff7508af7f58794d976b1 > i {\n  margin-right: 8px;\n  font-size: 18px;\n}\n#default-btn-d925fe10231ff7508af7f58794d976b1:not(.link-hover-off):hover {\n  color: #1e73be;\n  background: none;\n}\n#default-btn-d925fe10231ff7508af7f58794d976b1:not(.link-hover-off):hover * {\n  color: #1e73be;\n  background: none;\n}\n#default-btn-d925fe10231ff7508af7f58794d976b1.ico-right-side > i {\n  margin-right: 0px;\n  margin-left: 8px;\n}\n#default-btn-d925fe10231ff7508af7f58794d976b1 > i {\n  margin-right: 8px;\n}<\/style><a href=\"https:\/\/www.euskadi.eus\/y22-bopv\/es\/bopv2\/datos\/2019\/09\/1904108a.pdf\" class=\"default-btn-shortcode dt-btn-link btn-inline-left  vc_custom_1634973960677\" target=\"_blank\" id=\"default-btn-d925fe10231ff7508af7f58794d976b1\" rel=\"noopener\"><i class=\"far fa-file-pdf\"><\/i><span>Ver documento<\/span><\/a>[\/vc_column_inner][\/vc_row_inner][\/vc_accordion_tab][vc_accordion_tab title=&#8221;HELDUEN HEZKUNTZA&#8221;][vc_row_inner css=&#8221;.vc_custom_1634922905144{margin-top: 15px !important;margin-right: 20px !important;margin-bottom: 10px !important;margin-left: 20px !important;padding-top: 10px !important;padding-right: 20px !important;padding-bottom: 10px !important;padding-left: 20px !important;background-color: #f9f9f9 !important;border-radius: 10px !important;}&#8221;][vc_column_inner css=&#8221;.vc_custom_1634922668170{margin-top: 0px !important;padding-top: 10px !important;padding-bottom: 10px !important;}&#8221;]<div id=\"ultimate-heading-603569f25b0a02705\" class=\"uvc-heading ult-adjust-bottom-margin ultimate-heading-603569f25b0a02705 uvc-4287 accent-title-color accent-border-color\" data-hspacer=\"no_spacer\"  data-halign=\"left\" style=\"text-align:left\"><div class=\"uvc-heading-spacer no_spacer\" style=\"top\"><\/div><div class=\"uvc-main-heading ult-responsive\"  data-ultimate-target='.uvc-heading.ultimate-heading-603569f25b0a02705 h4'  data-responsive-json-new='{\"font-size\":\"desktop:18px;\",\"line-height\":\"desktop:22px;\"}' ><h4 style=\"--font-weight:theme;margin-bottom:15px;\">Ley de Aprendizaje a lo Largo de la Vida<\/h4><\/div><\/div>[vc_column_text css=&#8221;.vc_custom_1634974084414{margin-top: 0px !important;margin-bottom: 0px !important;padding-top: 0px !important;padding-bottom: 0px !important;}&#8221;]<strong>LEY 1\/2013, de 10 de octubre, de Aprendizaje a lo Largo de la Vida.<\/strong><\/p>\n<p class=\"Pa7\">La presente ley tiene por objeto la ordenaci\u00f3n y regulaci\u00f3n de un sistema vasco de apren\u00addizaje a lo largo de la vida que responda de manera eficaz a las necesidades de formaci\u00f3n permanente y de cualificaci\u00f3n de las personas, con el fin de favorecer su desarrollo personal, social y profesional, y su contribuci\u00f3n al desarrollo econ\u00f3mico y social de Euskadi. A tal efecto, establece los mecanismos necesarios para la programaci\u00f3n, coordinaci\u00f3n, desarrollo y evalua\u00adci\u00f3n de los planes y programas correspondientes.<\/p>\n<p>[\/vc_column_text]<style type=\"text\/css\" data-type=\"the7_shortcodes-inline-css\">#default-btn-965eef104ef84ec124f526397ccd9d5d {\n  font-size: 16px;\n  line-height: 18px;\n  font-weight: bold;\n  padding: 6px 2px 6px 2px;\n}\n#default-btn-965eef104ef84ec124f526397ccd9d5d.ico-right-side > i {\n  margin-right: 0px;\n  margin-left: 8px;\n}\n#default-btn-965eef104ef84ec124f526397ccd9d5d:after {\n  height: 0px;\n}\n#default-btn-965eef104ef84ec124f526397ccd9d5d > i {\n  margin-right: 8px;\n  font-size: 18px;\n}\n#default-btn-965eef104ef84ec124f526397ccd9d5d:not(.link-hover-off):hover {\n  color: #1e73be;\n  background: none;\n}\n#default-btn-965eef104ef84ec124f526397ccd9d5d:not(.link-hover-off):hover * {\n  color: #1e73be;\n  background: none;\n}\n#default-btn-965eef104ef84ec124f526397ccd9d5d.ico-right-side > i {\n  margin-right: 0px;\n  margin-left: 8px;\n}\n#default-btn-965eef104ef84ec124f526397ccd9d5d > i {\n  margin-right: 8px;\n}<\/style><a href=\"https:\/\/www.euskadi.net\/bopv2\/datos\/2013\/10\/1304417a.pdf\" class=\"default-btn-shortcode dt-btn-link btn-inline-left  vc_custom_1634974095532\" target=\"_blank\" id=\"default-btn-965eef104ef84ec124f526397ccd9d5d\" rel=\"noopener\"><i class=\"far fa-file-pdf\"><\/i><span>Ver documento<\/span><\/a>[vc_separator color=&#8221;custom&#8221; align=&#8221;align_left&#8221; style=&#8221;dashed&#8221; css=&#8221;.vc_custom_1634974930873{margin-top: 10px !important;margin-bottom: 10px !important;}&#8221; accent_color=&#8221;#adadad&#8221;][vc_column_text css=&#8221;.vc_custom_1634974127694{margin-top: 0px !important;margin-bottom: 0px !important;padding-top: 0px !important;padding-bottom: 0px !important;}&#8221;]<strong>1\/2103 LEGEA, Bizialdi Osoko Ikaskuntzari buruzkoa.<\/strong><\/p>\n<p class=\"Pa7\">Lege honen xedea da bizialdi osoko ikaskuntzako euskal sistema antolatzea eta arautzea, jendeak etengabeko prestakuntzan eta kualifikazioan dituen beharrei erantzun eraginkorra emateko, eta, hartara, garapen pertsonala, soziala eta profesionala sustatzeko. Horretarako, egoki diren jardunak programatu, koordinatu, gauzatu eta ebaluatzeko behar diren mekanismoak ezartzen ditu.<\/p>\n<p>[\/vc_column_text]<style type=\"text\/css\" data-type=\"the7_shortcodes-inline-css\">#default-btn-a56debea914d7e3e22bf6c90b2a32177 {\n  font-size: 16px;\n  line-height: 18px;\n  font-weight: bold;\n  padding: 6px 2px 6px 2px;\n}\n#default-btn-a56debea914d7e3e22bf6c90b2a32177.ico-right-side > i {\n  margin-right: 0px;\n  margin-left: 8px;\n}\n#default-btn-a56debea914d7e3e22bf6c90b2a32177:after {\n  height: 0px;\n}\n#default-btn-a56debea914d7e3e22bf6c90b2a32177 > i {\n  margin-right: 8px;\n  font-size: 18px;\n}\n#default-btn-a56debea914d7e3e22bf6c90b2a32177:not(.link-hover-off):hover {\n  color: #1e73be;\n  background: none;\n}\n#default-btn-a56debea914d7e3e22bf6c90b2a32177:not(.link-hover-off):hover * {\n  color: #1e73be;\n  background: none;\n}\n#default-btn-a56debea914d7e3e22bf6c90b2a32177.ico-right-side > i {\n  margin-right: 0px;\n  margin-left: 8px;\n}\n#default-btn-a56debea914d7e3e22bf6c90b2a32177 > i {\n  margin-right: 8px;\n}<\/style><a href=\"http:\/\/www.lehendakaritza.ejgv.euskadi.net\/r48-bopv2\/eu\/bopv2\/datos\/2013\/10\/1304417e.shtml\" class=\"default-btn-shortcode dt-btn-link btn-inline-left  vc_custom_1634974139283\" target=\"_blank\" id=\"default-btn-a56debea914d7e3e22bf6c90b2a32177\" rel=\"noopener\"><i class=\"far fa-file-pdf\"><\/i><span>Ver documento<\/span><\/a>[\/vc_column_inner][\/vc_row_inner][vc_row_inner css=&#8221;.vc_custom_1634922905144{margin-top: 15px !important;margin-right: 20px !important;margin-bottom: 10px !important;margin-left: 20px !important;padding-top: 10px !important;padding-right: 20px !important;padding-bottom: 10px !important;padding-left: 20px !important;background-color: #f9f9f9 !important;border-radius: 10px !important;}&#8221;][vc_column_inner css=&#8221;.vc_custom_1634922668170{margin-top: 0px !important;padding-top: 10px !important;padding-bottom: 10px !important;}&#8221;]<div id=\"ultimate-heading-8769f25b0a0292e\" class=\"uvc-heading ult-adjust-bottom-margin ultimate-heading-8769f25b0a0292e uvc-1293 accent-title-color accent-border-color\" data-hspacer=\"no_spacer\"  data-halign=\"left\" style=\"text-align:left\"><div class=\"uvc-heading-spacer no_spacer\" style=\"top\"><\/div><div class=\"uvc-main-heading ult-responsive\"  data-ultimate-target='.uvc-heading.ultimate-heading-8769f25b0a0292e h4'  data-responsive-json-new='{\"font-size\":\"desktop:18px;\",\"line-height\":\"desktop:22px;\"}' ><h4 style=\"--font-weight:theme;\">Ley de Ordenaci\u00f3n General del Sistema Educativo<\/h4><\/div><\/div>[vc_column_text css=&#8221;.vc_custom_1634974240040{margin-top: 0px !important;margin-bottom: 0px !important;padding-top: 0px !important;padding-bottom: 0px !important;}&#8221;]<\/p>\n<p class=\"Pa7\">Ley org\u00e1nica 1\/1990, de 3 de octubre de 1990 (BOE 4 octubre 1990) de Ordenaci\u00f3n General del Sistema Educativo (Art\u00edculos 51-54).<\/p>\n<p>[\/vc_column_text]<style type=\"text\/css\" data-type=\"the7_shortcodes-inline-css\">#default-btn-72d63b4f109bb31f89dd03bf70040382 {\n  font-size: 16px;\n  line-height: 18px;\n  font-weight: bold;\n  padding: 6px 2px 6px 2px;\n}\n#default-btn-72d63b4f109bb31f89dd03bf70040382.ico-right-side > i {\n  margin-right: 0px;\n  margin-left: 8px;\n}\n#default-btn-72d63b4f109bb31f89dd03bf70040382:after {\n  height: 0px;\n}\n#default-btn-72d63b4f109bb31f89dd03bf70040382 > i {\n  margin-right: 8px;\n  font-size: 18px;\n}\n#default-btn-72d63b4f109bb31f89dd03bf70040382:not(.link-hover-off):hover {\n  color: #1e73be;\n  background: none;\n}\n#default-btn-72d63b4f109bb31f89dd03bf70040382:not(.link-hover-off):hover * {\n  color: #1e73be;\n  background: none;\n}\n#default-btn-72d63b4f109bb31f89dd03bf70040382.ico-right-side > i {\n  margin-right: 0px;\n  margin-left: 8px;\n}\n#default-btn-72d63b4f109bb31f89dd03bf70040382 > i {\n  margin-right: 8px;\n}<\/style><a href=\"http:\/\/www.stee-eilas.org\/dok\/legedia\/legeak\/logse.pdf\" class=\"default-btn-shortcode dt-btn-link btn-inline-left  vc_custom_1634974253136\" target=\"_blank\" id=\"default-btn-72d63b4f109bb31f89dd03bf70040382\" rel=\"noopener\"><i class=\"far fa-file-pdf\"><\/i><span>Ver documento<\/span><\/a>[\/vc_column_inner][\/vc_row_inner][\/vc_accordion_tab][vc_accordion_tab title=&#8221;ESKU-HARTZE SOZIALEKO HITZARMEN KOLEKTIBOAK&#8221;][vc_row_inner css=&#8221;.vc_custom_1634922905144{margin-top: 15px !important;margin-right: 20px !important;margin-bottom: 10px !important;margin-left: 20px !important;padding-top: 10px !important;padding-right: 20px !important;padding-bottom: 10px !important;padding-left: 20px !important;background-color: #f9f9f9 !important;border-radius: 10px !important;}&#8221;][vc_column_inner css=&#8221;.vc_custom_1634922668170{margin-top: 0px !important;padding-top: 10px !important;padding-bottom: 10px !important;}&#8221;]<div id=\"ultimate-heading-555469f25b0a02a79\" class=\"uvc-heading ult-adjust-bottom-margin ultimate-heading-555469f25b0a02a79 uvc-7050 accent-title-color accent-border-color\" data-hspacer=\"no_spacer\"  data-halign=\"left\" style=\"text-align:left\"><div class=\"uvc-heading-spacer no_spacer\" style=\"top\"><\/div><div class=\"uvc-main-heading ult-responsive\"  data-ultimate-target='.uvc-heading.ultimate-heading-555469f25b0a02a79 h4'  data-responsive-json-new='{\"font-size\":\"desktop:18px;\",\"line-height\":\"desktop:22px;\"}' ><h4 style=\"--font-weight:theme;\">IV Convenio IS GIPUZKOAko IV GHE Hitzamena<\/h4><\/div><\/div>[vc_column_text css=&#8221;.vc_custom_1713452026417{margin-top: 0px !important;margin-bottom: 0px !important;padding-top: 0px !important;padding-bottom: 0px !important;}&#8221;]Resoluci\u00f3n de 21 de marzo de 2024, del Delegado Territorial de Trabajo y Seguridad Social, por la que se dispone el registro, publicaci\u00f3n y dep\u00f3sito del IV Convenio Colectivo de Intervenci\u00f3n Social de Gipuzkoa para los a\u00f1os 2023-2025[\/vc_column_text]<style type=\"text\/css\" data-type=\"the7_shortcodes-inline-css\">#default-btn-c70ca220011be221070d77a52e798945 {\n  font-size: 16px;\n  line-height: 18px;\n  font-weight: bold;\n  padding: 6px 2px 6px 2px;\n}\n#default-btn-c70ca220011be221070d77a52e798945.ico-right-side > i {\n  margin-right: 0px;\n  margin-left: 8px;\n}\n#default-btn-c70ca220011be221070d77a52e798945:after {\n  height: 0px;\n}\n#default-btn-c70ca220011be221070d77a52e798945 > i {\n  margin-right: 8px;\n  font-size: 18px;\n}\n#default-btn-c70ca220011be221070d77a52e798945:not(.link-hover-off):hover {\n  color: #1e73be;\n  background: none;\n}\n#default-btn-c70ca220011be221070d77a52e798945:not(.link-hover-off):hover * {\n  color: #1e73be;\n  background: none;\n}\n#default-btn-c70ca220011be221070d77a52e798945.ico-right-side > i {\n  margin-right: 0px;\n  margin-left: 8px;\n}\n#default-btn-c70ca220011be221070d77a52e798945 > i {\n  margin-right: 8px;\n}<\/style><a href=\"https:\/\/noticias.juridicas.com\/base_datos\/CCAA\/842480-iv-convenio-colectivo-de-intervencion-social-de-gipuzkoa-para-los-anos-2023-2025.html\" class=\"default-btn-shortcode dt-btn-link btn-inline-left  vc_custom_1713452046273\" target=\"_blank\" id=\"default-btn-c70ca220011be221070d77a52e798945\" rel=\"noopener\"><i class=\"far fa-file-pdf\"><\/i><span>IV Convenio de Intervenci\u00f3n Social de Gipuzkoa<\/span><\/a>[\/vc_column_inner][\/vc_row_inner][vc_row_inner css=&#8221;.vc_custom_1634922905144{margin-top: 15px !important;margin-right: 20px !important;margin-bottom: 10px !important;margin-left: 20px !important;padding-top: 10px !important;padding-right: 20px !important;padding-bottom: 10px !important;padding-left: 20px !important;background-color: #f9f9f9 !important;border-radius: 10px !important;}&#8221;][vc_column_inner css=&#8221;.vc_custom_1634922668170{margin-top: 0px !important;padding-top: 10px !important;padding-bottom: 10px !important;}&#8221;]<div id=\"ultimate-heading-614269f25b0a02bc6\" class=\"uvc-heading ult-adjust-bottom-margin ultimate-heading-614269f25b0a02bc6 uvc-7055 accent-title-color accent-border-color\" data-hspacer=\"no_spacer\"  data-halign=\"left\" style=\"text-align:left\"><div class=\"uvc-heading-spacer no_spacer\" style=\"top\"><\/div><div class=\"uvc-main-heading ult-responsive\"  data-ultimate-target='.uvc-heading.ultimate-heading-614269f25b0a02bc6 h4'  data-responsive-json-new='{\"font-size\":\"desktop:18px;\",\"line-height\":\"desktop:22px;\"}' ><h4 style=\"--font-weight:theme;\">BIZKAIKO ESKU-HARTZE SOZIALAREN SEKTOREKO VI. HITZARMEN KOLEKTIBOA 2022-2025<\/h4><\/div><\/div>[vc_column_text css=&#8221;.vc_custom_1729589145536{margin-top: 0px !important;margin-bottom: 0px !important;padding-top: 0px !important;padding-bottom: 0px !important;}&#8221;]Erabakia Ekonomia, Lan eta Enplegu Saileko Lan eta Gizarte Segurantzako Bizkaiko lurralde ordezkariarena. Honen bidez ebazten da Bizkaiko Esku-hartze Sozialeko sektoreko hitzarmen kolektiboa erregistratu, gordailu egin eta argitaratzea (hitzarmen kodea 48006185012006).[\/vc_column_text]<style type=\"text\/css\" data-type=\"the7_shortcodes-inline-css\">#default-btn-2ac95ed1e3715c6f4c267c9d9ea0765e {\n  font-size: 16px;\n  line-height: 18px;\n  font-weight: bold;\n  padding: 6px 2px 6px 2px;\n}\n#default-btn-2ac95ed1e3715c6f4c267c9d9ea0765e.ico-right-side > i {\n  margin-right: 0px;\n  margin-left: 8px;\n}\n#default-btn-2ac95ed1e3715c6f4c267c9d9ea0765e:after {\n  height: 0px;\n}\n#default-btn-2ac95ed1e3715c6f4c267c9d9ea0765e > i {\n  margin-right: 8px;\n  font-size: 18px;\n}\n#default-btn-2ac95ed1e3715c6f4c267c9d9ea0765e:not(.link-hover-off):hover {\n  color: #1e73be;\n  background: none;\n}\n#default-btn-2ac95ed1e3715c6f4c267c9d9ea0765e:not(.link-hover-off):hover * {\n  color: #1e73be;\n  background: none;\n}\n#default-btn-2ac95ed1e3715c6f4c267c9d9ea0765e.ico-right-side > i {\n  margin-right: 0px;\n  margin-left: 8px;\n}\n#default-btn-2ac95ed1e3715c6f4c267c9d9ea0765e > i {\n  margin-right: 8px;\n}<\/style><a href=\"https:\/\/www.bizkaia.eus\/lehendakaritza\/Bao_bob\/2024\/10\/22\/III-187_eus.pdf?hash=a6378a0afa815b7d1744a03515dbfd10\" class=\"default-btn-shortcode dt-btn-link btn-inline-left  vc_custom_1729589198078\" target=\"_blank\" id=\"default-btn-2ac95ed1e3715c6f4c267c9d9ea0765e\" rel=\"noopener\"><i class=\"far fa-file-pdf\"><\/i><span>BIZKAIKO ESKU-HARTZE SOZIALAREN SEKTOREKO VI. HITZARMEN KOLEKTIBOA 2022-2025<\/span><\/a>[\/vc_column_inner][\/vc_row_inner][vc_row_inner css=&#8221;.vc_custom_1634922905144{margin-top: 15px !important;margin-right: 20px !important;margin-bottom: 10px !important;margin-left: 20px !important;padding-top: 10px !important;padding-right: 20px !important;padding-bottom: 10px !important;padding-left: 20px !important;background-color: #f9f9f9 !important;border-radius: 10px !important;}&#8221;][vc_column_inner css=&#8221;.vc_custom_1634922668170{margin-top: 0px !important;padding-top: 10px !important;padding-bottom: 10px !important;}&#8221;]<div id=\"ultimate-heading-427969f25b0a02d10\" class=\"uvc-heading ult-adjust-bottom-margin ultimate-heading-427969f25b0a02d10 uvc-383 accent-title-color accent-border-color\" data-hspacer=\"no_spacer\"  data-halign=\"left\" style=\"text-align:left\"><div class=\"uvc-heading-spacer no_spacer\" style=\"top\"><\/div><div class=\"uvc-main-heading ult-responsive\"  data-ultimate-target='.uvc-heading.ultimate-heading-427969f25b0a02d10 h4'  data-responsive-json-new='{\"font-size\":\"desktop:18px;\",\"line-height\":\"desktop:22px;\"}' ><h4 style=\"--font-weight:theme;\">III Convenio de Interveci\u00f3n Social de Alava<\/h4><\/div><\/div>[vc_column_text css=&#8221;.vc_custom_1706192598071{margin-top: 0px !important;margin-bottom: 0px !important;padding-top: 0px !important;padding-bottom: 0px !important;}&#8221;]Resoluci\u00f3n de la delegada territorial de Trabajo y Seguridad Social de \u00c1lava del Departamento de Trabajo y Empleo, por la que se dispone el registro, publicaci\u00f3n y dep\u00f3sito del convenio colectivo 2021-2022-2023-2024 del sector intervenci\u00f3n social de \u00c1lava C\u00f3digo convenio<br \/>\n01100025012015.[\/vc_column_text]<style type=\"text\/css\" data-type=\"the7_shortcodes-inline-css\">#default-btn-054a3aa59a11cf9df6aa88209f1e6445 {\n  font-size: 16px;\n  line-height: 18px;\n  font-weight: bold;\n  padding: 6px 2px 6px 2px;\n}\n#default-btn-054a3aa59a11cf9df6aa88209f1e6445.ico-right-side > i {\n  margin-right: 0px;\n  margin-left: 8px;\n}\n#default-btn-054a3aa59a11cf9df6aa88209f1e6445:after {\n  height: 0px;\n}\n#default-btn-054a3aa59a11cf9df6aa88209f1e6445 > i {\n  margin-right: 8px;\n  font-size: 18px;\n}\n#default-btn-054a3aa59a11cf9df6aa88209f1e6445:not(.link-hover-off):hover {\n  color: #1e73be;\n  background: none;\n}\n#default-btn-054a3aa59a11cf9df6aa88209f1e6445:not(.link-hover-off):hover * {\n  color: #1e73be;\n  background: none;\n}\n#default-btn-054a3aa59a11cf9df6aa88209f1e6445.ico-right-side > i {\n  margin-right: 0px;\n  margin-left: 8px;\n}\n#default-btn-054a3aa59a11cf9df6aa88209f1e6445 > i {\n  margin-right: 8px;\n}<\/style><a href=\"https:\/\/www.araba.eus\/botha\/Boletines\/2023\/054\/2023_054_01291_C.pdf\" class=\"default-btn-shortcode dt-btn-link btn-inline-left  vc_custom_1706192619717\" target=\"_blank\" id=\"default-btn-054a3aa59a11cf9df6aa88209f1e6445\" rel=\"noopener\"><i class=\"far fa-file-pdf\"><\/i><span>Ver documento III Convenio colectivo del Sector Intervenci\u00f3n Social de \u00c1lava<\/span><\/a>[\/vc_column_inner][\/vc_row_inner][vc_row_inner css=&#8221;.vc_custom_1634922905144{margin-top: 15px !important;margin-right: 20px !important;margin-bottom: 10px !important;margin-left: 20px !important;padding-top: 10px !important;padding-right: 20px !important;padding-bottom: 10px !important;padding-left: 20px !important;background-color: #f9f9f9 !important;border-radius: 10px !important;}&#8221;][vc_column_inner css=&#8221;.vc_custom_1634922668170{margin-top: 0px !important;padding-top: 10px !important;padding-bottom: 10px !important;}&#8221;]<div id=\"ultimate-heading-304269f25b0a02e84\" class=\"uvc-heading ult-adjust-bottom-margin ultimate-heading-304269f25b0a02e84 uvc-7423 accent-title-color accent-border-color\" data-hspacer=\"no_spacer\"  data-halign=\"left\" style=\"text-align:left\"><div class=\"uvc-heading-spacer no_spacer\" style=\"top\"><\/div><div class=\"uvc-main-heading ult-responsive\"  data-ultimate-target='.uvc-heading.ultimate-heading-304269f25b0a02e84 h4'  data-responsive-json-new='{\"font-size\":\"desktop:18px;\",\"line-height\":\"desktop:22px;\"}' ><h4 style=\"--font-weight:theme;\">Convenio ocio educativo y animaci\u00f3n sociocultural de Alava<\/h4><\/div><\/div>[vc_column_text css=&#8221;.vc_custom_1634974496990{margin-top: 0px !important;margin-bottom: 0px !important;padding-top: 0px !important;padding-bottom: 0px !important;}&#8221;]Resoluci\u00f3n del delegado territorial de Trabajo, Empleo y Pol\u00edticas Sociales de \u00c1lava del Departamento de Empleo y Pol\u00edticas Sociales, por la que se dispone el registro, publicaci\u00f3n y dep\u00f3sito del convenio colectivo 2017-2018 para el sector de las empresas de ocio educativo y animaci\u00f3n socio cultural de \u00c1lava. C\u00f3digo convenio n\u00famero 01100635012017.[\/vc_column_text]<style type=\"text\/css\" data-type=\"the7_shortcodes-inline-css\">#default-btn-863527159f3a5ef8efb1ee867cc5f7fe {\n  font-size: 16px;\n  line-height: 18px;\n  font-weight: bold;\n  padding: 6px 2px 6px 2px;\n}\n#default-btn-863527159f3a5ef8efb1ee867cc5f7fe.ico-right-side > i {\n  margin-right: 0px;\n  margin-left: 8px;\n}\n#default-btn-863527159f3a5ef8efb1ee867cc5f7fe:after {\n  height: 0px;\n}\n#default-btn-863527159f3a5ef8efb1ee867cc5f7fe > i {\n  margin-right: 8px;\n  font-size: 18px;\n}\n#default-btn-863527159f3a5ef8efb1ee867cc5f7fe:not(.link-hover-off):hover {\n  color: #1e73be;\n  background: none;\n}\n#default-btn-863527159f3a5ef8efb1ee867cc5f7fe:not(.link-hover-off):hover * {\n  color: #1e73be;\n  background: none;\n}\n#default-btn-863527159f3a5ef8efb1ee867cc5f7fe.ico-right-side > i {\n  margin-right: 0px;\n  margin-left: 8px;\n}\n#default-btn-863527159f3a5ef8efb1ee867cc5f7fe > i {\n  margin-right: 8px;\n}<\/style><div class=\"btn-align-left\"><a href=\"https:\/\/www.araba.eus\/botha\/Boletines\/2017\/016\/2017_016_00409_C.pdf\" class=\"default-btn-shortcode dt-btn-link  vc_custom_1634974544972\" target=\"_blank\" id=\"default-btn-863527159f3a5ef8efb1ee867cc5f7fe\" rel=\"noopener\"><i class=\"far fa-file-pdf\"><\/i><span>Convenio de Ocio educativo y animaci\u00f3n socio cultural de Alava<\/span><\/a><\/div><style type=\"text\/css\" data-type=\"the7_shortcodes-inline-css\">#default-btn-ce6d033a86dcdb8f6e30cf2ce5c8cc5f {\n  font-size: 16px;\n  line-height: 18px;\n  font-weight: bold;\n  padding: 6px 2px 6px 2px;\n}\n#default-btn-ce6d033a86dcdb8f6e30cf2ce5c8cc5f.ico-right-side > i {\n  margin-right: 0px;\n  margin-left: 8px;\n}\n#default-btn-ce6d033a86dcdb8f6e30cf2ce5c8cc5f:after {\n  height: 0px;\n}\n#default-btn-ce6d033a86dcdb8f6e30cf2ce5c8cc5f > i {\n  margin-right: 8px;\n  font-size: 18px;\n}\n#default-btn-ce6d033a86dcdb8f6e30cf2ce5c8cc5f:not(.link-hover-off):hover {\n  color: #1e73be;\n  background: none;\n}\n#default-btn-ce6d033a86dcdb8f6e30cf2ce5c8cc5f:not(.link-hover-off):hover * {\n  color: #1e73be;\n  background: none;\n}\n#default-btn-ce6d033a86dcdb8f6e30cf2ce5c8cc5f.ico-right-side > i {\n  margin-right: 0px;\n  margin-left: 8px;\n}\n#default-btn-ce6d033a86dcdb8f6e30cf2ce5c8cc5f > i {\n  margin-right: 8px;\n}<\/style><div class=\"btn-align-left\"><a href=\"https:\/\/www.araba.eus\/botha\/Boletines\/2018\/102\/2018_102_03309_C.pdf\" class=\"default-btn-shortcode dt-btn-link  vc_custom_1634974550461\" target=\"_blank\" id=\"default-btn-ce6d033a86dcdb8f6e30cf2ce5c8cc5f\" rel=\"noopener\"><i class=\"far fa-file-pdf\"><\/i><span>Acuerdo de modificaci\u00f3n del Convenio del Sector<\/span><\/a><\/div>[\/vc_column_inner][\/vc_row_inner][\/vc_accordion_tab][vc_accordion_tab title=&#8221;GIZARTE HEZKUNTZAKO TITULUA&#8221;][vc_row_inner css=&#8221;.vc_custom_1634922905144{margin-top: 15px !important;margin-right: 20px !important;margin-bottom: 10px !important;margin-left: 20px !important;padding-top: 10px !important;padding-right: 20px !important;padding-bottom: 10px !important;padding-left: 20px !important;background-color: #f9f9f9 !important;border-radius: 10px !important;}&#8221;][vc_column_inner css=&#8221;.vc_custom_1634922668170{margin-top: 0px !important;padding-top: 10px !important;padding-bottom: 10px !important;}&#8221;]<div id=\"ultimate-heading-593669f25b0a030b3\" class=\"uvc-heading ult-adjust-bottom-margin ultimate-heading-593669f25b0a030b3 uvc-3740 accent-title-color accent-border-color\" data-hspacer=\"no_spacer\"  data-halign=\"left\" style=\"text-align:left\"><div class=\"uvc-heading-spacer no_spacer\" style=\"top\"><\/div><div class=\"uvc-main-heading ult-responsive\"  data-ultimate-target='.uvc-heading.ultimate-heading-593669f25b0a030b3 h4'  data-responsive-json-new='{\"font-size\":\"desktop:18px;\",\"line-height\":\"desktop:22px;\"}' ><h4 style=\"--font-weight:theme;\">Ordenaci\u00f3n Ense\u00f1anzas Universitarias EEES (Plan Bolonia) modificaci\u00f3n al RD 1393\/2007<\/h4><\/div><\/div>[vc_column_text css=&#8221;.vc_custom_1634974635607{margin-top: 0px !important;margin-bottom: 0px !important;padding-top: 0px !important;padding-bottom: 0px !important;}&#8221;]<\/p>\n<p class=\"Pa7\">\u00a0Real Decreto 861\/2010, por el que modifica el RD 1393\/2007 Y se establece la ordenaci\u00f3n de las ense\u00f1anzas universitarias oficiales GRADO.<\/p>\n<p>[\/vc_column_text][\/vc_column_inner][\/vc_row_inner][vc_row_inner css=&#8221;.vc_custom_1634922905144{margin-top: 15px !important;margin-right: 20px !important;margin-bottom: 10px !important;margin-left: 20px !important;padding-top: 10px !important;padding-right: 20px !important;padding-bottom: 10px !important;padding-left: 20px !important;background-color: #f9f9f9 !important;border-radius: 10px !important;}&#8221;][vc_column_inner css=&#8221;.vc_custom_1634922668170{margin-top: 0px !important;padding-top: 10px !important;padding-bottom: 10px !important;}&#8221;]<div id=\"ultimate-heading-726969f25b0a0311d\" class=\"uvc-heading ult-adjust-bottom-margin ultimate-heading-726969f25b0a0311d uvc-7485 accent-title-color accent-border-color\" data-hspacer=\"no_spacer\"  data-halign=\"left\" style=\"text-align:left\"><div class=\"uvc-heading-spacer no_spacer\" style=\"top\"><\/div><div class=\"uvc-main-heading ult-responsive\"  data-ultimate-target='.uvc-heading.ultimate-heading-726969f25b0a0311d h4'  data-responsive-json-new='{\"font-size\":\"desktop:18px;\",\"line-height\":\"desktop:22px;\"}' ><h4 style=\"--font-weight:theme;\">Ordenaci\u00f3n Ense\u00f1anzas Universitarias EEES (Plan Bolonia)<\/h4><\/div><\/div>[vc_column_text css=&#8221;.vc_custom_1634974663237{margin-top: 0px !important;margin-bottom: 0px !important;padding-top: 0px !important;padding-bottom: 0px !important;}&#8221;]<\/p>\n<p class=\"Pa7\">Real Decreto 1393\/2007, de 29 de octubre, por el que se establece la ordenaci\u00f3n de las ense\u00f1anzas universitarias oficiales conforme Espacio Europeo Educaci\u00f3n Superior (Plan Bolonia)<\/p>\n<p>[\/vc_column_text][\/vc_column_inner][\/vc_row_inner][vc_row_inner css=&#8221;.vc_custom_1634922905144{margin-top: 15px !important;margin-right: 20px !important;margin-bottom: 10px !important;margin-left: 20px !important;padding-top: 10px !important;padding-right: 20px !important;padding-bottom: 10px !important;padding-left: 20px !important;background-color: #f9f9f9 !important;border-radius: 10px !important;}&#8221;][vc_column_inner css=&#8221;.vc_custom_1634922668170{margin-top: 0px !important;padding-top: 10px !important;padding-bottom: 10px !important;}&#8221;]<div id=\"ultimate-heading-598769f25b0a03186\" class=\"uvc-heading ult-adjust-bottom-margin ultimate-heading-598769f25b0a03186 uvc-3018 accent-title-color accent-border-color\" data-hspacer=\"no_spacer\"  data-halign=\"left\" style=\"text-align:left\"><div class=\"uvc-heading-spacer no_spacer\" style=\"top\"><\/div><div class=\"uvc-main-heading ult-responsive\"  data-ultimate-target='.uvc-heading.ultimate-heading-598769f25b0a03186 h4'  data-responsive-json-new='{\"font-size\":\"desktop:18px;\",\"line-height\":\"desktop:22px;\"}' ><h4 style=\"--font-weight:theme;\">Decreto que establece el t\u00edtulo oficial de diplomado en educaci\u00f3n social<\/h4><\/div><\/div>[vc_column_text css=&#8221;.vc_custom_1634974700180{margin-top: 0px !important;margin-bottom: 0px !important;padding-top: 0px !important;padding-bottom: 0px !important;}&#8221;]<\/p>\n<p class=\"Pa7\">Real Decreto 1420\/1991 de 30 de agosto, que establece el t\u00edtulo oficial de diplomado en educaci\u00f3n social. BOE.243. 10 octubre 1991.<\/p>\n<p>[\/vc_column_text]<style type=\"text\/css\" data-type=\"the7_shortcodes-inline-css\">#default-btn-dd98248467f4e82d657e4e841277a6b6 {\n  font-size: 16px;\n  line-height: 18px;\n  font-weight: bold;\n  padding: 6px 2px 6px 2px;\n}\n#default-btn-dd98248467f4e82d657e4e841277a6b6.ico-right-side > i {\n  margin-right: 0px;\n  margin-left: 8px;\n}\n#default-btn-dd98248467f4e82d657e4e841277a6b6:after {\n  height: 0px;\n}\n#default-btn-dd98248467f4e82d657e4e841277a6b6 > i {\n  margin-right: 8px;\n  font-size: 18px;\n}\n#default-btn-dd98248467f4e82d657e4e841277a6b6:not(.link-hover-off):hover {\n  color: #1e73be;\n  background: none;\n}\n#default-btn-dd98248467f4e82d657e4e841277a6b6:not(.link-hover-off):hover * {\n  color: #1e73be;\n  background: none;\n}\n#default-btn-dd98248467f4e82d657e4e841277a6b6.ico-right-side > i {\n  margin-right: 0px;\n  margin-left: 8px;\n}\n#default-btn-dd98248467f4e82d657e4e841277a6b6 > i {\n  margin-right: 8px;\n}<\/style><a href=\"http:\/\/www.boe.es\/g\/es\/bases_datos\/doc.php?coleccion=iberlex&amp;id=1991\/24669\" class=\"default-btn-shortcode dt-btn-link btn-inline-left  vc_custom_1634974710161\" target=\"_blank\" id=\"default-btn-dd98248467f4e82d657e4e841277a6b6\" rel=\"noopener\"><i class=\"far fa-file-pdf\"><\/i><span>Ver documento<\/span><\/a>[\/vc_column_inner][\/vc_row_inner][\/vc_accordion_tab][\/vc_accordion][\/vc_column][\/vc_row][vc_row][vc_column][\/vc_column][\/vc_row]<\/p>\n<\/div>","protected":false},"excerpt":{"rendered":"<p>[vc_row][vc_column][vc_column_text]Gizarte-hezkuntzan inplikatutako arauei buruzko informazio guztia.[\/vc_column_text][vc_accordion active_tab=&#8221;0&#8243; collapsible=&#8221;yes&#8221; title_size=&#8221;h4&#8243; style=&#8221;3&#8243;][vc_accordion_tab title=&#8221;EUSKAL AUTONOMIA ERKIDEGOKO GIZARTE-ZERBITZUAK ETA LURRALDE HISTORIKOA&#8221;][vc_row_inner css=&#8221;.vc_custom_1634922905144{margin-top: 15px !important;margin-right: 20px !important;margin-bottom: 10px !important;margin-left: 20px !important;padding-top: 10px !important;padding-right: 20px !important;padding-bottom:&hellip;<\/p>\n","protected":false},"author":1,"featured_media":0,"parent":58816,"menu_order":100,"comment_status":"closed","ping_status":"closed","template":"","meta":{"_monsterinsights_skip_tracking":false,"_monsterinsights_sitenote_active":false,"_monsterinsights_sitenote_note":"","_monsterinsights_sitenote_category":0,"footnotes":""},"class_list":["post-58837","page","type-page","status-publish","hentry","description-off"],"yoast_head":"<!-- This site is optimized with the Yoast SEO plugin v27.5 - https:\/\/yoast.com\/product\/yoast-seo-wordpress\/ -->\n<title>ARAU-LIBURUTEGIA - CEESPV-GHEE<\/title>\n<meta name=\"robots\" content=\"index, follow, max-snippet:-1, max-image-preview:large, max-video-preview:-1\" \/>\n<link rel=\"canonical\" href=\"https:\/\/www.ceespv.org\/eu\/zerbitzuak\/arau-liburutegia\/\" \/>\n<meta property=\"og:locale\" content=\"eu_ES\" \/>\n<meta property=\"og:type\" content=\"article\" \/>\n<meta property=\"og:title\" content=\"ARAU-LIBURUTEGIA - CEESPV-GHEE\" \/>\n<meta property=\"og:description\" content=\"[vc_row][vc_column][vc_column_text]Gizarte-hezkuntzan inplikatutako arauei buruzko informazio guztia.[\/vc_column_text][vc_accordion active_tab=&#8221;0&#8243; collapsible=&#8221;yes&#8221; title_size=&#8221;h4&#8243; style=&#8221;3&#8243;][vc_accordion_tab title=&#8221;EUSKAL AUTONOMIA ERKIDEGOKO GIZARTE-ZERBITZUAK ETA LURRALDE HISTORIKOA&#8221;][vc_row_inner css=&#8221;.vc_custom_1634922905144{margin-top: 15px !important;margin-right: 20px !important;margin-bottom: 10px !important;margin-left: 20px !important;padding-top: 10px !important;padding-right: 20px !important;padding-bottom:&hellip;\" \/>\n<meta property=\"og:url\" content=\"https:\/\/www.ceespv.org\/eu\/zerbitzuak\/arau-liburutegia\/\" \/>\n<meta property=\"og:site_name\" content=\"CEESPV-GHEE\" \/>\n<meta property=\"article:publisher\" content=\"https:\/\/www.facebook.com\/CEESPV\" \/>\n<meta property=\"article:modified_time\" content=\"2024-10-22T09:26:42+00:00\" \/>\n<meta name=\"twitter:card\" content=\"summary_large_image\" \/>\n<meta name=\"twitter:site\" content=\"@CEESPV\" \/>\n<meta name=\"twitter:label1\" content=\"Est. reading time\" \/>\n\t<meta name=\"twitter:data1\" content=\"73 minutes\" \/>\n<script type=\"application\/ld+json\" class=\"yoast-schema-graph\">{\"@context\":\"https:\\\/\\\/schema.org\",\"@graph\":[{\"@type\":\"WebPage\",\"@id\":\"https:\\\/\\\/www.ceespv.org\\\/eu\\\/zerbitzuak\\\/arau-liburutegia\\\/\",\"url\":\"https:\\\/\\\/www.ceespv.org\\\/eu\\\/zerbitzuak\\\/arau-liburutegia\\\/\",\"name\":\"ARAU-LIBURUTEGIA - CEESPV-GHEE\",\"isPartOf\":{\"@id\":\"https:\\\/\\\/www.ceespv.org\\\/eu\\\/#website\"},\"datePublished\":\"2021-10-22T14:39:55+00:00\",\"dateModified\":\"2024-10-22T09:26:42+00:00\",\"breadcrumb\":{\"@id\":\"https:\\\/\\\/www.ceespv.org\\\/eu\\\/zerbitzuak\\\/arau-liburutegia\\\/#breadcrumb\"},\"inLanguage\":\"eu-ES\",\"potentialAction\":[{\"@type\":\"ReadAction\",\"target\":[\"https:\\\/\\\/www.ceespv.org\\\/eu\\\/zerbitzuak\\\/arau-liburutegia\\\/\"]}]},{\"@type\":\"BreadcrumbList\",\"@id\":\"https:\\\/\\\/www.ceespv.org\\\/eu\\\/zerbitzuak\\\/arau-liburutegia\\\/#breadcrumb\",\"itemListElement\":[{\"@type\":\"ListItem\",\"position\":1,\"name\":\"Portada\",\"item\":\"https:\\\/\\\/www.ceespv.org\\\/eu\\\/portada\\\/\"},{\"@type\":\"ListItem\",\"position\":2,\"name\":\"ZERBITZUAK\",\"item\":\"https:\\\/\\\/www.ceespv.org\\\/eu\\\/zerbitzuak\\\/\"},{\"@type\":\"ListItem\",\"position\":3,\"name\":\"ARAU-LIBURUTEGIA\"}]},{\"@type\":\"WebSite\",\"@id\":\"https:\\\/\\\/www.ceespv.org\\\/eu\\\/#website\",\"url\":\"https:\\\/\\\/www.ceespv.org\\\/eu\\\/\",\"name\":\"CEESPV-GHEE\",\"description\":\"Colegio de Educadoras y Educadores Sociales del Pa\u00eds Vasco\",\"publisher\":{\"@id\":\"https:\\\/\\\/www.ceespv.org\\\/eu\\\/#organization\"},\"potentialAction\":[{\"@type\":\"SearchAction\",\"target\":{\"@type\":\"EntryPoint\",\"urlTemplate\":\"https:\\\/\\\/www.ceespv.org\\\/eu\\\/?s={search_term_string}\"},\"query-input\":{\"@type\":\"PropertyValueSpecification\",\"valueRequired\":true,\"valueName\":\"search_term_string\"}}],\"inLanguage\":\"eu-ES\"},{\"@type\":\"Organization\",\"@id\":\"https:\\\/\\\/www.ceespv.org\\\/eu\\\/#organization\",\"name\":\"GHEE-CEESPV\",\"url\":\"https:\\\/\\\/www.ceespv.org\\\/eu\\\/\",\"logo\":{\"@type\":\"ImageObject\",\"inLanguage\":\"eu-ES\",\"@id\":\"https:\\\/\\\/www.ceespv.org\\\/eu\\\/#\\\/schema\\\/logo\\\/image\\\/\",\"url\":\"https:\\\/\\\/www.ceespv.org\\\/wp-content\\\/uploads\\\/2021\\\/04\\\/logo_ceespv-ghee.png\",\"contentUrl\":\"https:\\\/\\\/www.ceespv.org\\\/wp-content\\\/uploads\\\/2021\\\/04\\\/logo_ceespv-ghee.png\",\"width\":522,\"height\":160,\"caption\":\"GHEE-CEESPV\"},\"image\":{\"@id\":\"https:\\\/\\\/www.ceespv.org\\\/eu\\\/#\\\/schema\\\/logo\\\/image\\\/\"},\"sameAs\":[\"https:\\\/\\\/www.facebook.com\\\/CEESPV\",\"https:\\\/\\\/x.com\\\/CEESPV\",\"https:\\\/\\\/www.instagram.com\\\/ghee_ceespv\\\/\",\"https:\\\/\\\/www.youtube.com\\\/channel\\\/UCPdxK0kwNNyzQio_KmAygaA\"]}]}<\/script>\n<!-- \/ Yoast SEO plugin. -->","yoast_head_json":{"title":"ARAU-LIBURUTEGIA - CEESPV-GHEE","robots":{"index":"index","follow":"follow","max-snippet":"max-snippet:-1","max-image-preview":"max-image-preview:large","max-video-preview":"max-video-preview:-1"},"canonical":"https:\/\/www.ceespv.org\/eu\/zerbitzuak\/arau-liburutegia\/","og_locale":"eu_ES","og_type":"article","og_title":"ARAU-LIBURUTEGIA - CEESPV-GHEE","og_description":"[vc_row][vc_column][vc_column_text]Gizarte-hezkuntzan inplikatutako arauei buruzko informazio guztia.[\/vc_column_text][vc_accordion active_tab=&#8221;0&#8243; collapsible=&#8221;yes&#8221; title_size=&#8221;h4&#8243; style=&#8221;3&#8243;][vc_accordion_tab title=&#8221;EUSKAL AUTONOMIA ERKIDEGOKO GIZARTE-ZERBITZUAK ETA LURRALDE HISTORIKOA&#8221;][vc_row_inner css=&#8221;.vc_custom_1634922905144{margin-top: 15px !important;margin-right: 20px !important;margin-bottom: 10px !important;margin-left: 20px !important;padding-top: 10px !important;padding-right: 20px !important;padding-bottom:&hellip;","og_url":"https:\/\/www.ceespv.org\/eu\/zerbitzuak\/arau-liburutegia\/","og_site_name":"CEESPV-GHEE","article_publisher":"https:\/\/www.facebook.com\/CEESPV","article_modified_time":"2024-10-22T09:26:42+00:00","twitter_card":"summary_large_image","twitter_site":"@CEESPV","twitter_misc":{"Est. reading time":"73 minutes"},"schema":{"@context":"https:\/\/schema.org","@graph":[{"@type":"WebPage","@id":"https:\/\/www.ceespv.org\/eu\/zerbitzuak\/arau-liburutegia\/","url":"https:\/\/www.ceespv.org\/eu\/zerbitzuak\/arau-liburutegia\/","name":"ARAU-LIBURUTEGIA - CEESPV-GHEE","isPartOf":{"@id":"https:\/\/www.ceespv.org\/eu\/#website"},"datePublished":"2021-10-22T14:39:55+00:00","dateModified":"2024-10-22T09:26:42+00:00","breadcrumb":{"@id":"https:\/\/www.ceespv.org\/eu\/zerbitzuak\/arau-liburutegia\/#breadcrumb"},"inLanguage":"eu-ES","potentialAction":[{"@type":"ReadAction","target":["https:\/\/www.ceespv.org\/eu\/zerbitzuak\/arau-liburutegia\/"]}]},{"@type":"BreadcrumbList","@id":"https:\/\/www.ceespv.org\/eu\/zerbitzuak\/arau-liburutegia\/#breadcrumb","itemListElement":[{"@type":"ListItem","position":1,"name":"Portada","item":"https:\/\/www.ceespv.org\/eu\/portada\/"},{"@type":"ListItem","position":2,"name":"ZERBITZUAK","item":"https:\/\/www.ceespv.org\/eu\/zerbitzuak\/"},{"@type":"ListItem","position":3,"name":"ARAU-LIBURUTEGIA"}]},{"@type":"WebSite","@id":"https:\/\/www.ceespv.org\/eu\/#website","url":"https:\/\/www.ceespv.org\/eu\/","name":"CEESPV-GHEE","description":"Colegio de Educadoras y Educadores Sociales del Pa\u00eds Vasco","publisher":{"@id":"https:\/\/www.ceespv.org\/eu\/#organization"},"potentialAction":[{"@type":"SearchAction","target":{"@type":"EntryPoint","urlTemplate":"https:\/\/www.ceespv.org\/eu\/?s={search_term_string}"},"query-input":{"@type":"PropertyValueSpecification","valueRequired":true,"valueName":"search_term_string"}}],"inLanguage":"eu-ES"},{"@type":"Organization","@id":"https:\/\/www.ceespv.org\/eu\/#organization","name":"GHEE-CEESPV","url":"https:\/\/www.ceespv.org\/eu\/","logo":{"@type":"ImageObject","inLanguage":"eu-ES","@id":"https:\/\/www.ceespv.org\/eu\/#\/schema\/logo\/image\/","url":"https:\/\/www.ceespv.org\/wp-content\/uploads\/2021\/04\/logo_ceespv-ghee.png","contentUrl":"https:\/\/www.ceespv.org\/wp-content\/uploads\/2021\/04\/logo_ceespv-ghee.png","width":522,"height":160,"caption":"GHEE-CEESPV"},"image":{"@id":"https:\/\/www.ceespv.org\/eu\/#\/schema\/logo\/image\/"},"sameAs":["https:\/\/www.facebook.com\/CEESPV","https:\/\/x.com\/CEESPV","https:\/\/www.instagram.com\/ghee_ceespv\/","https:\/\/www.youtube.com\/channel\/UCPdxK0kwNNyzQio_KmAygaA"]}]}},"publishpress_future_workflow_manual_trigger":{"enabledWorkflows":[]},"post_mailing_queue_ids":[],"_links":{"self":[{"href":"https:\/\/www.ceespv.org\/eu\/wp-json\/wp\/v2\/pages\/58837","targetHints":{"allow":["GET"]}}],"collection":[{"href":"https:\/\/www.ceespv.org\/eu\/wp-json\/wp\/v2\/pages"}],"about":[{"href":"https:\/\/www.ceespv.org\/eu\/wp-json\/wp\/v2\/types\/page"}],"author":[{"embeddable":true,"href":"https:\/\/www.ceespv.org\/eu\/wp-json\/wp\/v2\/users\/1"}],"replies":[{"embeddable":true,"href":"https:\/\/www.ceespv.org\/eu\/wp-json\/wp\/v2\/comments?post=58837"}],"version-history":[{"count":5,"href":"https:\/\/www.ceespv.org\/eu\/wp-json\/wp\/v2\/pages\/58837\/revisions"}],"predecessor-version":[{"id":62175,"href":"https:\/\/www.ceespv.org\/eu\/wp-json\/wp\/v2\/pages\/58837\/revisions\/62175"}],"up":[{"embeddable":true,"href":"https:\/\/www.ceespv.org\/eu\/wp-json\/wp\/v2\/pages\/58816"}],"wp:attachment":[{"href":"https:\/\/www.ceespv.org\/eu\/wp-json\/wp\/v2\/media?parent=58837"}],"curies":[{"name":"wp","href":"https:\/\/api.w.org\/{rel}","templated":true}]}}