{"id":58694,"date":"2021-11-26T08:52:05","date_gmt":"2021-11-26T08:52:05","guid":{"rendered":"https:\/\/www.ceespv.org\/elkargoa\/comision-comunicacion\/"},"modified":"2022-02-21T12:34:18","modified_gmt":"2022-02-21T12:34:18","slug":"komunikazio-batzordea","status":"publish","type":"page","link":"https:\/\/www.ceespv.org\/eu\/elkargoa\/komunikazio-batzordea\/","title":{"rendered":"Komunikazio Batzordea"},"content":{"rendered":"<div class=\"wpb-content-wrapper\"><p>[vc_row anchor=&#8221;quienes&#8221;][vc_column]<div id=\"ultimate-heading-607069f1accf8b5c1\" class=\"uvc-heading ult-adjust-bottom-margin ultimate-heading-607069f1accf8b5c1 uvc-6161 accent-title-color accent-border-color\" data-hspacer=\"line_only\"  data-halign=\"left\" style=\"text-align:left\"><div class=\"uvc-main-heading ult-responsive\"  data-ultimate-target='.uvc-heading.ultimate-heading-607069f1accf8b5c1 h2'  data-responsive-json-new='{\"font-size\":\"desktop:34px;\",\"line-height\":\"desktop:34px;\"}' ><h2 style=\"--font-weight:theme;margin-bottom:20px;\">Komunikazio Batzordea<\/h2><\/div><div class=\"uvc-heading-spacer line_only\" style=\"margin-bottom:50px;height:4px;\"><span class=\"uvc-headings-line\" style=\"border-style:solid;border-bottom-width:4px;border-color:;width:150px;\"><\/span><\/div><\/div>[vc_column_text]<\/p>\n<h4>Zer da?<\/h4>\n<p>Elkargoko organo bat, elkargokideekiko barne-komunikazioa eta erakundearen beraren kanpo-komunikazioa kudeatzeko helburua duena, bere webgunearen eta sare sozialen bidez, bai eta komunikabideekiko harremanak koordinatzeko ere.<\/p>\n<h4>Zer zerbitzu eskaintzen ditu?<\/h4>\n<p>Artikuluak idaztea eta gainbegiratzea, elkargoaren informazioa zabaltzea webgunean, blogean, newsletter-ean, gizarte sareetan, argitalpenak sistematizatzea, komunikabideekin harremanetan jartzea, komunikazio-modu berriak aztertzea.<\/p>\n<h4>Zer ekarpen egiten dio gure lanbideari?<\/h4>\n<p>Gure lana eta egiten ditugun ekintzak ikusaraztea, gure lanbidea duintzea eta pertsona guztien eskubideak sustatzen dituzten zabalkundea indartzea, bai eta gizarte-hezitzaileentzako informazio praktikoko guneak gaitzea ere.<\/p>\n<h4>Kontaktu gisa?<\/h4>\n<p>comunicacion.ceespv@gmail.com<br \/>\nTEL.: 747 49 08 32<\/p>\n<p>Elkargokide guztiak animatzen ditugu Komunikazio Batzordearekin bat egitera, Gizarte Hezkuntza jakinaraztera.[\/vc_column_text][vc_separator css=&#8221;.vc_custom_1619696436891{margin-top: 20px !important;margin-bottom: 30px !important;}&#8221;][vc_column_text css=&#8221;.vc_custom_1645446773706{margin-bottom: 5px !important;}&#8221;]<\/p>\n<h4><strong>DOKUMENTUAK<\/strong><\/h4>\n<p>[\/vc_column_text][vc_separator css=&#8221;.vc_custom_1619696436891{margin-top: 20px !important;margin-bottom: 30px !important;}&#8221;][\/vc_column][\/vc_row][vc_row][vc_column]<div id=\"ultimate-heading-289269f1accf8b665\" class=\"uvc-heading ult-adjust-bottom-margin ultimate-heading-289269f1accf8b665 uvc-5834 accent-title-color accent-border-color\" data-hspacer=\"line_only\"  data-halign=\"left\" style=\"text-align:left\"><div class=\"uvc-main-heading ult-responsive\"  data-ultimate-target='.uvc-heading.ultimate-heading-289269f1accf8b665 h3'  data-responsive-json-new='{\"font-size\":\"desktop:24px;\",\"line-height\":\"desktop:34px;\"}' ><h3 style=\"--font-weight:theme;margin-bottom:20px;\">Komunikazio Batzordearekin lotutako artikuluak<\/h3><\/div><div class=\"uvc-heading-spacer line_only\" style=\"margin-bottom:50px;height:3px;\"><span class=\"uvc-headings-line\" style=\"border-style:solid;border-bottom-width:3px;border-color:;width:150px;\"><\/span><\/div><\/div><style type=\"text\/css\" data-type=\"the7_shortcodes-inline-css\">.blog-shortcode.blog-list-shortcode-id-0b9f005909935ebadc495f9fd494dc22.dividers-on.classic-layout-list article {\n  margin-top: 30px;\n  padding-top: 0;\n}\n.blog-shortcode.blog-list-shortcode-id-0b9f005909935ebadc495f9fd494dc22.dividers-on.classic-layout-list article:first-of-type {\n  margin-top: 0;\n  padding-top: 0;\n}\n.blog-shortcode.blog-list-shortcode-id-0b9f005909935ebadc495f9fd494dc22.classic-layout-list.mode-list .post-thumbnail-wrap {\n  width: 40%;\n}\n.blog-shortcode.blog-list-shortcode-id-0b9f005909935ebadc495f9fd494dc22.classic-layout-list.mode-list .post-entry-content {\n  width: calc(100% - 40%);\n}\n.blog-shortcode.blog-list-shortcode-id-0b9f005909935ebadc495f9fd494dc22.classic-layout-list.mode-list .no-img .post-entry-content {\n  width: 100%;\n}\n.blog-shortcode.blog-list-shortcode-id-0b9f005909935ebadc495f9fd494dc22 .paginator {\n  margin-top: 50px;\n}\n.blog-shortcode.blog-list-shortcode-id-0b9f005909935ebadc495f9fd494dc22 .filter-bg-decoration .filter-categories a.act {\n  color: #fff;\n}\n.blog-shortcode.blog-list-shortcode-id-0b9f005909935ebadc495f9fd494dc22:not(.mode-masonry) article {\n  margin-top: 30px;\n}\n.blog-shortcode.blog-list-shortcode-id-0b9f005909935ebadc495f9fd494dc22:not(.mode-masonry) article:first-of-type,\n.blog-shortcode.blog-list-shortcode-id-0b9f005909935ebadc495f9fd494dc22:not(.mode-masonry) article.visible.first:not(.product) {\n  margin-top: 0;\n}\n.blog-shortcode.blog-list-shortcode-id-0b9f005909935ebadc495f9fd494dc22.dividers-on:not(.mode-masonry) article {\n  margin-top: 0;\n  padding-top: 30px;\n}\n.blog-shortcode.blog-list-shortcode-id-0b9f005909935ebadc495f9fd494dc22.dividers-on:not(.mode-masonry) article:first-of-type,\n.blog-shortcode.blog-list-shortcode-id-0b9f005909935ebadc495f9fd494dc22.dividers-on:not(.mode-masonry) article.visible.first:not(.product) {\n  margin-top: 0;\n  padding-top: 0;\n}\n.blog-shortcode.blog-list-shortcode-id-0b9f005909935ebadc495f9fd494dc22 .post-thumbnail-wrap {\n  padding: 0px 0px 0px 0px;\n}\n.blog-shortcode.blog-list-shortcode-id-0b9f005909935ebadc495f9fd494dc22.enable-bg-rollover .post-thumbnail-rollover:after {\n  background: -webkit-linear-gradient();\n  background: linear-gradient();\n}\n.blog-shortcode.blog-list-shortcode-id-0b9f005909935ebadc495f9fd494dc22 .gallery-zoom-ico {\n  width: 44px;\n  height: 44px;\n  line-height: 44px;\n  border-radius: 100px;\n  margin: -22px 0 0 -22px;\n  border-width: 0px;\n  color: #ffffff;\n}\n.bottom-overlap-layout-list.blog-shortcode.blog-list-shortcode-id-0b9f005909935ebadc495f9fd494dc22 .gallery-zoom-ico {\n  margin-top: -22px;\n}\n.gradient-overlay-layout-list.blog-shortcode.blog-list-shortcode-id-0b9f005909935ebadc495f9fd494dc22 .gallery-zoom-ico,\n.content-rollover-layout-list.blog-shortcode.blog-list-shortcode-id-0b9f005909935ebadc495f9fd494dc22 .gallery-zoom-ico {\n  margin: 0 0 10px;\n}\n.content-align-center.gradient-overlay-layout-list.blog-shortcode.blog-list-shortcode-id-0b9f005909935ebadc495f9fd494dc22 .gallery-zoom-ico,\n.content-align-center.content-rollover-layout-list.blog-shortcode.blog-list-shortcode-id-0b9f005909935ebadc495f9fd494dc22 .gallery-zoom-ico {\n  margin: 0 auto 10px;\n}\n.dt-icon-bg-on.blog-shortcode.blog-list-shortcode-id-0b9f005909935ebadc495f9fd494dc22 .gallery-zoom-ico {\n  background: rgba(255,255,255,0.3);\n  box-shadow: none;\n}\n.blog-shortcode.blog-list-shortcode-id-0b9f005909935ebadc495f9fd494dc22 .gallery-zoom-ico > span,\n.blog-shortcode.blog-list-shortcode-id-0b9f005909935ebadc495f9fd494dc22 .gallery-zoom-ico:before {\n  font-size: 32px;\n  line-height: 44px;\n}\n.blog-shortcode.blog-list-shortcode-id-0b9f005909935ebadc495f9fd494dc22 .gallery-zoom-ico > span,\n.blog-shortcode.blog-list-shortcode-id-0b9f005909935ebadc495f9fd494dc22 .gallery-zoom-ico:before {\n  color: #ffffff;\n}\n.blog-shortcode.blog-list-shortcode-id-0b9f005909935ebadc495f9fd494dc22 .fancy-date a {\n  background: #ffffff;\n  box-shadow: none;\n}\n.blog-shortcode.blog-list-shortcode-id-0b9f005909935ebadc495f9fd494dc22 .fancy-date a * {\n  color: #2d2d2d;\n}\n.blog-shortcode.blog-list-shortcode-id-0b9f005909935ebadc495f9fd494dc22 .entry-title,\n.blog-shortcode.blog-list-shortcode-id-0b9f005909935ebadc495f9fd494dc22.owl-carousel .entry-title {\n  margin-bottom: 5px;\n  font-weight: bold;\n}\n.blog-shortcode.blog-list-shortcode-id-0b9f005909935ebadc495f9fd494dc22 .entry-meta {\n  margin-bottom: 15px;\n}\n.blog-shortcode.blog-list-shortcode-id-0b9f005909935ebadc495f9fd494dc22 .portfolio-categories {\n  margin-bottom: 15px;\n}\n.blog-shortcode.blog-list-shortcode-id-0b9f005909935ebadc495f9fd494dc22 .entry-excerpt {\n  margin-bottom: 5px;\n}\n.blog-shortcode.blog-list-shortcode-id-0b9f005909935ebadc495f9fd494dc22:not(.centered-layout-list) .post-entry-content {\n  padding: 0px 20px 20px 20px;\n}\n.blog-shortcode.blog-list-shortcode-id-0b9f005909935ebadc495f9fd494dc22:not(.centered-layout-list):not(.content-bg-on):not(.mode-list) .no-img .post-entry-content {\n  padding: 0;\n}\n@media screen and (max-width: 768px) {\n  .blog-shortcode.blog-list-shortcode-id-0b9f005909935ebadc495f9fd494dc22 article {\n    -ms-flex-flow: column nowrap;\n    flex-flow: column nowrap;\n    margin-top: 20px;\n  }\n  .blog-shortcode.blog-list-shortcode-id-0b9f005909935ebadc495f9fd494dc22.dividers-on article {\n    border: none;\n  }\n  .blog-shortcode.blog-list-shortcode-id-0b9f005909935ebadc495f9fd494dc22.content-bg-on.centered-layout-list article {\n    padding: 0;\n  }\n  .blog-shortcode.blog-list-shortcode-id-0b9f005909935ebadc495f9fd494dc22.blog-shortcode.dividers-on article,\n  .blog-shortcode.blog-list-shortcode-id-0b9f005909935ebadc495f9fd494dc22.dividers-on.classic-layout-list article {\n    margin-top: 20px;\n    padding: 0;\n  }\n  .blog-shortcode.blog-list-shortcode-id-0b9f005909935ebadc495f9fd494dc22.blog-shortcode.dividers-on article:first-of-type,\n  .blog-shortcode.blog-list-shortcode-id-0b9f005909935ebadc495f9fd494dc22.dividers-on.classic-layout-list article:first-of-type {\n    padding: 0;\n  }\n  #page .blog-shortcode.blog-list-shortcode-id-0b9f005909935ebadc495f9fd494dc22 .post-thumbnail-wrap,\n  #page .blog-shortcode.blog-list-shortcode-id-0b9f005909935ebadc495f9fd494dc22 .post-entry-content {\n    width: 100%;\n    margin: 0;\n    top: 0;\n  }\n  #page .blog-shortcode.blog-list-shortcode-id-0b9f005909935ebadc495f9fd494dc22 .post-thumbnail-wrap {\n    padding: 0;\n  }\n  #page .blog-shortcode.blog-list-shortcode-id-0b9f005909935ebadc495f9fd494dc22 .post-entry-content:after {\n    display: none;\n  }\n  #page .blog-shortcode.blog-list-shortcode-id-0b9f005909935ebadc495f9fd494dc22 .project-even .post-thumbnail-wrap,\n  #page .blog-shortcode.blog-list-shortcode-id-0b9f005909935ebadc495f9fd494dc22.centered-layout-list .post-thumbnail-wrap {\n    -ms-flex-order: 0;\n    order: 0;\n  }\n  #page .blog-shortcode.blog-list-shortcode-id-0b9f005909935ebadc495f9fd494dc22.centered-layout-list .post-entry-title-content {\n    -ms-flex-order: 1;\n    order: 1;\n    width: 100%;\n    padding: 20px 20px 0;\n  }\n  #page .blog-shortcode.blog-list-shortcode-id-0b9f005909935ebadc495f9fd494dc22.centered-layout-list .post-entry-content {\n    -ms-flex-order: 2;\n    order: 2;\n    padding-top: 0;\n  }\n  #page .blog-shortcode.blog-list-shortcode-id-0b9f005909935ebadc495f9fd494dc22 .fancy-categories {\n    top: 10px;\n    left: 10px;\n    bottom: auto;\n    right: auto;\n  }\n  #page .blog-shortcode.blog-list-shortcode-id-0b9f005909935ebadc495f9fd494dc22 .fancy-date a {\n    top: 10px;\n    right: 10px;\n    left: auto;\n    bottom: auto;\n  }\n  #page .blog-shortcode.blog-list-shortcode-id-0b9f005909935ebadc495f9fd494dc22 .post-entry-content {\n    padding: 20px;\n  }\n  #page .blog-shortcode.blog-list-shortcode-id-0b9f005909935ebadc495f9fd494dc22 .entry-title {\n    margin: 3px 0 5px;\n    font-size: 20px;\n    line-height: 26px;\n  }\n  #page .blog-shortcode.blog-list-shortcode-id-0b9f005909935ebadc495f9fd494dc22 .entry-meta {\n    margin: 5px 0 5px;\n  }\n  #page .blog-shortcode.blog-list-shortcode-id-0b9f005909935ebadc495f9fd494dc22 .entry-excerpt {\n    margin: 15px 0 0;\n  }\n  #page .blog-shortcode.blog-list-shortcode-id-0b9f005909935ebadc495f9fd494dc22 .post-details {\n    margin: 5px 0 10px;\n  }\n  #page .blog-shortcode.blog-list-shortcode-id-0b9f005909935ebadc495f9fd494dc22 .post-details.details-type-link {\n    margin-bottom: 2px;\n  }\n}<\/style><div class=\"articles-list blog-shortcode mode-list blog-list-shortcode-id-0b9f005909935ebadc495f9fd494dc22 classic-layout-list dividers-on scale-img dt-icon-bg-off vertical-fancy-style loading-effect-fade-in\" data-cur-page=\"1\" data-post-limit=\"-1\" data-pagination-mode=\"pages\"><article class=\"post project-odd visible post-59635 type-post status-publish format-standard has-post-thumbnail hentry category-cgcees-eu category-gizaberri-buletina category-gizarte-hezkuntza category-komunikazio-batzordea category-226 category-206 category-230 category-227 description-off\" data-name=\"Bilboko VIII. Kongresua jardunaldia\" data-date=\"2022-04-08T08:22:49+02:00\">\n\n<div class=\"post-thumbnail-wrap\">\n\t<div class=\"post-thumbnail\">\n\n\t\t\n\t\t\n\t\t<a href=\"https:\/\/www.ceespv.org\/eu\/bilboko-viii-kongresua-jardunaldia\/\" class=\"post-thumbnail-rollover layzr-bg layzr-bg\" ><img fetchpriority=\"high\" decoding=\"async\" class=\"lazy-load preload-me lazy-load aspect\" src=\"data:image\/svg+xml,%3Csvg%20xmlns%3D&#39;http%3A%2F%2Fwww.w3.org%2F2000%2Fsvg&#39;%20viewBox%3D&#39;0%200%20768%20512&#39;%2F%3E\" data-src=\"https:\/\/www.ceespv.org\/wp-content\/uploads\/2022\/04\/Presi4-scaled-768x512.jpg\" data-srcset=\"https:\/\/www.ceespv.org\/wp-content\/uploads\/2022\/04\/Presi4-scaled-768x512.jpg 768w, https:\/\/www.ceespv.org\/wp-content\/uploads\/2022\/04\/Presi4-scaled-1306x870.jpg 1306w\" loading=\"eager\" style=\"--ratio: 768 \/ 512\" sizes=\"(max-width: 768px) 100vw, 768px\" alt=\"\" title=\"Presi4\" width=\"768\" height=\"512\"  \/><\/a>\n\t<\/div>\n<\/div>\n\n\n<div class=\"post-entry-content\">\n\n\t<h3 class=\"entry-title\">\n\t\t<a href=\"https:\/\/www.ceespv.org\/eu\/bilboko-viii-kongresua-jardunaldia\/\" title=\"Bilboko VIII. Kongresua jardunaldia\" rel=\"bookmark\">Bilboko VIII. Kongresua jardunaldia<\/a>\n\t<\/h3>\n\n\t<div class=\"entry-meta\"><a href=\"https:\/\/www.ceespv.org\/eu\/2022\/04\/08\/\" title=\"08:22\" class=\"data-link\" rel=\"bookmark\"><time class=\"entry-date updated\" datetime=\"2022-04-08T08:22:49+02:00\">8 de Apirila de 2022<\/time><\/a><\/div>\n\t<div class=\"entry-excerpt\"><p>\u201cKongresua aukera paregabea da lanbiderako sortzen ari diren gaiei buruz hausnartzeko eta elkar topatzeko; guztion gunea da, gure lanbidea ikusarazten duena eta sinergiak sortzen dituena\u201d Ezin duzue galdu Aitor Alonso GHEEko presidenteari egindako elkarrizketa, dagoeneko Podcast formatuan.<\/p>\n<\/div>\n\t\n<\/div><\/article><article class=\"post project-odd visible post-58952 type-post status-publish format-standard has-post-thumbnail hentry category-gizaberri-buletina category-komunikazio-batzordea category-206 category-227 description-off\" data-name=\"Presentaci\u00f3n de la Comisi\u00f3n de Comunicaci\u00f3n del CEESPV-GHEE\" data-date=\"2021-01-29T09:15:00+01:00\">\n\n<div class=\"post-thumbnail-wrap\">\n\t<div class=\"post-thumbnail\">\n\n\t\t\n\t\t\n\t\t<a href=\"https:\/\/www.ceespv.org\/eu\/presentacion-comision-comunicacion\/\" class=\"post-thumbnail-rollover layzr-bg layzr-bg\" ><img decoding=\"async\" class=\"lazy-load preload-me lazy-load aspect\" src=\"data:image\/svg+xml,%3Csvg%20xmlns%3D&#39;http%3A%2F%2Fwww.w3.org%2F2000%2Fsvg&#39;%20viewBox%3D&#39;0%200%20768%20512&#39;%2F%3E\" data-src=\"https:\/\/www.ceespv.org\/wp-content\/uploads\/2021\/04\/c-comunica--768x512.jpg\" data-srcset=\"https:\/\/www.ceespv.org\/wp-content\/uploads\/2021\/04\/c-comunica--768x512.jpg 768w, https:\/\/www.ceespv.org\/wp-content\/uploads\/2021\/04\/c-comunica--1097x731.jpg 1097w\" loading=\"eager\" style=\"--ratio: 768 \/ 512\" sizes=\"(max-width: 768px) 100vw, 768px\" alt=\"\" title=\"Presentaci\u00f3n de la Comisi\u00f3n de Comunicaci\u00f3n del CEESPV-GHEE\" width=\"768\" height=\"512\"  \/><\/a>\n\t<\/div>\n<\/div>\n\n\n<div class=\"post-entry-content\">\n\n\t<h3 class=\"entry-title\">\n\t\t<a href=\"https:\/\/www.ceespv.org\/eu\/presentacion-comision-comunicacion\/\" title=\"Presentaci\u00f3n de la Comisi\u00f3n de Comunicaci\u00f3n del CEESPV-GHEE\" rel=\"bookmark\">Presentaci\u00f3n de la Comisi\u00f3n de Comunicaci\u00f3n del CEESPV-GHEE<\/a>\n\t<\/h3>\n\n\t<div class=\"entry-meta\"><a href=\"https:\/\/www.ceespv.org\/eu\/2021\/01\/29\/\" title=\"09:15\" class=\"data-link\" rel=\"bookmark\"><time class=\"entry-date updated\" datetime=\"2021-01-29T09:15:00+01:00\">29 de Urtarrila de 2021<\/time><\/a><\/div>\n\t<div class=\"entry-excerpt\"><p>Sirva este breve art\u00edculo para presentar la recientemente constituida Comisi\u00f3n de Comunicaci\u00f3n del CEESPV-GHEE. La creaci\u00f3n de este \u00f3rgano surge como respuesta a la necesidad detectada por parte del Colegio de mejorar y potenciar precisamente la gesti\u00f3n de la comunicaci\u00f3n del mismo. Una comunicaci\u00f3n tanto interna, hacia y con los y las colegiadas, como externa con referentes de otras comunidades, as\u00ed como con otros agentes educativos e instituciones.<\/p>\n<\/div>\n\t\n<\/div><\/article><\/div>[\/vc_column][\/vc_row]<\/p>\n<\/div>","protected":false},"excerpt":{"rendered":"<p>[vc_row anchor=&#8221;quienes&#8221;][vc_column][vc_column_text] Zer da? Elkargoko organo bat, elkargokideekiko barne-komunikazioa eta erakundearen beraren kanpo-komunikazioa kudeatzeko helburua duena, bere webgunearen eta sare sozialen bidez, bai eta komunikabideekiko harremanak koordinatzeko ere. Zer zerbitzu&hellip;<\/p>\n","protected":false},"author":1,"featured_media":0,"parent":58654,"menu_order":100,"comment_status":"closed","ping_status":"closed","template":"","meta":{"_monsterinsights_skip_tracking":false,"_monsterinsights_sitenote_active":false,"_monsterinsights_sitenote_note":"","_monsterinsights_sitenote_category":0,"footnotes":""},"class_list":["post-58694","page","type-page","status-publish","hentry","description-off"],"yoast_head":"<!-- This site is optimized with the Yoast SEO plugin v27.5 - https:\/\/yoast.com\/product\/yoast-seo-wordpress\/ -->\n<title>Komunikazio Batzordea - CEESPV-GHEE<\/title>\n<meta name=\"robots\" content=\"index, follow, max-snippet:-1, max-image-preview:large, max-video-preview:-1\" \/>\n<link rel=\"canonical\" href=\"https:\/\/www.ceespv.org\/eu\/elkargoa\/komunikazio-batzordea\/\" \/>\n<meta property=\"og:locale\" content=\"eu_ES\" \/>\n<meta property=\"og:type\" content=\"article\" \/>\n<meta property=\"og:title\" content=\"Komunikazio Batzordea - CEESPV-GHEE\" \/>\n<meta property=\"og:description\" content=\"[vc_row anchor=&#8221;quienes&#8221;][vc_column][vc_column_text] Zer da? Elkargoko organo bat, elkargokideekiko barne-komunikazioa eta erakundearen beraren kanpo-komunikazioa kudeatzeko helburua duena, bere webgunearen eta sare sozialen bidez, bai eta komunikabideekiko harremanak koordinatzeko ere. Zer zerbitzu&hellip;\" \/>\n<meta property=\"og:url\" content=\"https:\/\/www.ceespv.org\/eu\/elkargoa\/komunikazio-batzordea\/\" \/>\n<meta property=\"og:site_name\" content=\"CEESPV-GHEE\" \/>\n<meta property=\"article:publisher\" content=\"https:\/\/www.facebook.com\/CEESPV\" \/>\n<meta property=\"article:modified_time\" content=\"2022-02-21T12:34:18+00:00\" \/>\n<meta name=\"twitter:card\" content=\"summary_large_image\" \/>\n<meta name=\"twitter:site\" content=\"@CEESPV\" \/>\n<meta name=\"twitter:label1\" content=\"Est. reading time\" \/>\n\t<meta name=\"twitter:data1\" content=\"2 minutes\" \/>\n<script type=\"application\/ld+json\" class=\"yoast-schema-graph\">{\"@context\":\"https:\\\/\\\/schema.org\",\"@graph\":[{\"@type\":\"WebPage\",\"@id\":\"https:\\\/\\\/www.ceespv.org\\\/eu\\\/elkargoa\\\/komunikazio-batzordea\\\/\",\"url\":\"https:\\\/\\\/www.ceespv.org\\\/eu\\\/elkargoa\\\/komunikazio-batzordea\\\/\",\"name\":\"Komunikazio Batzordea - CEESPV-GHEE\",\"isPartOf\":{\"@id\":\"https:\\\/\\\/www.ceespv.org\\\/eu\\\/#website\"},\"datePublished\":\"2021-11-26T08:52:05+00:00\",\"dateModified\":\"2022-02-21T12:34:18+00:00\",\"breadcrumb\":{\"@id\":\"https:\\\/\\\/www.ceespv.org\\\/eu\\\/elkargoa\\\/komunikazio-batzordea\\\/#breadcrumb\"},\"inLanguage\":\"eu-ES\",\"potentialAction\":[{\"@type\":\"ReadAction\",\"target\":[\"https:\\\/\\\/www.ceespv.org\\\/eu\\\/elkargoa\\\/komunikazio-batzordea\\\/\"]}]},{\"@type\":\"BreadcrumbList\",\"@id\":\"https:\\\/\\\/www.ceespv.org\\\/eu\\\/elkargoa\\\/komunikazio-batzordea\\\/#breadcrumb\",\"itemListElement\":[{\"@type\":\"ListItem\",\"position\":1,\"name\":\"Portada\",\"item\":\"https:\\\/\\\/www.ceespv.org\\\/eu\\\/portada\\\/\"},{\"@type\":\"ListItem\",\"position\":2,\"name\":\"ELKARGOA\",\"item\":\"https:\\\/\\\/www.ceespv.org\\\/eu\\\/elkargoa\\\/\"},{\"@type\":\"ListItem\",\"position\":3,\"name\":\"Komunikazio Batzordea\"}]},{\"@type\":\"WebSite\",\"@id\":\"https:\\\/\\\/www.ceespv.org\\\/eu\\\/#website\",\"url\":\"https:\\\/\\\/www.ceespv.org\\\/eu\\\/\",\"name\":\"CEESPV-GHEE\",\"description\":\"Colegio de Educadoras y Educadores Sociales del Pa\u00eds Vasco\",\"publisher\":{\"@id\":\"https:\\\/\\\/www.ceespv.org\\\/eu\\\/#organization\"},\"potentialAction\":[{\"@type\":\"SearchAction\",\"target\":{\"@type\":\"EntryPoint\",\"urlTemplate\":\"https:\\\/\\\/www.ceespv.org\\\/eu\\\/?s={search_term_string}\"},\"query-input\":{\"@type\":\"PropertyValueSpecification\",\"valueRequired\":true,\"valueName\":\"search_term_string\"}}],\"inLanguage\":\"eu-ES\"},{\"@type\":\"Organization\",\"@id\":\"https:\\\/\\\/www.ceespv.org\\\/eu\\\/#organization\",\"name\":\"GHEE-CEESPV\",\"url\":\"https:\\\/\\\/www.ceespv.org\\\/eu\\\/\",\"logo\":{\"@type\":\"ImageObject\",\"inLanguage\":\"eu-ES\",\"@id\":\"https:\\\/\\\/www.ceespv.org\\\/eu\\\/#\\\/schema\\\/logo\\\/image\\\/\",\"url\":\"https:\\\/\\\/www.ceespv.org\\\/wp-content\\\/uploads\\\/2021\\\/04\\\/logo_ceespv-ghee.png\",\"contentUrl\":\"https:\\\/\\\/www.ceespv.org\\\/wp-content\\\/uploads\\\/2021\\\/04\\\/logo_ceespv-ghee.png\",\"width\":522,\"height\":160,\"caption\":\"GHEE-CEESPV\"},\"image\":{\"@id\":\"https:\\\/\\\/www.ceespv.org\\\/eu\\\/#\\\/schema\\\/logo\\\/image\\\/\"},\"sameAs\":[\"https:\\\/\\\/www.facebook.com\\\/CEESPV\",\"https:\\\/\\\/x.com\\\/CEESPV\",\"https:\\\/\\\/www.instagram.com\\\/ghee_ceespv\\\/\",\"https:\\\/\\\/www.youtube.com\\\/channel\\\/UCPdxK0kwNNyzQio_KmAygaA\"]}]}<\/script>\n<!-- \/ Yoast SEO plugin. -->","yoast_head_json":{"title":"Komunikazio Batzordea - CEESPV-GHEE","robots":{"index":"index","follow":"follow","max-snippet":"max-snippet:-1","max-image-preview":"max-image-preview:large","max-video-preview":"max-video-preview:-1"},"canonical":"https:\/\/www.ceespv.org\/eu\/elkargoa\/komunikazio-batzordea\/","og_locale":"eu_ES","og_type":"article","og_title":"Komunikazio Batzordea - CEESPV-GHEE","og_description":"[vc_row anchor=&#8221;quienes&#8221;][vc_column][vc_column_text] Zer da? Elkargoko organo bat, elkargokideekiko barne-komunikazioa eta erakundearen beraren kanpo-komunikazioa kudeatzeko helburua duena, bere webgunearen eta sare sozialen bidez, bai eta komunikabideekiko harremanak koordinatzeko ere. Zer zerbitzu&hellip;","og_url":"https:\/\/www.ceespv.org\/eu\/elkargoa\/komunikazio-batzordea\/","og_site_name":"CEESPV-GHEE","article_publisher":"https:\/\/www.facebook.com\/CEESPV","article_modified_time":"2022-02-21T12:34:18+00:00","twitter_card":"summary_large_image","twitter_site":"@CEESPV","twitter_misc":{"Est. reading time":"2 minutes"},"schema":{"@context":"https:\/\/schema.org","@graph":[{"@type":"WebPage","@id":"https:\/\/www.ceespv.org\/eu\/elkargoa\/komunikazio-batzordea\/","url":"https:\/\/www.ceespv.org\/eu\/elkargoa\/komunikazio-batzordea\/","name":"Komunikazio Batzordea - CEESPV-GHEE","isPartOf":{"@id":"https:\/\/www.ceespv.org\/eu\/#website"},"datePublished":"2021-11-26T08:52:05+00:00","dateModified":"2022-02-21T12:34:18+00:00","breadcrumb":{"@id":"https:\/\/www.ceespv.org\/eu\/elkargoa\/komunikazio-batzordea\/#breadcrumb"},"inLanguage":"eu-ES","potentialAction":[{"@type":"ReadAction","target":["https:\/\/www.ceespv.org\/eu\/elkargoa\/komunikazio-batzordea\/"]}]},{"@type":"BreadcrumbList","@id":"https:\/\/www.ceespv.org\/eu\/elkargoa\/komunikazio-batzordea\/#breadcrumb","itemListElement":[{"@type":"ListItem","position":1,"name":"Portada","item":"https:\/\/www.ceespv.org\/eu\/portada\/"},{"@type":"ListItem","position":2,"name":"ELKARGOA","item":"https:\/\/www.ceespv.org\/eu\/elkargoa\/"},{"@type":"ListItem","position":3,"name":"Komunikazio Batzordea"}]},{"@type":"WebSite","@id":"https:\/\/www.ceespv.org\/eu\/#website","url":"https:\/\/www.ceespv.org\/eu\/","name":"CEESPV-GHEE","description":"Colegio de Educadoras y Educadores Sociales del Pa\u00eds Vasco","publisher":{"@id":"https:\/\/www.ceespv.org\/eu\/#organization"},"potentialAction":[{"@type":"SearchAction","target":{"@type":"EntryPoint","urlTemplate":"https:\/\/www.ceespv.org\/eu\/?s={search_term_string}"},"query-input":{"@type":"PropertyValueSpecification","valueRequired":true,"valueName":"search_term_string"}}],"inLanguage":"eu-ES"},{"@type":"Organization","@id":"https:\/\/www.ceespv.org\/eu\/#organization","name":"GHEE-CEESPV","url":"https:\/\/www.ceespv.org\/eu\/","logo":{"@type":"ImageObject","inLanguage":"eu-ES","@id":"https:\/\/www.ceespv.org\/eu\/#\/schema\/logo\/image\/","url":"https:\/\/www.ceespv.org\/wp-content\/uploads\/2021\/04\/logo_ceespv-ghee.png","contentUrl":"https:\/\/www.ceespv.org\/wp-content\/uploads\/2021\/04\/logo_ceespv-ghee.png","width":522,"height":160,"caption":"GHEE-CEESPV"},"image":{"@id":"https:\/\/www.ceespv.org\/eu\/#\/schema\/logo\/image\/"},"sameAs":["https:\/\/www.facebook.com\/CEESPV","https:\/\/x.com\/CEESPV","https:\/\/www.instagram.com\/ghee_ceespv\/","https:\/\/www.youtube.com\/channel\/UCPdxK0kwNNyzQio_KmAygaA"]}]}},"publishpress_future_workflow_manual_trigger":{"enabledWorkflows":[]},"post_mailing_queue_ids":[],"_links":{"self":[{"href":"https:\/\/www.ceespv.org\/eu\/wp-json\/wp\/v2\/pages\/58694","targetHints":{"allow":["GET"]}}],"collection":[{"href":"https:\/\/www.ceespv.org\/eu\/wp-json\/wp\/v2\/pages"}],"about":[{"href":"https:\/\/www.ceespv.org\/eu\/wp-json\/wp\/v2\/types\/page"}],"author":[{"embeddable":true,"href":"https:\/\/www.ceespv.org\/eu\/wp-json\/wp\/v2\/users\/1"}],"replies":[{"embeddable":true,"href":"https:\/\/www.ceespv.org\/eu\/wp-json\/wp\/v2\/comments?post=58694"}],"version-history":[{"count":0,"href":"https:\/\/www.ceespv.org\/eu\/wp-json\/wp\/v2\/pages\/58694\/revisions"}],"up":[{"embeddable":true,"href":"https:\/\/www.ceespv.org\/eu\/wp-json\/wp\/v2\/pages\/58654"}],"wp:attachment":[{"href":"https:\/\/www.ceespv.org\/eu\/wp-json\/wp\/v2\/media?parent=58694"}],"curies":[{"name":"wp","href":"https:\/\/api.w.org\/{rel}","templated":true}]}}